{"id":3865,"date":"2025-02-23T13:13:35","date_gmt":"2025-02-23T13:13:35","guid":{"rendered":"https:\/\/portalf1.si\/?page_id=3865"},"modified":"2025-02-23T19:48:33","modified_gmt":"2025-02-23T19:48:33","slug":"novice","status":"publish","type":"page","link":"https:\/\/portalf1.si\/index.php\/novice\/","title":{"rendered":"NOVICE"},"content":{"rendered":"\n<div data-id=\"2948f762\" class=\"wp-block-blocksy-query\"><div class=\"ct-query-template-default is-layout-flow\"><article class=\"wp-block-post is-layout-flow post-12864 post type-post status-publish format-standard has-post-thumbnail hentry category-formula-1 category-novice category-vn-miamija tag-f1 tag-f1-2026 tag-f1-slovenija tag-formula-1 tag-formula-1-2026 tag-formula-1-slovenija tag-vn-miamija\">\n\n<div class=\"wp-block-columns is-layout-flex wp-container-core-columns-is-layout-28f84493 wp-block-columns-is-layout-flex\">\n<div class=\"wp-block-column is-layout-flow wp-block-column-is-layout-flow\" style=\"flex-basis:25%\"><a class=\"ct-dynamic-media wp-elements-d281221a6c098a814e13582bfca57b5c\" aria-label=\"(Pre)pozna odlo\u010ditev komisarjev preme\u0161ala vrstni red pred sprintersko dirko\" href=\"https:\/\/portalf1.si\/index.php\/2026\/05\/02\/prepozna-odlocitev-komisarjev-premesala-vrstni-red-pred-sprintersko-dirko\/\"><img loading=\"lazy\" decoding=\"async\" width=\"1200\" height=\"800\" src=\"https:\/\/portalf1.si\/wp-content\/uploads\/2026\/05\/lando-norris-mclaren-5.webp\" class=\"attachment-full size-full not-transparent\" alt=\"\" style=\"--dominant-color: #69747e;width:100%;height:100%;object-fit: cover;aspect-ratio: 1;\" srcset=\"https:\/\/portalf1.si\/wp-content\/uploads\/2026\/05\/lando-norris-mclaren-5.webp 1200w, https:\/\/portalf1.si\/wp-content\/uploads\/2026\/05\/lando-norris-mclaren-5-300x200.webp 300w, https:\/\/portalf1.si\/wp-content\/uploads\/2026\/05\/lando-norris-mclaren-5-1024x683.webp 1024w, https:\/\/portalf1.si\/wp-content\/uploads\/2026\/05\/lando-norris-mclaren-5-768x512.webp 768w, https:\/\/portalf1.si\/wp-content\/uploads\/2026\/05\/lando-norris-mclaren-5-18x12.webp 18w\" sizes=\"auto, (max-width: 1200px) 100vw, 1200px\" data-has-transparency=\"false\" data-dominant-color=\"69747e\" \/><\/a><\/div>\n\n\n\n<div class=\"wp-block-column is-vertically-aligned-center is-layout-flow wp-block-column-is-layout-flow\" style=\"flex-basis:75%\"><h2 style=\"margin-bottom:var(--wp--preset--spacing--30);\" class=\"ct-dynamic-data wp-elements-02674fe09297fac449a634342842ad06 has-medium-font-size\"><a href=\"https:\/\/portalf1.si\/index.php\/2026\/05\/02\/prepozna-odlocitev-komisarjev-premesala-vrstni-red-pred-sprintersko-dirko\/\">(Pre)pozna odlo\u010ditev komisarjev preme\u0161ala vrstni red pred sprintersko dirko<\/a><\/h2>\n\n<div class=\"ct-dynamic-data wp-elements-01bd6ab16c00aa6ee9fdf1a0f4eba7f7\"><a href=\"https:\/\/portalf1.si\/index.php\/2026\/05\/02\/prepozna-odlocitev-komisarjev-premesala-vrstni-red-pred-sprintersko-dirko\/\">2 maja, 2026<\/a><\/div>\n\n<div class=\"ct-dynamic-data wp-elements-8aaedc5e82ad30c1a7ac9ccdd0e93689\"><p>Alexander Albon bo na sprinterski dirki Formule 1 za VN Miamija \u0161tartal z 19. mesta. Dirka\u010d Williamsa se sploh ne\u2026<\/p>\n<\/div><\/div>\n<\/div>\n\n<\/article><article class=\"wp-block-post is-layout-flow post-12859 post type-post status-publish format-standard has-post-thumbnail hentry category-formula-1 category-lando-norris category-novice category-vn-miamija tag-f1 tag-f1-2026 tag-f1-slovenija tag-formula-1 tag-formula-1-2026 tag-formula-1-slovenija tag-lando-norris tag-vn-miamija\">\n\n<div class=\"wp-block-columns is-layout-flex wp-container-core-columns-is-layout-28f84493 wp-block-columns-is-layout-flex\">\n<div class=\"wp-block-column is-layout-flow wp-block-column-is-layout-flow\" style=\"flex-basis:25%\"><a class=\"ct-dynamic-media wp-elements-d281221a6c098a814e13582bfca57b5c\" aria-label=\"Norris po polu v Miamiju pozvan h komisarjem\" href=\"https:\/\/portalf1.si\/index.php\/2026\/05\/01\/norris-po-polu-v-miamiju-pozvan-h-komisarjem\/\"><img loading=\"lazy\" decoding=\"async\" width=\"1320\" height=\"742\" src=\"https:\/\/portalf1.si\/wp-content\/uploads\/2026\/05\/lando-norris-miami-gp-1320x742-1.webp\" class=\"attachment-full size-full not-transparent\" alt=\"\" style=\"--dominant-color: #676b8f;width:100%;height:100%;object-fit: cover;aspect-ratio: 1;\" srcset=\"https:\/\/portalf1.si\/wp-content\/uploads\/2026\/05\/lando-norris-miami-gp-1320x742-1.webp 1320w, https:\/\/portalf1.si\/wp-content\/uploads\/2026\/05\/lando-norris-miami-gp-1320x742-1-300x169.webp 300w, https:\/\/portalf1.si\/wp-content\/uploads\/2026\/05\/lando-norris-miami-gp-1320x742-1-1024x576.webp 1024w, https:\/\/portalf1.si\/wp-content\/uploads\/2026\/05\/lando-norris-miami-gp-1320x742-1-768x432.webp 768w, https:\/\/portalf1.si\/wp-content\/uploads\/2026\/05\/lando-norris-miami-gp-1320x742-1-18x10.webp 18w\" sizes=\"auto, (max-width: 1320px) 100vw, 1320px\" data-has-transparency=\"false\" data-dominant-color=\"676b8f\" \/><\/a><\/div>\n\n\n\n<div class=\"wp-block-column is-vertically-aligned-center is-layout-flow wp-block-column-is-layout-flow\" style=\"flex-basis:75%\"><h2 style=\"margin-bottom:var(--wp--preset--spacing--30);\" class=\"ct-dynamic-data wp-elements-02674fe09297fac449a634342842ad06 has-medium-font-size\"><a href=\"https:\/\/portalf1.si\/index.php\/2026\/05\/01\/norris-po-polu-v-miamiju-pozvan-h-komisarjem\/\">Norris po polu v Miamiju pozvan h komisarjem<\/a><\/h2>\n\n<div class=\"ct-dynamic-data wp-elements-01bd6ab16c00aa6ee9fdf1a0f4eba7f7\"><a href=\"https:\/\/portalf1.si\/index.php\/2026\/05\/01\/norris-po-polu-v-miamiju-pozvan-h-komisarjem\/\">1 maja, 2026<\/a><\/div>\n\n<div class=\"ct-dynamic-data wp-elements-8aaedc5e82ad30c1a7ac9ccdd0e93689\"><p>Lando Norris je bil pozvan pred komisarje zaradi domnevnega neupo\u0161tevanja navodil direktorja dirke Formule 1, potem ko si je na\u2026<\/p>\n<\/div><\/div>\n<\/div>\n\n<\/article><article class=\"wp-block-post is-layout-flow post-12851 post type-post status-publish format-standard has-post-thumbnail hentry category-formula-1 category-lando-norris category-mercedes category-novice category-vn-miamija tag-f1 tag-f1-2026 tag-f1-slovenija tag-formula-1 tag-formula-1-2026 tag-formula-1-slovenija tag-lando-norris tag-mercedes tag-vn-miamija\">\n\n<div class=\"wp-block-columns is-layout-flex wp-container-core-columns-is-layout-28f84493 wp-block-columns-is-layout-flex\">\n<div class=\"wp-block-column is-layout-flow wp-block-column-is-layout-flow\" style=\"flex-basis:25%\"><a class=\"ct-dynamic-media wp-elements-d281221a6c098a814e13582bfca57b5c\" aria-label=\"Kvalifikacije za VN Miamija &#8211; Norris do pola, Ferrari in McLaren dohitela in prehitela Mercedes\" href=\"https:\/\/portalf1.si\/index.php\/2026\/05\/01\/kvalifikacije-za-vn-miamija-norris-do-pola-ferrari-in-mclaren-dohitela-in-prehitela-mercedes\/\"><img loading=\"lazy\" decoding=\"async\" width=\"1900\" height=\"1200\" src=\"https:\/\/portalf1.si\/wp-content\/uploads\/2026\/05\/vie-magazine-formula1-miami-grand-prix-2024-hero-min.webp\" class=\"attachment-full size-full not-transparent\" alt=\"\" style=\"--dominant-color: #595c5d;width:100%;height:100%;object-fit: cover;aspect-ratio: 1;\" srcset=\"https:\/\/portalf1.si\/wp-content\/uploads\/2026\/05\/vie-magazine-formula1-miami-grand-prix-2024-hero-min.webp 1900w, https:\/\/portalf1.si\/wp-content\/uploads\/2026\/05\/vie-magazine-formula1-miami-grand-prix-2024-hero-min-300x189.webp 300w, https:\/\/portalf1.si\/wp-content\/uploads\/2026\/05\/vie-magazine-formula1-miami-grand-prix-2024-hero-min-1024x647.webp 1024w, https:\/\/portalf1.si\/wp-content\/uploads\/2026\/05\/vie-magazine-formula1-miami-grand-prix-2024-hero-min-768x485.webp 768w, https:\/\/portalf1.si\/wp-content\/uploads\/2026\/05\/vie-magazine-formula1-miami-grand-prix-2024-hero-min-1536x970.webp 1536w, https:\/\/portalf1.si\/wp-content\/uploads\/2026\/05\/vie-magazine-formula1-miami-grand-prix-2024-hero-min-18x12.webp 18w\" sizes=\"auto, (max-width: 1900px) 100vw, 1900px\" data-has-transparency=\"false\" data-dominant-color=\"595c5d\" \/><\/a><\/div>\n\n\n\n<div class=\"wp-block-column is-vertically-aligned-center is-layout-flow wp-block-column-is-layout-flow\" style=\"flex-basis:75%\"><h2 style=\"margin-bottom:var(--wp--preset--spacing--30);\" class=\"ct-dynamic-data wp-elements-02674fe09297fac449a634342842ad06 has-medium-font-size\"><a href=\"https:\/\/portalf1.si\/index.php\/2026\/05\/01\/kvalifikacije-za-vn-miamija-norris-do-pola-ferrari-in-mclaren-dohitela-in-prehitela-mercedes\/\">Kvalifikacije za VN Miamija &#8211; Norris do pola, Ferrari in McLaren dohitela in prehitela Mercedes<\/a><\/h2>\n\n<div class=\"ct-dynamic-data wp-elements-01bd6ab16c00aa6ee9fdf1a0f4eba7f7\"><a href=\"https:\/\/portalf1.si\/index.php\/2026\/05\/01\/kvalifikacije-za-vn-miamija-norris-do-pola-ferrari-in-mclaren-dohitela-in-prehitela-mercedes\/\">1 maja, 2026<\/a><\/div>\n\n<div class=\"ct-dynamic-data wp-elements-8aaedc5e82ad30c1a7ac9ccdd0e93689\"><p>Lando Norris je osvojil prvo mesto na sprinterskih kvalifikacijah Formule 1 za VN Miamija, potem ko je za dve desetinki\u2026<\/p>\n<\/div><\/div>\n<\/div>\n\n<\/article><article class=\"wp-block-post is-layout-flow post-12841 post type-post status-publish format-standard has-post-thumbnail hentry category-charles-leclerc category-ferrari category-formula-1 category-novice category-vn-miamija tag-charles-leclerc tag-f1 tag-f1-2026 tag-f1-slovenija tag-ferrari tag-formula-1 tag-formula-1-2026 tag-formula-1-slovenija tag-vn-miamija\">\n\n<div class=\"wp-block-columns is-layout-flex wp-container-core-columns-is-layout-28f84493 wp-block-columns-is-layout-flex\">\n<div class=\"wp-block-column is-layout-flow wp-block-column-is-layout-flow\" style=\"flex-basis:25%\"><a class=\"ct-dynamic-media wp-elements-d281221a6c098a814e13582bfca57b5c\" aria-label=\"Prosti trening na VN Miamija &#8211; Ferrari pokazal mi\u0161ice, vztajenje Red Bulla\" href=\"https:\/\/portalf1.si\/index.php\/2026\/05\/01\/prosti-trening-na-vn-miamija-ferrari-pokazal-misice-vztajenje-red-bulla\/\"><img loading=\"lazy\" decoding=\"async\" width=\"828\" height=\"552\" src=\"https:\/\/portalf1.si\/wp-content\/uploads\/2026\/05\/20260501-0435-69f4e3d1e3130.webp\" class=\"attachment-full size-full not-transparent\" alt=\"\" style=\"--dominant-color: #4e4d56;width:100%;height:100%;object-fit: cover;aspect-ratio: 1;\" srcset=\"https:\/\/portalf1.si\/wp-content\/uploads\/2026\/05\/20260501-0435-69f4e3d1e3130.webp 828w, https:\/\/portalf1.si\/wp-content\/uploads\/2026\/05\/20260501-0435-69f4e3d1e3130-300x200.webp 300w, https:\/\/portalf1.si\/wp-content\/uploads\/2026\/05\/20260501-0435-69f4e3d1e3130-768x512.webp 768w, https:\/\/portalf1.si\/wp-content\/uploads\/2026\/05\/20260501-0435-69f4e3d1e3130-18x12.webp 18w\" sizes=\"auto, (max-width: 828px) 100vw, 828px\" data-has-transparency=\"false\" data-dominant-color=\"4e4d56\" \/><\/a><\/div>\n\n\n\n<div class=\"wp-block-column is-vertically-aligned-center is-layout-flow wp-block-column-is-layout-flow\" style=\"flex-basis:75%\"><h2 style=\"margin-bottom:var(--wp--preset--spacing--30);\" class=\"ct-dynamic-data wp-elements-02674fe09297fac449a634342842ad06 has-medium-font-size\"><a href=\"https:\/\/portalf1.si\/index.php\/2026\/05\/01\/prosti-trening-na-vn-miamija-ferrari-pokazal-misice-vztajenje-red-bulla\/\">Prosti trening na VN Miamija &#8211; Ferrari pokazal mi\u0161ice, vztajenje Red Bulla<\/a><\/h2>\n\n<div class=\"ct-dynamic-data wp-elements-01bd6ab16c00aa6ee9fdf1a0f4eba7f7\"><a href=\"https:\/\/portalf1.si\/index.php\/2026\/05\/01\/prosti-trening-na-vn-miamija-ferrari-pokazal-misice-vztajenje-red-bulla\/\">1 maja, 2026<\/a><\/div>\n\n<div class=\"ct-dynamic-data wp-elements-8aaedc5e82ad30c1a7ac9ccdd0e93689\"><p>Charles Leclerc je bil najhitrej\u0161i tako na trdih kot na mehkih pnevmatikah na prvem prostem treningu Formule 1 za veliko\u2026<\/p>\n<\/div><\/div>\n<\/div>\n\n<\/article><article class=\"wp-block-post is-layout-flow post-12837 post type-post status-publish format-standard has-post-thumbnail hentry category-formula-1 category-lance-stroll category-novice tag-f1 tag-f1-2026 tag-f1-slovenija tag-formula-1 tag-formula-1-2026 tag-formula-1-slovenija tag-lance-stroll\">\n\n<div class=\"wp-block-columns is-layout-flex wp-container-core-columns-is-layout-28f84493 wp-block-columns-is-layout-flex\">\n<div class=\"wp-block-column is-layout-flow wp-block-column-is-layout-flow\" style=\"flex-basis:25%\"><a class=\"ct-dynamic-media wp-elements-d281221a6c098a814e13582bfca57b5c\" aria-label=\"Ostre kritike nad &#8220;\u017ealostnim stanjem&#8221; Formule 1: Uni\u010dili so dirkanje\" href=\"https:\/\/portalf1.si\/index.php\/2026\/05\/01\/stroll-ostro-na-zalostno-stanje-formule-1-unicili-so-dirkanje\/\"><img loading=\"lazy\" decoding=\"async\" width=\"1320\" height=\"742\" src=\"https:\/\/portalf1.si\/wp-content\/uploads\/2026\/03\/c.webp\" class=\"attachment-full size-full not-transparent\" alt=\"\" style=\"--dominant-color: #5a5c55;width:100%;height:100%;object-fit: cover;aspect-ratio: 1;\" srcset=\"https:\/\/portalf1.si\/wp-content\/uploads\/2026\/03\/c.webp 1320w, https:\/\/portalf1.si\/wp-content\/uploads\/2026\/03\/c-300x169.webp 300w, https:\/\/portalf1.si\/wp-content\/uploads\/2026\/03\/c-1024x576.webp 1024w, https:\/\/portalf1.si\/wp-content\/uploads\/2026\/03\/c-768x432.webp 768w, https:\/\/portalf1.si\/wp-content\/uploads\/2026\/03\/c-18x10.webp 18w\" sizes=\"auto, (max-width: 1320px) 100vw, 1320px\" data-has-transparency=\"false\" data-dominant-color=\"5a5c55\" \/><\/a><\/div>\n\n\n\n<div class=\"wp-block-column is-vertically-aligned-center is-layout-flow wp-block-column-is-layout-flow\" style=\"flex-basis:75%\"><h2 style=\"margin-bottom:var(--wp--preset--spacing--30);\" class=\"ct-dynamic-data wp-elements-02674fe09297fac449a634342842ad06 has-medium-font-size\"><a href=\"https:\/\/portalf1.si\/index.php\/2026\/05\/01\/stroll-ostro-na-zalostno-stanje-formule-1-unicili-so-dirkanje\/\">Ostre kritike nad &#8220;\u017ealostnim stanjem&#8221; Formule 1: Uni\u010dili so dirkanje<\/a><\/h2>\n\n<div class=\"ct-dynamic-data wp-elements-01bd6ab16c00aa6ee9fdf1a0f4eba7f7\"><a href=\"https:\/\/portalf1.si\/index.php\/2026\/05\/01\/stroll-ostro-na-zalostno-stanje-formule-1-unicili-so-dirkanje\/\">1 maja, 2026<\/a><\/div>\n\n<div class=\"ct-dynamic-data wp-elements-8aaedc5e82ad30c1a7ac9ccdd0e93689\"><p>Lance Stroll je spro\u017eil oster napad na pravila Formule 1 za leto 2026, kljub dogovorjenim popravkom, ki bodo predstavljeni ta\u2026<\/p>\n<\/div><\/div>\n<\/div>\n\n<\/article><article class=\"wp-block-post is-layout-flow post-12832 post type-post status-publish format-standard has-post-thumbnail hentry category-charles-leclerc category-ferrari category-formula-1 category-novice tag-charles-leclerc tag-f1 tag-f1-2026 tag-f1-slovenija tag-ferrari tag-formula-1 tag-formula-1-2026 tag-formula-1-slovenija\">\n\n<div class=\"wp-block-columns is-layout-flex wp-container-core-columns-is-layout-28f84493 wp-block-columns-is-layout-flex\">\n<div class=\"wp-block-column is-layout-flow wp-block-column-is-layout-flow\" style=\"flex-basis:25%\"><a class=\"ct-dynamic-media wp-elements-d281221a6c098a814e13582bfca57b5c\" aria-label=\"Leclerc se boji, da Ferrari kljub visokolete\u010dim nadgradnjam ne bo dohitel Mercedesa\" href=\"https:\/\/portalf1.si\/index.php\/2026\/05\/01\/leclerc-se-boji-da-ferrari-kljub-visokoletecim-nadgradnjam-ne-bo-dohitel-mercedesa\/\"><img loading=\"lazy\" decoding=\"async\" width=\"1092\" height=\"683\" src=\"https:\/\/portalf1.si\/wp-content\/uploads\/2026\/04\/XPB_1404331_HiRes.webp\" class=\"attachment-full size-full not-transparent\" alt=\"\" style=\"--dominant-color: #9b6062;width:100%;height:100%;object-fit: cover;aspect-ratio: 1;\" srcset=\"https:\/\/portalf1.si\/wp-content\/uploads\/2026\/04\/XPB_1404331_HiRes.webp 1092w, https:\/\/portalf1.si\/wp-content\/uploads\/2026\/04\/XPB_1404331_HiRes-300x188.webp 300w, https:\/\/portalf1.si\/wp-content\/uploads\/2026\/04\/XPB_1404331_HiRes-1024x640.webp 1024w, https:\/\/portalf1.si\/wp-content\/uploads\/2026\/04\/XPB_1404331_HiRes-768x480.webp 768w, https:\/\/portalf1.si\/wp-content\/uploads\/2026\/04\/XPB_1404331_HiRes-18x12.webp 18w\" sizes=\"auto, (max-width: 1092px) 100vw, 1092px\" data-has-transparency=\"false\" data-dominant-color=\"9b6062\" \/><\/a><\/div>\n\n\n\n<div class=\"wp-block-column is-vertically-aligned-center is-layout-flow wp-block-column-is-layout-flow\" style=\"flex-basis:75%\"><h2 style=\"margin-bottom:var(--wp--preset--spacing--30);\" class=\"ct-dynamic-data wp-elements-02674fe09297fac449a634342842ad06 has-medium-font-size\"><a href=\"https:\/\/portalf1.si\/index.php\/2026\/05\/01\/leclerc-se-boji-da-ferrari-kljub-visokoletecim-nadgradnjam-ne-bo-dohitel-mercedesa\/\">Leclerc se boji, da Ferrari kljub visokolete\u010dim nadgradnjam ne bo dohitel Mercedesa<\/a><\/h2>\n\n<div class=\"ct-dynamic-data wp-elements-01bd6ab16c00aa6ee9fdf1a0f4eba7f7\"><a href=\"https:\/\/portalf1.si\/index.php\/2026\/05\/01\/leclerc-se-boji-da-ferrari-kljub-visokoletecim-nadgradnjam-ne-bo-dohitel-mercedesa\/\">1 maja, 2026<\/a><\/div>\n\n<div class=\"ct-dynamic-data wp-elements-8aaedc5e82ad30c1a7ac9ccdd0e93689\"><p>Charles Leclerc je izrazil dvom o mo\u017enosti spremembe razmerij mo\u010di po dolgem premoru med sezono, kljub pri\u010dakovanemu valu nadgradenj pred\u2026<\/p>\n<\/div><\/div>\n<\/div>\n\n<\/article><article class=\"wp-block-post is-layout-flow post-12828 post type-post status-publish format-standard has-post-thumbnail hentry category-formula-1 category-max-verstappen category-mclaren category-novice category-red-bull tag-f1 tag-f1-2026 tag-f1-slovenija tag-formula-1 tag-formula-1-2026 tag-formula-1-slovenija tag-max-verstappen tag-mclaren tag-red-bull\">\n\n<div class=\"wp-block-columns is-layout-flex wp-container-core-columns-is-layout-28f84493 wp-block-columns-is-layout-flex\">\n<div class=\"wp-block-column is-layout-flow wp-block-column-is-layout-flow\" style=\"flex-basis:25%\"><a class=\"ct-dynamic-media wp-elements-d281221a6c098a814e13582bfca57b5c\" aria-label=\"McLaren vse bolj resna mo\u017enost za Verstappna\" href=\"https:\/\/portalf1.si\/index.php\/2026\/04\/30\/mclaren-vse-bolj-resna-moznost-za-verstappna\/\"><img loading=\"lazy\" decoding=\"async\" width=\"1600\" height=\"900\" src=\"https:\/\/portalf1.si\/wp-content\/uploads\/2026\/03\/max-verstappen-red-bull-japan-gp-2026-planetf1.webp\" class=\"attachment-full size-full not-transparent\" alt=\"\" style=\"--dominant-color: #aaaba9;width:100%;height:100%;object-fit: cover;aspect-ratio: 1;\" srcset=\"https:\/\/portalf1.si\/wp-content\/uploads\/2026\/03\/max-verstappen-red-bull-japan-gp-2026-planetf1.webp 1600w, https:\/\/portalf1.si\/wp-content\/uploads\/2026\/03\/max-verstappen-red-bull-japan-gp-2026-planetf1-300x169.webp 300w, https:\/\/portalf1.si\/wp-content\/uploads\/2026\/03\/max-verstappen-red-bull-japan-gp-2026-planetf1-1024x576.webp 1024w, https:\/\/portalf1.si\/wp-content\/uploads\/2026\/03\/max-verstappen-red-bull-japan-gp-2026-planetf1-768x432.webp 768w, https:\/\/portalf1.si\/wp-content\/uploads\/2026\/03\/max-verstappen-red-bull-japan-gp-2026-planetf1-1536x864.webp 1536w, https:\/\/portalf1.si\/wp-content\/uploads\/2026\/03\/max-verstappen-red-bull-japan-gp-2026-planetf1-18x10.webp 18w\" sizes=\"auto, (max-width: 1600px) 100vw, 1600px\" data-has-transparency=\"false\" data-dominant-color=\"aaaba9\" \/><\/a><\/div>\n\n\n\n<div class=\"wp-block-column is-vertically-aligned-center is-layout-flow wp-block-column-is-layout-flow\" style=\"flex-basis:75%\"><h2 style=\"margin-bottom:var(--wp--preset--spacing--30);\" class=\"ct-dynamic-data wp-elements-02674fe09297fac449a634342842ad06 has-medium-font-size\"><a href=\"https:\/\/portalf1.si\/index.php\/2026\/04\/30\/mclaren-vse-bolj-resna-moznost-za-verstappna\/\">McLaren vse bolj resna mo\u017enost za Verstappna<\/a><\/h2>\n\n<div class=\"ct-dynamic-data wp-elements-01bd6ab16c00aa6ee9fdf1a0f4eba7f7\"><a href=\"https:\/\/portalf1.si\/index.php\/2026\/04\/30\/mclaren-vse-bolj-resna-moznost-za-verstappna\/\">30 aprila, 2026<\/a><\/div>\n\n<div class=\"ct-dynamic-data wp-elements-8aaedc5e82ad30c1a7ac9ccdd0e93689\"><p>Nekdanji dirka\u010d Formule 1 Ralf Schumacher meni, da bi McLaren lahko postal resna mo\u017enost za Maxa Verstappna, \u010de se Nizozemec\u2026<\/p>\n<\/div><\/div>\n<\/div>\n\n<\/article><article class=\"wp-block-post is-layout-flow post-12818 post type-post status-publish format-standard has-post-thumbnail hentry category-ferrari category-formula-1 category-novice tag-f1 tag-f1-2026 tag-f1-slovenija tag-ferrari tag-formula-1 tag-formula-1-2026 tag-formula-1-slovenija\">\n\n<div class=\"wp-block-columns is-layout-flex wp-container-core-columns-is-layout-28f84493 wp-block-columns-is-layout-flex\">\n<div class=\"wp-block-column is-layout-flow wp-block-column-is-layout-flow\" style=\"flex-basis:25%\"><a class=\"ct-dynamic-media wp-elements-d281221a6c098a814e13582bfca57b5c\" aria-label=\"Pri Ferrariju so prepri\u010dani, da lahko z novimi posodobitvami napadejo Mercedes\" href=\"https:\/\/portalf1.si\/index.php\/2026\/04\/30\/pri-ferrariju-so-prepricani-da-lahko-z-novimi-posodobitvami-napadejo-mercedes\/\"><img loading=\"lazy\" decoding=\"async\" width=\"1600\" height=\"900\" src=\"https:\/\/portalf1.si\/wp-content\/uploads\/2026\/04\/Ferrari-SF-26-1.webp\" class=\"attachment-full size-full not-transparent\" alt=\"\" style=\"--dominant-color: #63584e;width:100%;height:100%;object-fit: cover;aspect-ratio: 1;\" srcset=\"https:\/\/portalf1.si\/wp-content\/uploads\/2026\/04\/Ferrari-SF-26-1.webp 1600w, https:\/\/portalf1.si\/wp-content\/uploads\/2026\/04\/Ferrari-SF-26-1-300x169.webp 300w, https:\/\/portalf1.si\/wp-content\/uploads\/2026\/04\/Ferrari-SF-26-1-1024x576.webp 1024w, https:\/\/portalf1.si\/wp-content\/uploads\/2026\/04\/Ferrari-SF-26-1-768x432.webp 768w, https:\/\/portalf1.si\/wp-content\/uploads\/2026\/04\/Ferrari-SF-26-1-1536x864.webp 1536w, https:\/\/portalf1.si\/wp-content\/uploads\/2026\/04\/Ferrari-SF-26-1-18x10.webp 18w\" sizes=\"auto, (max-width: 1600px) 100vw, 1600px\" data-has-transparency=\"false\" data-dominant-color=\"63584e\" \/><\/a><\/div>\n\n\n\n<div class=\"wp-block-column is-vertically-aligned-center is-layout-flow wp-block-column-is-layout-flow\" style=\"flex-basis:75%\"><h2 style=\"margin-bottom:var(--wp--preset--spacing--30);\" class=\"ct-dynamic-data wp-elements-02674fe09297fac449a634342842ad06 has-medium-font-size\"><a href=\"https:\/\/portalf1.si\/index.php\/2026\/04\/30\/pri-ferrariju-so-prepricani-da-lahko-z-novimi-posodobitvami-napadejo-mercedes\/\">Pri Ferrariju so prepri\u010dani, da lahko z novimi posodobitvami napadejo Mercedes<\/a><\/h2>\n\n<div class=\"ct-dynamic-data wp-elements-01bd6ab16c00aa6ee9fdf1a0f4eba7f7\"><a href=\"https:\/\/portalf1.si\/index.php\/2026\/04\/30\/pri-ferrariju-so-prepricani-da-lahko-z-novimi-posodobitvami-napadejo-mercedes\/\">30 aprila, 2026<\/a><\/div>\n\n<div class=\"ct-dynamic-data wp-elements-8aaedc5e82ad30c1a7ac9ccdd0e93689\"><p>V mo\u0161tvu Ferrari raste prepri\u010danje, da bi lahko prihajajo\u010di paket posodobitev za Veliko nagrado Miamija bistveno spremenil potek leto\u0161nje sezone\u2026<\/p>\n<\/div><\/div>\n<\/div>\n\n<\/article><article class=\"wp-block-post is-layout-flow post-12814 post type-post status-publish format-standard has-post-thumbnail hentry category-anketa category-formula-1 category-novice category-vn-miamija tag-f1 tag-f1-2026 tag-f1-slovenija tag-formula-1 tag-formula-1-2026 tag-formula-1-slovenija tag-vn-miamija\">\n\n<div class=\"wp-block-columns is-layout-flex wp-container-core-columns-is-layout-28f84493 wp-block-columns-is-layout-flex\">\n<div class=\"wp-block-column is-layout-flow wp-block-column-is-layout-flow\" style=\"flex-basis:25%\"><a class=\"ct-dynamic-media wp-elements-d281221a6c098a814e13582bfca57b5c\" aria-label=\"Anketa: Kdo bo po va\u0161em mnenju osvojil dirko za VN Miamija?\" href=\"https:\/\/portalf1.si\/index.php\/2026\/04\/30\/anketa-kdo-bo-po-vasem-mnenju-osvojil-dirko-za-vn-miamija-2\/\"><img loading=\"lazy\" decoding=\"async\" width=\"1920\" height=\"1282\" src=\"https:\/\/portalf1.si\/wp-content\/uploads\/2026\/04\/XPB_1404618_HiRes.webp\" class=\"attachment-full size-full not-transparent\" alt=\"\" style=\"--dominant-color: #79ada1;width:100%;height:100%;object-fit: cover;aspect-ratio: 1;\" srcset=\"https:\/\/portalf1.si\/wp-content\/uploads\/2026\/04\/XPB_1404618_HiRes.webp 1920w, https:\/\/portalf1.si\/wp-content\/uploads\/2026\/04\/XPB_1404618_HiRes-300x200.webp 300w, https:\/\/portalf1.si\/wp-content\/uploads\/2026\/04\/XPB_1404618_HiRes-1024x684.webp 1024w, https:\/\/portalf1.si\/wp-content\/uploads\/2026\/04\/XPB_1404618_HiRes-768x513.webp 768w, https:\/\/portalf1.si\/wp-content\/uploads\/2026\/04\/XPB_1404618_HiRes-1536x1026.webp 1536w, https:\/\/portalf1.si\/wp-content\/uploads\/2026\/04\/XPB_1404618_HiRes-18x12.webp 18w\" sizes=\"auto, (max-width: 1920px) 100vw, 1920px\" data-has-transparency=\"false\" data-dominant-color=\"79ada1\" \/><\/a><\/div>\n\n\n\n<div class=\"wp-block-column is-vertically-aligned-center is-layout-flow wp-block-column-is-layout-flow\" style=\"flex-basis:75%\"><h2 style=\"margin-bottom:var(--wp--preset--spacing--30);\" class=\"ct-dynamic-data wp-elements-02674fe09297fac449a634342842ad06 has-medium-font-size\"><a href=\"https:\/\/portalf1.si\/index.php\/2026\/04\/30\/anketa-kdo-bo-po-vasem-mnenju-osvojil-dirko-za-vn-miamija-2\/\">Anketa: Kdo bo po va\u0161em mnenju osvojil dirko za VN Miamija?<\/a><\/h2>\n\n<div class=\"ct-dynamic-data wp-elements-01bd6ab16c00aa6ee9fdf1a0f4eba7f7\"><a href=\"https:\/\/portalf1.si\/index.php\/2026\/04\/30\/anketa-kdo-bo-po-vasem-mnenju-osvojil-dirko-za-vn-miamija-2\/\">30 aprila, 2026<\/a><\/div>\n\n<div class=\"ct-dynamic-data wp-elements-8aaedc5e82ad30c1a7ac9ccdd0e93689\"><p>Formula 1 se po dalj\u0161em prisilnem premoru vra\u010da, pri \u010demer je pred nami \u010detrti dirka\u0161ki vikend leto\u0161nje sezone, ki se\u2026<\/p>\n<\/div><\/div>\n<\/div>\n\n<\/article><article class=\"wp-block-post is-layout-flow post-12808 post type-post status-publish format-standard has-post-thumbnail hentry category-aston-martin category-formula-1 category-honda category-novice tag-aston-martin tag-f1 tag-f1-2026 tag-f1-slovenija tag-formula-1 tag-formula-1-2026 tag-formula-1-slovenija tag-honda\">\n\n<div class=\"wp-block-columns is-layout-flex wp-container-core-columns-is-layout-28f84493 wp-block-columns-is-layout-flex\">\n<div class=\"wp-block-column is-layout-flow wp-block-column-is-layout-flow\" style=\"flex-basis:25%\"><a class=\"ct-dynamic-media wp-elements-d281221a6c098a814e13582bfca57b5c\" aria-label=\"Aston Martin pred VN Miamija prejel neizprosno sporo\u010dilo Honde\" href=\"https:\/\/portalf1.si\/index.php\/2026\/04\/30\/aston-martin-pred-vn-miamija-prejel-neizprosno-sporocilo-honde\/\"><img loading=\"lazy\" decoding=\"async\" width=\"1000\" height=\"666\" src=\"https:\/\/portalf1.si\/wp-content\/uploads\/2026\/04\/lance-stroll-aston-martin-raci.webp\" class=\"attachment-full size-full not-transparent\" alt=\"\" style=\"--dominant-color: #31443f;width:100%;height:100%;object-fit: cover;aspect-ratio: 1;\" srcset=\"https:\/\/portalf1.si\/wp-content\/uploads\/2026\/04\/lance-stroll-aston-martin-raci.webp 1000w, https:\/\/portalf1.si\/wp-content\/uploads\/2026\/04\/lance-stroll-aston-martin-raci-300x200.webp 300w, https:\/\/portalf1.si\/wp-content\/uploads\/2026\/04\/lance-stroll-aston-martin-raci-768x511.webp 768w, https:\/\/portalf1.si\/wp-content\/uploads\/2026\/04\/lance-stroll-aston-martin-raci-18x12.webp 18w\" sizes=\"auto, (max-width: 1000px) 100vw, 1000px\" data-has-transparency=\"false\" data-dominant-color=\"31443f\" \/><\/a><\/div>\n\n\n\n<div class=\"wp-block-column is-vertically-aligned-center is-layout-flow wp-block-column-is-layout-flow\" style=\"flex-basis:75%\"><h2 style=\"margin-bottom:var(--wp--preset--spacing--30);\" class=\"ct-dynamic-data wp-elements-02674fe09297fac449a634342842ad06 has-medium-font-size\"><a href=\"https:\/\/portalf1.si\/index.php\/2026\/04\/30\/aston-martin-pred-vn-miamija-prejel-neizprosno-sporocilo-honde\/\">Aston Martin pred VN Miamija prejel neizprosno sporo\u010dilo Honde<\/a><\/h2>\n\n<div class=\"ct-dynamic-data wp-elements-01bd6ab16c00aa6ee9fdf1a0f4eba7f7\"><a href=\"https:\/\/portalf1.si\/index.php\/2026\/04\/30\/aston-martin-pred-vn-miamija-prejel-neizprosno-sporocilo-honde\/\">30 aprila, 2026<\/a><\/div>\n\n<div class=\"ct-dynamic-data wp-elements-8aaedc5e82ad30c1a7ac9ccdd0e93689\"><p>\u0160ef Honde Shintaro Orihara je pred za\u010detkom dirka\u0161kega vikenda Formule 1 za VN Miamija podal umirjeno napoved glede pri\u010dakovanj za\u2026<\/p>\n<\/div><\/div>\n<\/div>\n\n<\/article><article class=\"wp-block-post is-layout-flow post-12804 post type-post status-publish format-standard has-post-thumbnail hentry category-fia category-formula-1 category-novice tag-f1 tag-f1-2026 tag-f1-slovenija tag-fia tag-formula-1 tag-formula-1-2026 tag-formula-1-slovenija\">\n\n<div class=\"wp-block-columns is-layout-flex wp-container-core-columns-is-layout-28f84493 wp-block-columns-is-layout-flex\">\n<div class=\"wp-block-column is-layout-flow wp-block-column-is-layout-flow\" style=\"flex-basis:25%\"><a class=\"ct-dynamic-media wp-elements-d281221a6c098a814e13582bfca57b5c\" aria-label=\"Poziv FIE: Formule 1 ne sme biti ujetnica prizadevanj za ugoditev avtomobilskemu sektorju\" href=\"https:\/\/portalf1.si\/index.php\/2026\/04\/30\/poziv-fie-formule-1-ne-sme-biti-ujetnica-prizadevanj-za-ugoditev-avtomobilskemu-sektorju\/\"><img loading=\"lazy\" decoding=\"async\" width=\"1920\" height=\"1080\" src=\"https:\/\/portalf1.si\/wp-content\/uploads\/2026\/04\/audi-f1-team.webp\" class=\"attachment-full size-full not-transparent\" alt=\"\" style=\"--dominant-color: #372e32;width:100%;height:100%;object-fit: cover;aspect-ratio: 1;\" srcset=\"https:\/\/portalf1.si\/wp-content\/uploads\/2026\/04\/audi-f1-team.webp 1920w, https:\/\/portalf1.si\/wp-content\/uploads\/2026\/04\/audi-f1-team-300x169.webp 300w, https:\/\/portalf1.si\/wp-content\/uploads\/2026\/04\/audi-f1-team-1024x576.webp 1024w, https:\/\/portalf1.si\/wp-content\/uploads\/2026\/04\/audi-f1-team-768x432.webp 768w, https:\/\/portalf1.si\/wp-content\/uploads\/2026\/04\/audi-f1-team-1536x864.webp 1536w, https:\/\/portalf1.si\/wp-content\/uploads\/2026\/04\/audi-f1-team-18x10.webp 18w\" sizes=\"auto, (max-width: 1920px) 100vw, 1920px\" data-has-transparency=\"false\" data-dominant-color=\"372e32\" \/><\/a><\/div>\n\n\n\n<div class=\"wp-block-column is-vertically-aligned-center is-layout-flow wp-block-column-is-layout-flow\" style=\"flex-basis:75%\"><h2 style=\"margin-bottom:var(--wp--preset--spacing--30);\" class=\"ct-dynamic-data wp-elements-02674fe09297fac449a634342842ad06 has-medium-font-size\"><a href=\"https:\/\/portalf1.si\/index.php\/2026\/04\/30\/poziv-fie-formule-1-ne-sme-biti-ujetnica-prizadevanj-za-ugoditev-avtomobilskemu-sektorju\/\">Poziv FIE: Formule 1 ne sme biti ujetnica prizadevanj za ugoditev avtomobilskemu sektorju<\/a><\/h2>\n\n<div class=\"ct-dynamic-data wp-elements-01bd6ab16c00aa6ee9fdf1a0f4eba7f7\"><a href=\"https:\/\/portalf1.si\/index.php\/2026\/04\/30\/poziv-fie-formule-1-ne-sme-biti-ujetnica-prizadevanj-za-ugoditev-avtomobilskemu-sektorju\/\">30 aprila, 2026<\/a><\/div>\n\n<div class=\"ct-dynamic-data wp-elements-8aaedc5e82ad30c1a7ac9ccdd0e93689\"><p>\u0160ef FIE za enosede\u017enike, Nikolas Tombazis, je izjavil, da prihodnost Formule 1 &#8220;ne sme biti ujetnica&#8221; prizadevanj za ugoditev avtomobilskemu\u2026<\/p>\n<\/div><\/div>\n<\/div>\n\n<\/article><article class=\"wp-block-post is-layout-flow post-12794 post type-post status-publish format-standard has-post-thumbnail hentry category-aston-martin category-fernando-alonso category-formula-1 category-novice tag-aston-martin tag-f1 tag-f1-2026 tag-f1-slovenija tag-fernando-alonso tag-formula-1 tag-formula-1-2026 tag-formula-1-slovenija\">\n\n<div class=\"wp-block-columns is-layout-flex wp-container-core-columns-is-layout-28f84493 wp-block-columns-is-layout-flex\">\n<div class=\"wp-block-column is-layout-flow wp-block-column-is-layout-flow\" style=\"flex-basis:25%\"><a class=\"ct-dynamic-media wp-elements-d281221a6c098a814e13582bfca57b5c\" aria-label=\"Alonso se \u0161e nima namena upokojiti: Te\u017eko sprejmem misel na upokojitev\" href=\"https:\/\/portalf1.si\/index.php\/2026\/04\/29\/alonso-se-se-nima-namena-upokojiti-tezko-sprejmem-misel-na-upokojitev\/\"><img loading=\"lazy\" decoding=\"async\" width=\"1000\" height=\"666\" src=\"https:\/\/portalf1.si\/wp-content\/uploads\/2026\/03\/fernando-alonso-aston-martin-r-1.webp\" class=\"attachment-full size-full not-transparent\" alt=\"\" style=\"--dominant-color: #93968e;width:100%;height:100%;object-fit: cover;aspect-ratio: 1;\" srcset=\"https:\/\/portalf1.si\/wp-content\/uploads\/2026\/03\/fernando-alonso-aston-martin-r-1.webp 1000w, https:\/\/portalf1.si\/wp-content\/uploads\/2026\/03\/fernando-alonso-aston-martin-r-1-300x200.webp 300w, https:\/\/portalf1.si\/wp-content\/uploads\/2026\/03\/fernando-alonso-aston-martin-r-1-768x511.webp 768w, https:\/\/portalf1.si\/wp-content\/uploads\/2026\/03\/fernando-alonso-aston-martin-r-1-18x12.webp 18w\" sizes=\"auto, (max-width: 1000px) 100vw, 1000px\" data-has-transparency=\"false\" data-dominant-color=\"93968e\" \/><\/a><\/div>\n\n\n\n<div class=\"wp-block-column is-vertically-aligned-center is-layout-flow wp-block-column-is-layout-flow\" style=\"flex-basis:75%\"><h2 style=\"margin-bottom:var(--wp--preset--spacing--30);\" class=\"ct-dynamic-data wp-elements-02674fe09297fac449a634342842ad06 has-medium-font-size\"><a href=\"https:\/\/portalf1.si\/index.php\/2026\/04\/29\/alonso-se-se-nima-namena-upokojiti-tezko-sprejmem-misel-na-upokojitev\/\">Alonso se \u0161e nima namena upokojiti: Te\u017eko sprejmem misel na upokojitev<\/a><\/h2>\n\n<div class=\"ct-dynamic-data wp-elements-01bd6ab16c00aa6ee9fdf1a0f4eba7f7\"><a href=\"https:\/\/portalf1.si\/index.php\/2026\/04\/29\/alonso-se-se-nima-namena-upokojiti-tezko-sprejmem-misel-na-upokojitev\/\">29 aprila, 2026<\/a><\/div>\n\n<div class=\"ct-dynamic-data wp-elements-8aaedc5e82ad30c1a7ac9ccdd0e93689\"><p>Fernando Alonso je prvi\u010d jasno izjavil, da si \u017eeli ostati v Formuli 1 tudi po koncu leto\u0161nje sezone, saj mu\u2026<\/p>\n<\/div><\/div>\n<\/div>\n\n<\/article><article class=\"wp-block-post is-layout-flow post-12792 post type-post status-publish format-standard has-post-thumbnail hentry category-formula-1 category-novice category-vn-miamija tag-f1 tag-f1-2026 tag-f1-slovenija tag-formula-1 tag-formula-1-2026 tag-formula-1-slovenija tag-vn-miamija\">\n\n<div class=\"wp-block-columns is-layout-flex wp-container-core-columns-is-layout-28f84493 wp-block-columns-is-layout-flex\">\n<div class=\"wp-block-column is-layout-flow wp-block-column-is-layout-flow\" style=\"flex-basis:25%\"><a class=\"ct-dynamic-media wp-elements-d281221a6c098a814e13582bfca57b5c\" aria-label=\"VN Miamija \u2013 razpored in opis dirkali\u0161\u010da\" href=\"https:\/\/portalf1.si\/index.php\/2026\/04\/28\/vn-miamija-razpored-in-opis-dirkalisca-2\/\"><img loading=\"lazy\" decoding=\"async\" width=\"2200\" height=\"1440\" src=\"https:\/\/portalf1.si\/wp-content\/uploads\/2025\/04\/Miami-sky-view-scaled-1.webp\" class=\"attachment-full size-full not-transparent\" alt=\"\" style=\"--dominant-color: #6d8d8a;width:100%;height:100%;object-fit: cover;aspect-ratio: 1;\" srcset=\"https:\/\/portalf1.si\/wp-content\/uploads\/2025\/04\/Miami-sky-view-scaled-1.webp 2200w, https:\/\/portalf1.si\/wp-content\/uploads\/2025\/04\/Miami-sky-view-scaled-1-300x196.webp 300w, https:\/\/portalf1.si\/wp-content\/uploads\/2025\/04\/Miami-sky-view-scaled-1-1024x670.webp 1024w, https:\/\/portalf1.si\/wp-content\/uploads\/2025\/04\/Miami-sky-view-scaled-1-768x503.webp 768w, https:\/\/portalf1.si\/wp-content\/uploads\/2025\/04\/Miami-sky-view-scaled-1-1536x1005.webp 1536w, https:\/\/portalf1.si\/wp-content\/uploads\/2025\/04\/Miami-sky-view-scaled-1-2048x1341.webp 2048w\" sizes=\"auto, (max-width: 2200px) 100vw, 2200px\" data-has-transparency=\"false\" data-dominant-color=\"6d8d8a\" \/><\/a><\/div>\n\n\n\n<div class=\"wp-block-column is-vertically-aligned-center is-layout-flow wp-block-column-is-layout-flow\" style=\"flex-basis:75%\"><h2 style=\"margin-bottom:var(--wp--preset--spacing--30);\" class=\"ct-dynamic-data wp-elements-02674fe09297fac449a634342842ad06 has-medium-font-size\"><a href=\"https:\/\/portalf1.si\/index.php\/2026\/04\/28\/vn-miamija-razpored-in-opis-dirkalisca-2\/\">VN Miamija \u2013 razpored in opis dirkali\u0161\u010da<\/a><\/h2>\n\n<div class=\"ct-dynamic-data wp-elements-01bd6ab16c00aa6ee9fdf1a0f4eba7f7\"><a href=\"https:\/\/portalf1.si\/index.php\/2026\/04\/28\/vn-miamija-razpored-in-opis-dirkalisca-2\/\">28 aprila, 2026<\/a><\/div>\n\n<div class=\"ct-dynamic-data wp-elements-8aaedc5e82ad30c1a7ac9ccdd0e93689\"><p>Formula 1 se po dalj\u0161em prisilnem premoru vra\u010da, pri \u010demer je pred nami \u010detrti dirka\u0161ki vikend leto\u0161nje sezone, ki se\u2026<\/p>\n<\/div><\/div>\n<\/div>\n\n<\/article><article class=\"wp-block-post is-layout-flow post-12789 post type-post status-publish format-standard has-post-thumbnail hentry category-formula-1 category-max-verstappen category-novice category-red-bull tag-f1 tag-f1-2026 tag-f1-slovenija tag-formula-1 tag-formula-1-2026 tag-formula-1-slovenija tag-max-verstappen tag-red-bull\">\n\n<div class=\"wp-block-columns is-layout-flex wp-container-core-columns-is-layout-28f84493 wp-block-columns-is-layout-flex\">\n<div class=\"wp-block-column is-layout-flow wp-block-column-is-layout-flow\" style=\"flex-basis:25%\"><a class=\"ct-dynamic-media wp-elements-d281221a6c098a814e13582bfca57b5c\" aria-label=\"Verstappen bo ob koncu leto\u0161nje sezone zapustil Red Bull\" href=\"https:\/\/portalf1.si\/index.php\/2026\/04\/28\/verstappen-bo-ob-koncu-letosnje-sezone-zapustil-red-bull\/\"><img loading=\"lazy\" decoding=\"async\" width=\"1000\" height=\"666\" src=\"https:\/\/portalf1.si\/wp-content\/uploads\/2026\/03\/max-verstappen-red-bull-racing.webp\" class=\"attachment-full size-full not-transparent\" alt=\"\" style=\"--dominant-color: #706466;width:100%;height:100%;object-fit: cover;aspect-ratio: 1;\" srcset=\"https:\/\/portalf1.si\/wp-content\/uploads\/2026\/03\/max-verstappen-red-bull-racing.webp 1000w, https:\/\/portalf1.si\/wp-content\/uploads\/2026\/03\/max-verstappen-red-bull-racing-300x200.webp 300w, https:\/\/portalf1.si\/wp-content\/uploads\/2026\/03\/max-verstappen-red-bull-racing-768x511.webp 768w, https:\/\/portalf1.si\/wp-content\/uploads\/2026\/03\/max-verstappen-red-bull-racing-18x12.webp 18w\" sizes=\"auto, (max-width: 1000px) 100vw, 1000px\" data-has-transparency=\"false\" data-dominant-color=\"706466\" \/><\/a><\/div>\n\n\n\n<div class=\"wp-block-column is-vertically-aligned-center is-layout-flow wp-block-column-is-layout-flow\" style=\"flex-basis:75%\"><h2 style=\"margin-bottom:var(--wp--preset--spacing--30);\" class=\"ct-dynamic-data wp-elements-02674fe09297fac449a634342842ad06 has-medium-font-size\"><a href=\"https:\/\/portalf1.si\/index.php\/2026\/04\/28\/verstappen-bo-ob-koncu-letosnje-sezone-zapustil-red-bull\/\">Verstappen bo ob koncu leto\u0161nje sezone zapustil Red Bull<\/a><\/h2>\n\n<div class=\"ct-dynamic-data wp-elements-01bd6ab16c00aa6ee9fdf1a0f4eba7f7\"><a href=\"https:\/\/portalf1.si\/index.php\/2026\/04\/28\/verstappen-bo-ob-koncu-letosnje-sezone-zapustil-red-bull\/\">28 aprila, 2026<\/a><\/div>\n\n<div class=\"ct-dynamic-data wp-elements-8aaedc5e82ad30c1a7ac9ccdd0e93689\"><p>Maxu Verstappnu se morda obeta \u0161okanten odhod iz Red Bulla. Nekdanji dirka\u010d Formule 1 Riccardo Patrese namre\u010d napoveduje, da bo\u2026<\/p>\n<\/div><\/div>\n<\/div>\n\n<\/article><article class=\"wp-block-post is-layout-flow post-12787 post type-post status-publish format-standard has-post-thumbnail hentry category-ferrari category-formula-1 category-novice tag-f1 tag-f1-2026 tag-f1-slovenija tag-ferrari tag-formula-1 tag-formula-1-2026 tag-formula-1-slovenija\">\n\n<div class=\"wp-block-columns is-layout-flex wp-container-core-columns-is-layout-28f84493 wp-block-columns-is-layout-flex\">\n<div class=\"wp-block-column is-layout-flow wp-block-column-is-layout-flow\" style=\"flex-basis:25%\"><a class=\"ct-dynamic-media wp-elements-d281221a6c098a814e13582bfca57b5c\" aria-label=\"Ferrari bi bil lahko na za\u010detku najve\u010dja \u017ertev spremenjenega pravilnika\" href=\"https:\/\/portalf1.si\/index.php\/2026\/04\/28\/ferrari-bi-bil-lahko-na-zacetku-najvecja-zrtev-spremenjenega-pravilnika\/\"><img loading=\"lazy\" decoding=\"async\" width=\"1080\" height=\"720\" src=\"https:\/\/portalf1.si\/wp-content\/uploads\/2026\/04\/ferrari-69c7704ea57c3.webp\" class=\"attachment-full size-full not-transparent\" alt=\"\" style=\"--dominant-color: #5e5a57;width:100%;height:100%;object-fit: cover;aspect-ratio: 1;\" srcset=\"https:\/\/portalf1.si\/wp-content\/uploads\/2026\/04\/ferrari-69c7704ea57c3.webp 1080w, https:\/\/portalf1.si\/wp-content\/uploads\/2026\/04\/ferrari-69c7704ea57c3-300x200.webp 300w, https:\/\/portalf1.si\/wp-content\/uploads\/2026\/04\/ferrari-69c7704ea57c3-1024x683.webp 1024w, https:\/\/portalf1.si\/wp-content\/uploads\/2026\/04\/ferrari-69c7704ea57c3-768x512.webp 768w, https:\/\/portalf1.si\/wp-content\/uploads\/2026\/04\/ferrari-69c7704ea57c3-18x12.webp 18w\" sizes=\"auto, (max-width: 1080px) 100vw, 1080px\" data-has-transparency=\"false\" data-dominant-color=\"5e5a57\" \/><\/a><\/div>\n\n\n\n<div class=\"wp-block-column is-vertically-aligned-center is-layout-flow wp-block-column-is-layout-flow\" style=\"flex-basis:75%\"><h2 style=\"margin-bottom:var(--wp--preset--spacing--30);\" class=\"ct-dynamic-data wp-elements-02674fe09297fac449a634342842ad06 has-medium-font-size\"><a href=\"https:\/\/portalf1.si\/index.php\/2026\/04\/28\/ferrari-bi-bil-lahko-na-zacetku-najvecja-zrtev-spremenjenega-pravilnika\/\">Ferrari bi bil lahko na za\u010detku najve\u010dja \u017ertev spremenjenega pravilnika<\/a><\/h2>\n\n<div class=\"ct-dynamic-data wp-elements-01bd6ab16c00aa6ee9fdf1a0f4eba7f7\"><a href=\"https:\/\/portalf1.si\/index.php\/2026\/04\/28\/ferrari-bi-bil-lahko-na-zacetku-najvecja-zrtev-spremenjenega-pravilnika\/\">28 aprila, 2026<\/a><\/div>\n\n<div class=\"ct-dynamic-data wp-elements-8aaedc5e82ad30c1a7ac9ccdd0e93689\"><p>Nekdanji dirka\u010d Formule 1 Juan Pablo Montoya meni, da bi Ferrari po zadnjih spremembah pravilnika za sezono 2026 lahko izgubil\u2026<\/p>\n<\/div><\/div>\n<\/div>\n\n<\/article><article class=\"wp-block-post is-layout-flow post-12784 post type-post status-publish format-standard has-post-thumbnail hentry category-formula-1 category-novice category-vn-miamija tag-f1 tag-f1-2026 tag-f1-slovenija tag-formula-1 tag-formula-1-2026 tag-formula-1-slovenija tag-vn-miamija\">\n\n<div class=\"wp-block-columns is-layout-flex wp-container-core-columns-is-layout-28f84493 wp-block-columns-is-layout-flex\">\n<div class=\"wp-block-column is-layout-flow wp-block-column-is-layout-flow\" style=\"flex-basis:25%\"><a class=\"ct-dynamic-media wp-elements-d281221a6c098a814e13582bfca57b5c\" aria-label=\"Preberite si, kak\u0161ne spremembe prina\u0161ajo nova pravila, ki za\u010dnejo veljati v Miamiju\" href=\"https:\/\/portalf1.si\/index.php\/2026\/04\/28\/preberite-si-kaksne-spremembe-prinasajo-nova-ki-zacnejo-veljati-v-miamiju\/\"><img loading=\"lazy\" decoding=\"async\" width=\"1320\" height=\"742\" src=\"https:\/\/portalf1.si\/wp-content\/uploads\/2026\/03\/japanese-gp-fp1-results-1320x742-1.webp\" class=\"attachment-full size-full not-transparent\" alt=\"\" style=\"--dominant-color: #5e6466;width:100%;height:100%;object-fit: cover;aspect-ratio: 1;\" srcset=\"https:\/\/portalf1.si\/wp-content\/uploads\/2026\/03\/japanese-gp-fp1-results-1320x742-1.webp 1320w, https:\/\/portalf1.si\/wp-content\/uploads\/2026\/03\/japanese-gp-fp1-results-1320x742-1-300x169.webp 300w, https:\/\/portalf1.si\/wp-content\/uploads\/2026\/03\/japanese-gp-fp1-results-1320x742-1-1024x576.webp 1024w, https:\/\/portalf1.si\/wp-content\/uploads\/2026\/03\/japanese-gp-fp1-results-1320x742-1-768x432.webp 768w, https:\/\/portalf1.si\/wp-content\/uploads\/2026\/03\/japanese-gp-fp1-results-1320x742-1-18x10.webp 18w\" sizes=\"auto, (max-width: 1320px) 100vw, 1320px\" data-has-transparency=\"false\" data-dominant-color=\"5e6466\" \/><\/a><\/div>\n\n\n\n<div class=\"wp-block-column is-vertically-aligned-center is-layout-flow wp-block-column-is-layout-flow\" style=\"flex-basis:75%\"><h2 style=\"margin-bottom:var(--wp--preset--spacing--30);\" class=\"ct-dynamic-data wp-elements-02674fe09297fac449a634342842ad06 has-medium-font-size\"><a href=\"https:\/\/portalf1.si\/index.php\/2026\/04\/28\/preberite-si-kaksne-spremembe-prinasajo-nova-ki-zacnejo-veljati-v-miamiju\/\">Preberite si, kak\u0161ne spremembe prina\u0161ajo nova pravila, ki za\u010dnejo veljati v Miamiju<\/a><\/h2>\n\n<div class=\"ct-dynamic-data wp-elements-01bd6ab16c00aa6ee9fdf1a0f4eba7f7\"><a href=\"https:\/\/portalf1.si\/index.php\/2026\/04\/28\/preberite-si-kaksne-spremembe-prinasajo-nova-ki-zacnejo-veljati-v-miamiju\/\">28 aprila, 2026<\/a><\/div>\n\n<div class=\"ct-dynamic-data wp-elements-8aaedc5e82ad30c1a7ac9ccdd0e93689\"><p>V Miamiju bodo uvedene spremembe pravilnika Formule 1, ki bodo mo\u010dno vplivale na zmogljivost dirkalnikov. Spremembe so namenjene izbolj\u0161avi podro\u010dij,\u2026<\/p>\n<\/div><\/div>\n<\/div>\n\n<\/article><article class=\"wp-block-post is-layout-flow post-12780 post type-post status-publish format-standard has-post-thumbnail hentry category-ferrari category-formula-1 category-lewis-hamilton category-novice tag-f1 tag-f1-2026 tag-f1-slovenija tag-ferrari tag-formula-1 tag-formula-1-2026 tag-formula-1-slovenija tag-lewis-hamilton\">\n\n<div class=\"wp-block-columns is-layout-flex wp-container-core-columns-is-layout-28f84493 wp-block-columns-is-layout-flex\">\n<div class=\"wp-block-column is-layout-flow wp-block-column-is-layout-flow\" style=\"flex-basis:25%\"><a class=\"ct-dynamic-media wp-elements-d281221a6c098a814e13582bfca57b5c\" aria-label=\"Nekdanji F1 dirka\u010d svetuje Hamilton: Vedeti mora\u0161, kdaj \u010devlje postaviti v kot\" href=\"https:\/\/portalf1.si\/index.php\/2026\/04\/28\/nekdanji-f1-dirkac-svetuje-hamilton-vedeti-moras-kdaj-cevlje-postaviti-v-kot\/\"><img loading=\"lazy\" decoding=\"async\" width=\"1092\" height=\"683\" src=\"https:\/\/portalf1.si\/wp-content\/uploads\/2026\/03\/Hamilton-China-Thurs.webp\" class=\"attachment-full size-full not-transparent\" alt=\"\" style=\"--dominant-color: #624b4b;width:100%;height:100%;object-fit: cover;aspect-ratio: 1;\" srcset=\"https:\/\/portalf1.si\/wp-content\/uploads\/2026\/03\/Hamilton-China-Thurs.webp 1092w, https:\/\/portalf1.si\/wp-content\/uploads\/2026\/03\/Hamilton-China-Thurs-300x188.webp 300w, https:\/\/portalf1.si\/wp-content\/uploads\/2026\/03\/Hamilton-China-Thurs-1024x640.webp 1024w, https:\/\/portalf1.si\/wp-content\/uploads\/2026\/03\/Hamilton-China-Thurs-768x480.webp 768w, https:\/\/portalf1.si\/wp-content\/uploads\/2026\/03\/Hamilton-China-Thurs-18x12.webp 18w\" sizes=\"auto, (max-width: 1092px) 100vw, 1092px\" data-has-transparency=\"false\" data-dominant-color=\"624b4b\" \/><\/a><\/div>\n\n\n\n<div class=\"wp-block-column is-vertically-aligned-center is-layout-flow wp-block-column-is-layout-flow\" style=\"flex-basis:75%\"><h2 style=\"margin-bottom:var(--wp--preset--spacing--30);\" class=\"ct-dynamic-data wp-elements-02674fe09297fac449a634342842ad06 has-medium-font-size\"><a href=\"https:\/\/portalf1.si\/index.php\/2026\/04\/28\/nekdanji-f1-dirkac-svetuje-hamilton-vedeti-moras-kdaj-cevlje-postaviti-v-kot\/\">Nekdanji F1 dirka\u010d svetuje Hamilton: Vedeti mora\u0161, kdaj \u010devlje postaviti v kot<\/a><\/h2>\n\n<div class=\"ct-dynamic-data wp-elements-01bd6ab16c00aa6ee9fdf1a0f4eba7f7\"><a href=\"https:\/\/portalf1.si\/index.php\/2026\/04\/28\/nekdanji-f1-dirkac-svetuje-hamilton-vedeti-moras-kdaj-cevlje-postaviti-v-kot\/\">28 aprila, 2026<\/a><\/div>\n\n<div class=\"ct-dynamic-data wp-elements-8aaedc5e82ad30c1a7ac9ccdd0e93689\"><p>Nekdanji dirka\u010d Formule 1 in komisar zveze FIA Johnny Herbert je pozval Lewisa Hamiltona, naj bo iskren do sebe, ko\u2026<\/p>\n<\/div><\/div>\n<\/div>\n\n<\/article><article class=\"wp-block-post is-layout-flow post-12775 post type-post status-publish format-standard has-post-thumbnail hentry category-formula-1 category-mercedes category-novice category-vn-miamija tag-f1 tag-f1-2026 tag-f1-slovenija tag-formula-1 tag-formula-1-2026 tag-formula-1-slovenija tag-mercedes tag-vn-miamija\">\n\n<div class=\"wp-block-columns is-layout-flex wp-container-core-columns-is-layout-28f84493 wp-block-columns-is-layout-flex\">\n<div class=\"wp-block-column is-layout-flow wp-block-column-is-layout-flow\" style=\"flex-basis:25%\"><a class=\"ct-dynamic-media wp-elements-d281221a6c098a814e13582bfca57b5c\" aria-label=\"Ali bodo nova pravila prekinila Mercedesovo dominanco v Miamiju?\" href=\"https:\/\/portalf1.si\/index.php\/2026\/04\/28\/ali-bodo-nova-pravila-prekinila-mercedesovo-dominanco-v-miamiju\/\"><img loading=\"lazy\" decoding=\"async\" width=\"1920\" height=\"1080\" src=\"https:\/\/portalf1.si\/wp-content\/uploads\/2026\/03\/george-russell-f1-japan-fp1_f.webp\" class=\"attachment-full size-full not-transparent\" alt=\"\" style=\"--dominant-color: #32353a;width:100%;height:100%;object-fit: cover;aspect-ratio: 1;\" srcset=\"https:\/\/portalf1.si\/wp-content\/uploads\/2026\/03\/george-russell-f1-japan-fp1_f.webp 1920w, https:\/\/portalf1.si\/wp-content\/uploads\/2026\/03\/george-russell-f1-japan-fp1_f-300x169.webp 300w, https:\/\/portalf1.si\/wp-content\/uploads\/2026\/03\/george-russell-f1-japan-fp1_f-1024x576.webp 1024w, https:\/\/portalf1.si\/wp-content\/uploads\/2026\/03\/george-russell-f1-japan-fp1_f-768x432.webp 768w, https:\/\/portalf1.si\/wp-content\/uploads\/2026\/03\/george-russell-f1-japan-fp1_f-1536x864.webp 1536w, https:\/\/portalf1.si\/wp-content\/uploads\/2026\/03\/george-russell-f1-japan-fp1_f-18x10.webp 18w\" sizes=\"auto, (max-width: 1920px) 100vw, 1920px\" data-has-transparency=\"false\" data-dominant-color=\"32353a\" \/><\/a><\/div>\n\n\n\n<div class=\"wp-block-column is-vertically-aligned-center is-layout-flow wp-block-column-is-layout-flow\" style=\"flex-basis:75%\"><h2 style=\"margin-bottom:var(--wp--preset--spacing--30);\" class=\"ct-dynamic-data wp-elements-02674fe09297fac449a634342842ad06 has-medium-font-size\"><a href=\"https:\/\/portalf1.si\/index.php\/2026\/04\/28\/ali-bodo-nova-pravila-prekinila-mercedesovo-dominanco-v-miamiju\/\">Ali bodo nova pravila prekinila Mercedesovo dominanco v Miamiju?<\/a><\/h2>\n\n<div class=\"ct-dynamic-data wp-elements-01bd6ab16c00aa6ee9fdf1a0f4eba7f7\"><a href=\"https:\/\/portalf1.si\/index.php\/2026\/04\/28\/ali-bodo-nova-pravila-prekinila-mercedesovo-dominanco-v-miamiju\/\">28 aprila, 2026<\/a><\/div>\n\n<div class=\"ct-dynamic-data wp-elements-8aaedc5e82ad30c1a7ac9ccdd0e93689\"><p>\u200bMercedes je glede na za\u010detek sezone Formule 1 \u0161e vedno videti kot merilo za konkurenco, toda ali bo ostal favorit\u2026<\/p>\n<\/div><\/div>\n<\/div>\n\n<\/article><article class=\"wp-block-post is-layout-flow post-12768 post type-post status-publish format-standard has-post-thumbnail hentry category-formula-1 category-novice category-sebastian-vettel category-zanimivosti tag-f1 tag-f1-2026 tag-f1-slovenija tag-formula-1 tag-formula-1-2026 tag-formula-1-slovenija tag-sebastian-vettel\">\n\n<div class=\"wp-block-columns is-layout-flex wp-container-core-columns-is-layout-28f84493 wp-block-columns-is-layout-flex\">\n<div class=\"wp-block-column is-layout-flow wp-block-column-is-layout-flow\" style=\"flex-basis:25%\"><a class=\"ct-dynamic-media wp-elements-d281221a6c098a814e13582bfca57b5c\" aria-label=\"Vettel pretekel Londonski maraton z impresivnim \u010dasom\" href=\"https:\/\/portalf1.si\/index.php\/2026\/04\/27\/vettel-pretekel-londonski-maraton-z-impresivnim-casom\/\"><img loading=\"lazy\" decoding=\"async\" width=\"1200\" height=\"800\" src=\"https:\/\/portalf1.si\/wp-content\/uploads\/2026\/04\/d7b69f2cd9d476c23d84f9cd793141417012b3d1.webp\" class=\"attachment-full size-full not-transparent\" alt=\"\" style=\"--dominant-color: #664e4f;width:100%;height:100%;object-fit: cover;aspect-ratio: 1;\" srcset=\"https:\/\/portalf1.si\/wp-content\/uploads\/2026\/04\/d7b69f2cd9d476c23d84f9cd793141417012b3d1.webp 1200w, https:\/\/portalf1.si\/wp-content\/uploads\/2026\/04\/d7b69f2cd9d476c23d84f9cd793141417012b3d1-300x200.webp 300w, https:\/\/portalf1.si\/wp-content\/uploads\/2026\/04\/d7b69f2cd9d476c23d84f9cd793141417012b3d1-1024x683.webp 1024w, https:\/\/portalf1.si\/wp-content\/uploads\/2026\/04\/d7b69f2cd9d476c23d84f9cd793141417012b3d1-768x512.webp 768w, https:\/\/portalf1.si\/wp-content\/uploads\/2026\/04\/d7b69f2cd9d476c23d84f9cd793141417012b3d1-18x12.webp 18w\" sizes=\"auto, (max-width: 1200px) 100vw, 1200px\" data-has-transparency=\"false\" data-dominant-color=\"664e4f\" \/><\/a><\/div>\n\n\n\n<div class=\"wp-block-column is-vertically-aligned-center is-layout-flow wp-block-column-is-layout-flow\" style=\"flex-basis:75%\"><h2 style=\"margin-bottom:var(--wp--preset--spacing--30);\" class=\"ct-dynamic-data wp-elements-02674fe09297fac449a634342842ad06 has-medium-font-size\"><a href=\"https:\/\/portalf1.si\/index.php\/2026\/04\/27\/vettel-pretekel-londonski-maraton-z-impresivnim-casom\/\">Vettel pretekel Londonski maraton z impresivnim \u010dasom<\/a><\/h2>\n\n<div class=\"ct-dynamic-data wp-elements-01bd6ab16c00aa6ee9fdf1a0f4eba7f7\"><a href=\"https:\/\/portalf1.si\/index.php\/2026\/04\/27\/vettel-pretekel-londonski-maraton-z-impresivnim-casom\/\">27 aprila, 2026<\/a><\/div>\n\n<div class=\"ct-dynamic-data wp-elements-8aaedc5e82ad30c1a7ac9ccdd0e93689\"><p>\u0160tirikratni svetovni prvak Formule 1 Sebastian Vettel ni le pretekel Londonskega maratona 2026, temve\u010d je to dosegel z impresivnim \u010dasom.\u2026<\/p>\n<\/div><\/div>\n<\/div>\n\n<\/article><article class=\"wp-block-post is-layout-flow post-12765 post type-post status-publish format-standard has-post-thumbnail hentry category-formula-1 category-novice category-vn-miamija tag-f1 tag-f1-2026 tag-f1-slovenija tag-formula-1 tag-formula-1-2026 tag-formula-1-slovenija tag-vn-miamija\">\n\n<div class=\"wp-block-columns is-layout-flex wp-container-core-columns-is-layout-28f84493 wp-block-columns-is-layout-flex\">\n<div class=\"wp-block-column is-layout-flow wp-block-column-is-layout-flow\" style=\"flex-basis:25%\"><a class=\"ct-dynamic-media wp-elements-d281221a6c098a814e13582bfca57b5c\" aria-label=\"Napovedane nevihte bi lahko VN Miamija obrnile na glavo\" href=\"https:\/\/portalf1.si\/index.php\/2026\/04\/27\/napovedane-nevihte-bi-lahko-vn-miamija-obrnile-na-glavo\/\"><img loading=\"lazy\" decoding=\"async\" width=\"1079\" height=\"720\" src=\"https:\/\/portalf1.si\/wp-content\/uploads\/2026\/04\/rain-miami-69ef5d93b506d.webp\" class=\"attachment-full size-full not-transparent\" alt=\"\" style=\"--dominant-color: #6f6b62;width:100%;height:100%;object-fit: cover;aspect-ratio: 1;\" srcset=\"https:\/\/portalf1.si\/wp-content\/uploads\/2026\/04\/rain-miami-69ef5d93b506d.webp 1079w, https:\/\/portalf1.si\/wp-content\/uploads\/2026\/04\/rain-miami-69ef5d93b506d-300x200.webp 300w, https:\/\/portalf1.si\/wp-content\/uploads\/2026\/04\/rain-miami-69ef5d93b506d-1024x683.webp 1024w, https:\/\/portalf1.si\/wp-content\/uploads\/2026\/04\/rain-miami-69ef5d93b506d-768x512.webp 768w, https:\/\/portalf1.si\/wp-content\/uploads\/2026\/04\/rain-miami-69ef5d93b506d-18x12.webp 18w\" sizes=\"auto, (max-width: 1079px) 100vw, 1079px\" data-has-transparency=\"false\" data-dominant-color=\"6f6b62\" \/><\/a><\/div>\n\n\n\n<div class=\"wp-block-column is-vertically-aligned-center is-layout-flow wp-block-column-is-layout-flow\" style=\"flex-basis:75%\"><h2 style=\"margin-bottom:var(--wp--preset--spacing--30);\" class=\"ct-dynamic-data wp-elements-02674fe09297fac449a634342842ad06 has-medium-font-size\"><a href=\"https:\/\/portalf1.si\/index.php\/2026\/04\/27\/napovedane-nevihte-bi-lahko-vn-miamija-obrnile-na-glavo\/\">Napovedane nevihte bi lahko VN Miamija obrnile na glavo<\/a><\/h2>\n\n<div class=\"ct-dynamic-data wp-elements-01bd6ab16c00aa6ee9fdf1a0f4eba7f7\"><a href=\"https:\/\/portalf1.si\/index.php\/2026\/04\/27\/napovedane-nevihte-bi-lahko-vn-miamija-obrnile-na-glavo\/\">27 aprila, 2026<\/a><\/div>\n\n<div class=\"ct-dynamic-data wp-elements-8aaedc5e82ad30c1a7ac9ccdd0e93689\"><p>Naslednja na koledarju Formule 1 je Velika nagrada Miamija, ki bo na sporedu ta konec tedna. Potem ko je lani\u2026<\/p>\n<\/div><\/div>\n<\/div>\n\n<\/article><article class=\"wp-block-post is-layout-flow post-12761 post type-post status-publish format-standard has-post-thumbnail hentry category-formula-1 category-jos-verstappen category-max-verstappen category-novice category-video tag-f1 tag-f1-2026 tag-f1-slovenija tag-formula-1 tag-formula-1-2026 tag-formula-1-slovenija tag-jos-verstappen tag-max-verstappen\">\n\n<div class=\"wp-block-columns is-layout-flex wp-container-core-columns-is-layout-28f84493 wp-block-columns-is-layout-flex\">\n<div class=\"wp-block-column is-layout-flow wp-block-column-is-layout-flow\" style=\"flex-basis:25%\"><a class=\"ct-dynamic-media wp-elements-d281221a6c098a814e13582bfca57b5c\" aria-label=\"Pretresljivi amaterski posnetki prikazujejo silovito nesre\u010do Josa Verstappna na reliju\" href=\"https:\/\/portalf1.si\/index.php\/2026\/04\/27\/pretresljivi-amaterski-posnetki-prikazujejo-silovito-nesreco-josa-verstappna-na-reliju\/\"><img loading=\"lazy\" decoding=\"async\" width=\"1200\" height=\"630\" src=\"https:\/\/portalf1.si\/wp-content\/uploads\/2026\/04\/rgSIGBgC.webp\" class=\"attachment-full size-full not-transparent\" alt=\"\" style=\"--dominant-color: #888e83;width:100%;height:100%;object-fit: cover;aspect-ratio: 1;\" srcset=\"https:\/\/portalf1.si\/wp-content\/uploads\/2026\/04\/rgSIGBgC.webp 1200w, https:\/\/portalf1.si\/wp-content\/uploads\/2026\/04\/rgSIGBgC-300x158.webp 300w, https:\/\/portalf1.si\/wp-content\/uploads\/2026\/04\/rgSIGBgC-1024x538.webp 1024w, https:\/\/portalf1.si\/wp-content\/uploads\/2026\/04\/rgSIGBgC-768x403.webp 768w, https:\/\/portalf1.si\/wp-content\/uploads\/2026\/04\/rgSIGBgC-18x9.webp 18w\" sizes=\"auto, (max-width: 1200px) 100vw, 1200px\" data-has-transparency=\"false\" data-dominant-color=\"888e83\" \/><\/a><\/div>\n\n\n\n<div class=\"wp-block-column is-vertically-aligned-center is-layout-flow wp-block-column-is-layout-flow\" style=\"flex-basis:75%\"><h2 style=\"margin-bottom:var(--wp--preset--spacing--30);\" class=\"ct-dynamic-data wp-elements-02674fe09297fac449a634342842ad06 has-medium-font-size\"><a href=\"https:\/\/portalf1.si\/index.php\/2026\/04\/27\/pretresljivi-amaterski-posnetki-prikazujejo-silovito-nesreco-josa-verstappna-na-reliju\/\">Pretresljivi amaterski posnetki prikazujejo silovito nesre\u010do Josa Verstappna na reliju<\/a><\/h2>\n\n<div class=\"ct-dynamic-data wp-elements-01bd6ab16c00aa6ee9fdf1a0f4eba7f7\"><a href=\"https:\/\/portalf1.si\/index.php\/2026\/04\/27\/pretresljivi-amaterski-posnetki-prikazujejo-silovito-nesreco-josa-verstappna-na-reliju\/\">27 aprila, 2026<\/a><\/div>\n\n<div class=\"ct-dynamic-data wp-elements-8aaedc5e82ad30c1a7ac9ccdd0e93689\"><p>Nekdanji dirka\u010d Formule 1 Jos Verstappen in njegov sovoznik Jasper Vermeulen sta v nedeljo do\u017eivela hudo nesre\u010do med relijem po\u2026<\/p>\n<\/div><\/div>\n<\/div>\n\n<\/article><article class=\"wp-block-post is-layout-flow post-12749 post type-post status-publish format-standard has-post-thumbnail hentry category-ferrari category-formula-1 category-novice tag-f1 tag-f1-2026 tag-f1-slovenija tag-ferrari tag-formula-1 tag-formula-1-2026 tag-formula-1-slovenija\">\n\n<div class=\"wp-block-columns is-layout-flex wp-container-core-columns-is-layout-28f84493 wp-block-columns-is-layout-flex\">\n<div class=\"wp-block-column is-layout-flow wp-block-column-is-layout-flow\" style=\"flex-basis:25%\"><a class=\"ct-dynamic-media wp-elements-d281221a6c098a814e13582bfca57b5c\" aria-label=\"Brez po\u010ditka: Kako je Ferrari prisiljen premor spremenil v tehni\u010dni vzpon ekipe\" href=\"https:\/\/portalf1.si\/index.php\/2026\/04\/27\/brez-pocitka-kako-je-ferrari-prisiljen-premor-spremenil-v-tehnicni-vzpon-ekipe\/\"><img loading=\"lazy\" decoding=\"async\" width=\"1600\" height=\"900\" src=\"https:\/\/portalf1.si\/wp-content\/uploads\/2026\/04\/Ferrari-SF-26-1.webp\" class=\"attachment-full size-full not-transparent\" alt=\"\" style=\"--dominant-color: #63584e;width:100%;height:100%;object-fit: cover;aspect-ratio: 1;\" srcset=\"https:\/\/portalf1.si\/wp-content\/uploads\/2026\/04\/Ferrari-SF-26-1.webp 1600w, https:\/\/portalf1.si\/wp-content\/uploads\/2026\/04\/Ferrari-SF-26-1-300x169.webp 300w, https:\/\/portalf1.si\/wp-content\/uploads\/2026\/04\/Ferrari-SF-26-1-1024x576.webp 1024w, https:\/\/portalf1.si\/wp-content\/uploads\/2026\/04\/Ferrari-SF-26-1-768x432.webp 768w, https:\/\/portalf1.si\/wp-content\/uploads\/2026\/04\/Ferrari-SF-26-1-1536x864.webp 1536w, https:\/\/portalf1.si\/wp-content\/uploads\/2026\/04\/Ferrari-SF-26-1-18x10.webp 18w\" sizes=\"auto, (max-width: 1600px) 100vw, 1600px\" data-has-transparency=\"false\" data-dominant-color=\"63584e\" \/><\/a><\/div>\n\n\n\n<div class=\"wp-block-column is-vertically-aligned-center is-layout-flow wp-block-column-is-layout-flow\" style=\"flex-basis:75%\"><h2 style=\"margin-bottom:var(--wp--preset--spacing--30);\" class=\"ct-dynamic-data wp-elements-02674fe09297fac449a634342842ad06 has-medium-font-size\"><a href=\"https:\/\/portalf1.si\/index.php\/2026\/04\/27\/brez-pocitka-kako-je-ferrari-prisiljen-premor-spremenil-v-tehnicni-vzpon-ekipe\/\">Brez po\u010ditka: Kako je Ferrari prisiljen premor spremenil v tehni\u010dni vzpon ekipe<\/a><\/h2>\n\n<div class=\"ct-dynamic-data wp-elements-01bd6ab16c00aa6ee9fdf1a0f4eba7f7\"><a href=\"https:\/\/portalf1.si\/index.php\/2026\/04\/27\/brez-pocitka-kako-je-ferrari-prisiljen-premor-spremenil-v-tehnicni-vzpon-ekipe\/\">27 aprila, 2026<\/a><\/div>\n\n<div class=\"ct-dynamic-data wp-elements-8aaedc5e82ad30c1a7ac9ccdd0e93689\"><p>Lo\u00efc Serra je v intervjuju pojasnil Ferrarijev na\u010din dela med aprilom, ko ni bilo uradnih dirk Formule 1. Kot ka\u017ee,\u2026<\/p>\n<\/div><\/div>\n<\/div>\n\n<\/article><article class=\"wp-block-post is-layout-flow post-12747 post type-post status-publish format-standard has-post-thumbnail hentry category-david-coulthard category-formula-1 category-max-verstappen category-novice category-red-bull tag-david-coulthard tag-f1 tag-f1-2026 tag-f1-slovenija tag-formula-1 tag-formula-1-2026 tag-formula-1-slovenija tag-max-verstappen tag-red-bull\">\n\n<div class=\"wp-block-columns is-layout-flex wp-container-core-columns-is-layout-28f84493 wp-block-columns-is-layout-flex\">\n<div class=\"wp-block-column is-layout-flow wp-block-column-is-layout-flow\" style=\"flex-basis:25%\"><a class=\"ct-dynamic-media wp-elements-d281221a6c098a814e13582bfca57b5c\" aria-label=\"Kje bo kariero nadaljeval Verstappen? Nekdanji F1 dirka\u010d podal zanimiv vpogled\" href=\"https:\/\/portalf1.si\/index.php\/2026\/04\/27\/kje-bo-kariero-nadaljeval-verstappen-nekdanji-f1-dirkac-podal-zanimiv-vpogled\/\"><img loading=\"lazy\" decoding=\"async\" width=\"1079\" height=\"720\" src=\"https:\/\/portalf1.si\/wp-content\/uploads\/2026\/03\/max-verstappen-gelijk-f1-is-kapot.webp\" class=\"attachment-full size-full not-transparent\" alt=\"\" style=\"--dominant-color: #81797c;width:100%;height:100%;object-fit: cover;aspect-ratio: 1;\" srcset=\"https:\/\/portalf1.si\/wp-content\/uploads\/2026\/03\/max-verstappen-gelijk-f1-is-kapot.webp 1079w, https:\/\/portalf1.si\/wp-content\/uploads\/2026\/03\/max-verstappen-gelijk-f1-is-kapot-300x200.webp 300w, https:\/\/portalf1.si\/wp-content\/uploads\/2026\/03\/max-verstappen-gelijk-f1-is-kapot-1024x683.webp 1024w, https:\/\/portalf1.si\/wp-content\/uploads\/2026\/03\/max-verstappen-gelijk-f1-is-kapot-768x512.webp 768w, https:\/\/portalf1.si\/wp-content\/uploads\/2026\/03\/max-verstappen-gelijk-f1-is-kapot-18x12.webp 18w\" sizes=\"auto, (max-width: 1079px) 100vw, 1079px\" data-has-transparency=\"false\" data-dominant-color=\"81797c\" \/><\/a><\/div>\n\n\n\n<div class=\"wp-block-column is-vertically-aligned-center is-layout-flow wp-block-column-is-layout-flow\" style=\"flex-basis:75%\"><h2 style=\"margin-bottom:var(--wp--preset--spacing--30);\" class=\"ct-dynamic-data wp-elements-02674fe09297fac449a634342842ad06 has-medium-font-size\"><a href=\"https:\/\/portalf1.si\/index.php\/2026\/04\/27\/kje-bo-kariero-nadaljeval-verstappen-nekdanji-f1-dirkac-podal-zanimiv-vpogled\/\">Kje bo kariero nadaljeval Verstappen? Nekdanji F1 dirka\u010d podal zanimiv vpogled<\/a><\/h2>\n\n<div class=\"ct-dynamic-data wp-elements-01bd6ab16c00aa6ee9fdf1a0f4eba7f7\"><a href=\"https:\/\/portalf1.si\/index.php\/2026\/04\/27\/kje-bo-kariero-nadaljeval-verstappen-nekdanji-f1-dirkac-podal-zanimiv-vpogled\/\">27 aprila, 2026<\/a><\/div>\n\n<div class=\"ct-dynamic-data wp-elements-8aaedc5e82ad30c1a7ac9ccdd0e93689\"><p>Medtem ko se sezona Formule 1 za\u010denja stopnjevati, se mnogi spra\u0161ujejo, ali bo to zadnje leto Maxa Verstappna v karavani.\u2026<\/p>\n<\/div><\/div>\n<\/div>\n\n<\/article><article class=\"wp-block-post is-layout-flow post-12745 post type-post status-publish format-standard has-post-thumbnail hentry category-ford category-formula-1 category-max-verstappen category-novice category-red-bull tag-f1 tag-f1-2026 tag-f1-slovenija tag-ford tag-formula-1 tag-formula-1-2026 tag-formula-1-slovenija tag-red-bull\">\n\n<div class=\"wp-block-columns is-layout-flex wp-container-core-columns-is-layout-28f84493 wp-block-columns-is-layout-flex\">\n<div class=\"wp-block-column is-layout-flow wp-block-column-is-layout-flow\" style=\"flex-basis:25%\"><a class=\"ct-dynamic-media wp-elements-d281221a6c098a814e13582bfca57b5c\" aria-label=\"Red Bull ho\u010de naslednje leto druga\u010dne motorje\" href=\"https:\/\/portalf1.si\/index.php\/2026\/04\/27\/red-bull-hoce-naslednje-leto-drugacne-motorje\/\"><img loading=\"lazy\" decoding=\"async\" width=\"1600\" height=\"900\" src=\"https:\/\/portalf1.si\/wp-content\/uploads\/2026\/02\/Red-Bull-RB22-powerunit-install.webp\" class=\"attachment-full size-full not-transparent\" alt=\"\" style=\"--dominant-color: #766b72;width:100%;height:100%;object-fit: cover;aspect-ratio: 1;\" srcset=\"https:\/\/portalf1.si\/wp-content\/uploads\/2026\/02\/Red-Bull-RB22-powerunit-install.webp 1600w, https:\/\/portalf1.si\/wp-content\/uploads\/2026\/02\/Red-Bull-RB22-powerunit-install-300x169.webp 300w, https:\/\/portalf1.si\/wp-content\/uploads\/2026\/02\/Red-Bull-RB22-powerunit-install-1024x576.webp 1024w, https:\/\/portalf1.si\/wp-content\/uploads\/2026\/02\/Red-Bull-RB22-powerunit-install-768x432.webp 768w, https:\/\/portalf1.si\/wp-content\/uploads\/2026\/02\/Red-Bull-RB22-powerunit-install-1536x864.webp 1536w, https:\/\/portalf1.si\/wp-content\/uploads\/2026\/02\/Red-Bull-RB22-powerunit-install-18x10.webp 18w\" sizes=\"auto, (max-width: 1600px) 100vw, 1600px\" data-has-transparency=\"false\" data-dominant-color=\"766b72\" \/><\/a><\/div>\n\n\n\n<div class=\"wp-block-column is-vertically-aligned-center is-layout-flow wp-block-column-is-layout-flow\" style=\"flex-basis:75%\"><h2 style=\"margin-bottom:var(--wp--preset--spacing--30);\" class=\"ct-dynamic-data wp-elements-02674fe09297fac449a634342842ad06 has-medium-font-size\"><a href=\"https:\/\/portalf1.si\/index.php\/2026\/04\/27\/red-bull-hoce-naslednje-leto-drugacne-motorje\/\">Red Bull ho\u010de naslednje leto druga\u010dne motorje<\/a><\/h2>\n\n<div class=\"ct-dynamic-data wp-elements-01bd6ab16c00aa6ee9fdf1a0f4eba7f7\"><a href=\"https:\/\/portalf1.si\/index.php\/2026\/04\/27\/red-bull-hoce-naslednje-leto-drugacne-motorje\/\">27 aprila, 2026<\/a><\/div>\n\n<div class=\"ct-dynamic-data wp-elements-8aaedc5e82ad30c1a7ac9ccdd0e93689\"><p>Red Bull Racing si \u017eeli, da bi se strojna oprema pogonskih enot spremenila do leta 2027. S tem se avstrijska\u2026<\/p>\n<\/div><\/div>\n<\/div>\n\n<\/article><article class=\"wp-block-post is-layout-flow post-12736 post type-post status-publish format-standard has-post-thumbnail hentry category-clanki category-formula-1 category-novice category-zanimivosti tag-f1 tag-f1-2026 tag-f1-slovenija tag-formula-1 tag-formula-1-2026 tag-formula-1-slovenija\">\n\n<div class=\"wp-block-columns is-layout-flex wp-container-core-columns-is-layout-28f84493 wp-block-columns-is-layout-flex\">\n<div class=\"wp-block-column is-layout-flow wp-block-column-is-layout-flow\" style=\"flex-basis:25%\"><a class=\"ct-dynamic-media wp-elements-d281221a6c098a814e13582bfca57b5c\" aria-label=\"Ali so \u010delade v Formuli 1 resni\u010dno neprebojne?\" href=\"https:\/\/portalf1.si\/index.php\/2026\/04\/27\/ali-so-celade-v-formuli-1-resnicno-neprebojne\/\"><img loading=\"lazy\" decoding=\"async\" width=\"1200\" height=\"800\" src=\"https:\/\/portalf1.si\/wp-content\/uploads\/2026\/04\/schuberth-helmet-factory-1.webp\" class=\"attachment-full size-full not-transparent\" alt=\"\" style=\"--dominant-color: #454b4e;width:100%;height:100%;object-fit: cover;aspect-ratio: 1;\" srcset=\"https:\/\/portalf1.si\/wp-content\/uploads\/2026\/04\/schuberth-helmet-factory-1.webp 1200w, https:\/\/portalf1.si\/wp-content\/uploads\/2026\/04\/schuberth-helmet-factory-1-300x200.webp 300w, https:\/\/portalf1.si\/wp-content\/uploads\/2026\/04\/schuberth-helmet-factory-1-1024x683.webp 1024w, https:\/\/portalf1.si\/wp-content\/uploads\/2026\/04\/schuberth-helmet-factory-1-768x512.webp 768w, https:\/\/portalf1.si\/wp-content\/uploads\/2026\/04\/schuberth-helmet-factory-1-18x12.webp 18w\" sizes=\"auto, (max-width: 1200px) 100vw, 1200px\" data-has-transparency=\"false\" data-dominant-color=\"454b4e\" \/><\/a><\/div>\n\n\n\n<div class=\"wp-block-column is-vertically-aligned-center is-layout-flow wp-block-column-is-layout-flow\" style=\"flex-basis:75%\"><h2 style=\"margin-bottom:var(--wp--preset--spacing--30);\" class=\"ct-dynamic-data wp-elements-02674fe09297fac449a634342842ad06 has-medium-font-size\"><a href=\"https:\/\/portalf1.si\/index.php\/2026\/04\/27\/ali-so-celade-v-formuli-1-resnicno-neprebojne\/\">Ali so \u010delade v Formuli 1 resni\u010dno neprebojne?<\/a><\/h2>\n\n<div class=\"ct-dynamic-data wp-elements-01bd6ab16c00aa6ee9fdf1a0f4eba7f7\"><a href=\"https:\/\/portalf1.si\/index.php\/2026\/04\/27\/ali-so-celade-v-formuli-1-resnicno-neprebojne\/\">27 aprila, 2026<\/a><\/div>\n\n<div class=\"ct-dynamic-data wp-elements-8aaedc5e82ad30c1a7ac9ccdd0e93689\"><p>Dirka\u010di Formule 1 lahko samo za \u010delade letno porabijo ve\u010d kot 100.000 evrov prora\u010duna ekipa, zaradi \u010desar jih pogosto opisujejo\u2026<\/p>\n<\/div><\/div>\n<\/div>\n\n<\/article><article class=\"wp-block-post is-layout-flow post-12731 post type-post status-publish format-standard has-post-thumbnail hentry category-clanki category-formula-1 category-novice category-zanimivosti tag-f1 tag-f1-2026 tag-f1-slovenija tag-formula-1 tag-formula-1-2026 tag-formula-1-slovenija\">\n\n<div class=\"wp-block-columns is-layout-flex wp-container-core-columns-is-layout-28f84493 wp-block-columns-is-layout-flex\">\n<div class=\"wp-block-column is-layout-flow wp-block-column-is-layout-flow\" style=\"flex-basis:25%\"><a class=\"ct-dynamic-media wp-elements-d281221a6c098a814e13582bfca57b5c\" aria-label=\"Kako vzmetenje dirkalnika Formule 1 skrbi za nadzor in hkrati aerodinamiko\" href=\"https:\/\/portalf1.si\/index.php\/2026\/04\/27\/kako-vzmetenje-dirkalnika-formule-1-skrbi-za-nadzor-in-hkrati-aerodinamiko\/\"><img loading=\"lazy\" decoding=\"async\" width=\"1000\" height=\"667\" src=\"https:\/\/portalf1.si\/wp-content\/uploads\/2026\/04\/red-bull-racing-rb19-front-sus-1.webp\" class=\"attachment-full size-full not-transparent\" alt=\"\" style=\"--dominant-color: #656060;width:100%;height:100%;object-fit: cover;aspect-ratio: 1;\" srcset=\"https:\/\/portalf1.si\/wp-content\/uploads\/2026\/04\/red-bull-racing-rb19-front-sus-1.webp 1000w, https:\/\/portalf1.si\/wp-content\/uploads\/2026\/04\/red-bull-racing-rb19-front-sus-1-300x200.webp 300w, https:\/\/portalf1.si\/wp-content\/uploads\/2026\/04\/red-bull-racing-rb19-front-sus-1-768x512.webp 768w, https:\/\/portalf1.si\/wp-content\/uploads\/2026\/04\/red-bull-racing-rb19-front-sus-1-18x12.webp 18w\" sizes=\"auto, (max-width: 1000px) 100vw, 1000px\" data-has-transparency=\"false\" data-dominant-color=\"656060\" \/><\/a><\/div>\n\n\n\n<div class=\"wp-block-column is-vertically-aligned-center is-layout-flow wp-block-column-is-layout-flow\" style=\"flex-basis:75%\"><h2 style=\"margin-bottom:var(--wp--preset--spacing--30);\" class=\"ct-dynamic-data wp-elements-02674fe09297fac449a634342842ad06 has-medium-font-size\"><a href=\"https:\/\/portalf1.si\/index.php\/2026\/04\/27\/kako-vzmetenje-dirkalnika-formule-1-skrbi-za-nadzor-in-hkrati-aerodinamiko\/\">Kako vzmetenje dirkalnika Formule 1 skrbi za nadzor in hkrati aerodinamiko<\/a><\/h2>\n\n<div class=\"ct-dynamic-data wp-elements-01bd6ab16c00aa6ee9fdf1a0f4eba7f7\"><a href=\"https:\/\/portalf1.si\/index.php\/2026\/04\/27\/kako-vzmetenje-dirkalnika-formule-1-skrbi-za-nadzor-in-hkrati-aerodinamiko\/\">27 aprila, 2026<\/a><\/div>\n\n<div class=\"ct-dynamic-data wp-elements-8aaedc5e82ad30c1a7ac9ccdd0e93689\"><p>Mo\u0161tvo Alpine F1 je omogo\u010dilo ekskluziven vpogled v svoj dirkalnik iz sezone 2022 in razkrilo neverjeten in\u017eeniring, ki stoji za\u2026<\/p>\n<\/div><\/div>\n<\/div>\n\n<\/article><article class=\"wp-block-post is-layout-flow post-12726 post type-post status-publish format-standard has-post-thumbnail hentry category-brembo category-clanki category-formula-1 category-novice category-zanimivosti tag-brembo tag-f1 tag-f1-2026 tag-f1-slovenija tag-formula-1 tag-formula-1-2026 tag-formula-1-slovenija\">\n\n<div class=\"wp-block-columns is-layout-flex wp-container-core-columns-is-layout-28f84493 wp-block-columns-is-layout-flex\">\n<div class=\"wp-block-column is-layout-flow wp-block-column-is-layout-flow\" style=\"flex-basis:25%\"><a class=\"ct-dynamic-media wp-elements-d281221a6c098a814e13582bfca57b5c\" aria-label=\"Kako Brembo izdeluje 100.000 evrov vreden zavorni sistem dirkalnika Formule 1\" href=\"https:\/\/portalf1.si\/index.php\/2026\/04\/25\/kako-brembo-izdeluje-100-000-evrov-vreden-zavorni-sistem-dirkalnika-formule-1\/\"><img loading=\"lazy\" decoding=\"async\" width=\"1073\" height=\"592\" src=\"https:\/\/portalf1.si\/wp-content\/uploads\/2026\/04\/Brembo-Mercedes.webp\" class=\"attachment-full size-full not-transparent\" alt=\"\" style=\"--dominant-color: #666766;width:100%;height:100%;object-fit: cover;aspect-ratio: 1;\" srcset=\"https:\/\/portalf1.si\/wp-content\/uploads\/2026\/04\/Brembo-Mercedes.webp 1073w, https:\/\/portalf1.si\/wp-content\/uploads\/2026\/04\/Brembo-Mercedes-300x166.webp 300w, https:\/\/portalf1.si\/wp-content\/uploads\/2026\/04\/Brembo-Mercedes-1024x565.webp 1024w, https:\/\/portalf1.si\/wp-content\/uploads\/2026\/04\/Brembo-Mercedes-768x424.webp 768w, https:\/\/portalf1.si\/wp-content\/uploads\/2026\/04\/Brembo-Mercedes-18x10.webp 18w\" sizes=\"auto, (max-width: 1073px) 100vw, 1073px\" data-has-transparency=\"false\" data-dominant-color=\"666766\" \/><\/a><\/div>\n\n\n\n<div class=\"wp-block-column is-vertically-aligned-center is-layout-flow wp-block-column-is-layout-flow\" style=\"flex-basis:75%\"><h2 style=\"margin-bottom:var(--wp--preset--spacing--30);\" class=\"ct-dynamic-data wp-elements-02674fe09297fac449a634342842ad06 has-medium-font-size\"><a href=\"https:\/\/portalf1.si\/index.php\/2026\/04\/25\/kako-brembo-izdeluje-100-000-evrov-vreden-zavorni-sistem-dirkalnika-formule-1\/\">Kako Brembo izdeluje 100.000 evrov vreden zavorni sistem dirkalnika Formule 1<\/a><\/h2>\n\n<div class=\"ct-dynamic-data wp-elements-01bd6ab16c00aa6ee9fdf1a0f4eba7f7\"><a href=\"https:\/\/portalf1.si\/index.php\/2026\/04\/25\/kako-brembo-izdeluje-100-000-evrov-vreden-zavorni-sistem-dirkalnika-formule-1\/\">25 aprila, 2026<\/a><\/div>\n\n<div class=\"ct-dynamic-data wp-elements-8aaedc5e82ad30c1a7ac9ccdd0e93689\"><p>Zavore lahko dirkalnik Formule 1 ustavijo z ve\u010d kot 300 km\/h na manj kot 100 km\/h v samo treh sekundah,\u2026<\/p>\n<\/div><\/div>\n<\/div>\n\n<\/article><article class=\"wp-block-post is-layout-flow post-12719 post type-post status-publish format-standard has-post-thumbnail hentry category-ferrari category-formula-1 category-max-verstappen category-novice category-red-bull tag-f1 tag-f1-2026 tag-f1-slovenija tag-ferrari tag-formula-1 tag-formula-1-2026 tag-formula-1-slovenija tag-max-verstappen tag-red-bull\">\n\n<div class=\"wp-block-columns is-layout-flex wp-container-core-columns-is-layout-28f84493 wp-block-columns-is-layout-flex\">\n<div class=\"wp-block-column is-layout-flow wp-block-column-is-layout-flow\" style=\"flex-basis:25%\"><a class=\"ct-dynamic-media wp-elements-d281221a6c098a814e13582bfca57b5c\" aria-label=\"\u0160e en udarec za Scuderio? Red Bull je zamenjavo za Lambiaseja \u017ee na\u0161el pri Ferrariju\" href=\"https:\/\/portalf1.si\/index.php\/2026\/04\/25\/se-en-udarec-za-scuderio-red-bull-je-zamenjavo-za-lambiaseja-ze-nasel-pri-ferrariju\/\"><img loading=\"lazy\" decoding=\"async\" width=\"1320\" height=\"742\" src=\"https:\/\/portalf1.si\/wp-content\/uploads\/2026\/04\/red-bull-gianpiero-lambiase-2026-japanese-grand-prix-1320x742-1.webp\" class=\"attachment-full size-full not-transparent\" alt=\"\" style=\"--dominant-color: #55514e;width:100%;height:100%;object-fit: cover;aspect-ratio: 1;\" srcset=\"https:\/\/portalf1.si\/wp-content\/uploads\/2026\/04\/red-bull-gianpiero-lambiase-2026-japanese-grand-prix-1320x742-1.webp 1320w, https:\/\/portalf1.si\/wp-content\/uploads\/2026\/04\/red-bull-gianpiero-lambiase-2026-japanese-grand-prix-1320x742-1-300x169.webp 300w, https:\/\/portalf1.si\/wp-content\/uploads\/2026\/04\/red-bull-gianpiero-lambiase-2026-japanese-grand-prix-1320x742-1-1024x576.webp 1024w, https:\/\/portalf1.si\/wp-content\/uploads\/2026\/04\/red-bull-gianpiero-lambiase-2026-japanese-grand-prix-1320x742-1-768x432.webp 768w, https:\/\/portalf1.si\/wp-content\/uploads\/2026\/04\/red-bull-gianpiero-lambiase-2026-japanese-grand-prix-1320x742-1-18x10.webp 18w\" sizes=\"auto, (max-width: 1320px) 100vw, 1320px\" data-has-transparency=\"false\" data-dominant-color=\"55514e\" \/><\/a><\/div>\n\n\n\n<div class=\"wp-block-column is-vertically-aligned-center is-layout-flow wp-block-column-is-layout-flow\" style=\"flex-basis:75%\"><h2 style=\"margin-bottom:var(--wp--preset--spacing--30);\" class=\"ct-dynamic-data wp-elements-02674fe09297fac449a634342842ad06 has-medium-font-size\"><a href=\"https:\/\/portalf1.si\/index.php\/2026\/04\/25\/se-en-udarec-za-scuderio-red-bull-je-zamenjavo-za-lambiaseja-ze-nasel-pri-ferrariju\/\">\u0160e en udarec za Scuderio? Red Bull je zamenjavo za Lambiaseja \u017ee na\u0161el pri Ferrariju<\/a><\/h2>\n\n<div class=\"ct-dynamic-data wp-elements-01bd6ab16c00aa6ee9fdf1a0f4eba7f7\"><a href=\"https:\/\/portalf1.si\/index.php\/2026\/04\/25\/se-en-udarec-za-scuderio-red-bull-je-zamenjavo-za-lambiaseja-ze-nasel-pri-ferrariju\/\">25 aprila, 2026<\/a><\/div>\n\n<div class=\"ct-dynamic-data wp-elements-8aaedc5e82ad30c1a7ac9ccdd0e93689\"><p>Helmut Marko je izjavil, da je Red Bull \u017ee na\u0161el zamenjavo za Gianpiera Lambiaseja, ki bo konec sezone Formule 1\u2026<\/p>\n<\/div><\/div>\n<\/div>\n\n<\/article><article class=\"wp-block-post is-layout-flow post-12723 post type-post status-publish format-standard has-post-thumbnail hentry category-ferrari category-formula-1 category-novice tag-f1 tag-f1-2026 tag-f1-slovenija tag-ferrari tag-formula-1 tag-formula-1-2026 tag-formula-1-slovenija\">\n\n<div class=\"wp-block-columns is-layout-flex wp-container-core-columns-is-layout-28f84493 wp-block-columns-is-layout-flex\">\n<div class=\"wp-block-column is-layout-flow wp-block-column-is-layout-flow\" style=\"flex-basis:25%\"><a class=\"ct-dynamic-media wp-elements-d281221a6c098a814e13582bfca57b5c\" aria-label=\"Ferrari je za Miami pripravil pravega aerodinami\u010dnega aduta, ki ni vrtljivo &#8220;Macarena&#8221; krilce\" href=\"https:\/\/portalf1.si\/index.php\/2026\/04\/25\/ferrari-je-za-miami-pripravil-pravega-aerodinamicnega-aduta-ki-ni-vrtljivo-macarena-krilce\/\"><img loading=\"lazy\" decoding=\"async\" width=\"1200\" height=\"800\" src=\"https:\/\/portalf1.si\/wp-content\/uploads\/2026\/04\/678292166_1295162382765806_420570792890990640_n.webp\" class=\"attachment-full size-full not-transparent\" alt=\"\" style=\"--dominant-color: #71725e;width:100%;height:100%;object-fit: cover;aspect-ratio: 1;\" srcset=\"https:\/\/portalf1.si\/wp-content\/uploads\/2026\/04\/678292166_1295162382765806_420570792890990640_n.webp 1200w, https:\/\/portalf1.si\/wp-content\/uploads\/2026\/04\/678292166_1295162382765806_420570792890990640_n-300x200.webp 300w, https:\/\/portalf1.si\/wp-content\/uploads\/2026\/04\/678292166_1295162382765806_420570792890990640_n-1024x683.webp 1024w, https:\/\/portalf1.si\/wp-content\/uploads\/2026\/04\/678292166_1295162382765806_420570792890990640_n-768x512.webp 768w, https:\/\/portalf1.si\/wp-content\/uploads\/2026\/04\/678292166_1295162382765806_420570792890990640_n-18x12.webp 18w\" sizes=\"auto, (max-width: 1200px) 100vw, 1200px\" data-has-transparency=\"false\" data-dominant-color=\"71725e\" \/><\/a><\/div>\n\n\n\n<div class=\"wp-block-column is-vertically-aligned-center is-layout-flow wp-block-column-is-layout-flow\" style=\"flex-basis:75%\"><h2 style=\"margin-bottom:var(--wp--preset--spacing--30);\" class=\"ct-dynamic-data wp-elements-02674fe09297fac449a634342842ad06 has-medium-font-size\"><a href=\"https:\/\/portalf1.si\/index.php\/2026\/04\/25\/ferrari-je-za-miami-pripravil-pravega-aerodinamicnega-aduta-ki-ni-vrtljivo-macarena-krilce\/\">Ferrari je za Miami pripravil pravega aerodinami\u010dnega aduta, ki ni vrtljivo &#8220;Macarena&#8221; krilce<\/a><\/h2>\n\n<div class=\"ct-dynamic-data wp-elements-01bd6ab16c00aa6ee9fdf1a0f4eba7f7\"><a href=\"https:\/\/portalf1.si\/index.php\/2026\/04\/25\/ferrari-je-za-miami-pripravil-pravega-aerodinamicnega-aduta-ki-ni-vrtljivo-macarena-krilce\/\">25 aprila, 2026<\/a><\/div>\n\n<div class=\"ct-dynamic-data wp-elements-8aaedc5e82ad30c1a7ac9ccdd0e93689\"><p>Med \u0161tevilnimi nadgradnjami, ki jih bo Ferrari pripeljal na stezo v Miamiju, prava dragocenost za tehni\u010dne poznavalce Formule 1 ni\u2026<\/p>\n<\/div><\/div>\n<\/div>\n\n<\/article><article class=\"wp-block-post is-layout-flow post-12721 post type-post status-publish format-standard has-post-thumbnail hentry category-formula-1 category-max-verstappen category-novice category-nurburgring category-red-bull tag-f1 tag-f1-2026 tag-f1-slovenija tag-formula-1 tag-formula-1-2026 tag-formula-1-slovenija tag-max-verstappen tag-nurburgring tag-red-bull\">\n\n<div class=\"wp-block-columns is-layout-flex wp-container-core-columns-is-layout-28f84493 wp-block-columns-is-layout-flex\">\n<div class=\"wp-block-column is-layout-flow wp-block-column-is-layout-flow\" style=\"flex-basis:25%\"><a class=\"ct-dynamic-media wp-elements-d281221a6c098a814e13582bfca57b5c\" aria-label=\"Red Bull bi moral Verstappnu 200% prepre\u010diti dirkanje na N\u00fcrburgringu\" href=\"https:\/\/portalf1.si\/index.php\/2026\/04\/25\/red-bull-bi-moral-verstappnu-200-prepreciti-dirkanje-na-nurburgringu\/\"><img loading=\"lazy\" decoding=\"async\" width=\"1548\" height=\"1032\" src=\"https:\/\/portalf1.si\/wp-content\/uploads\/2026\/03\/650833433_1965238701041653_716186470263490596_n.webp\" class=\"attachment-full size-full not-transparent\" alt=\"\" style=\"--dominant-color: #656767;width:100%;height:100%;object-fit: cover;aspect-ratio: 1;\" srcset=\"https:\/\/portalf1.si\/wp-content\/uploads\/2026\/03\/650833433_1965238701041653_716186470263490596_n.webp 1548w, https:\/\/portalf1.si\/wp-content\/uploads\/2026\/03\/650833433_1965238701041653_716186470263490596_n-300x200.webp 300w, https:\/\/portalf1.si\/wp-content\/uploads\/2026\/03\/650833433_1965238701041653_716186470263490596_n-1024x683.webp 1024w, https:\/\/portalf1.si\/wp-content\/uploads\/2026\/03\/650833433_1965238701041653_716186470263490596_n-768x512.webp 768w, https:\/\/portalf1.si\/wp-content\/uploads\/2026\/03\/650833433_1965238701041653_716186470263490596_n-1536x1024.webp 1536w, https:\/\/portalf1.si\/wp-content\/uploads\/2026\/03\/650833433_1965238701041653_716186470263490596_n-18x12.webp 18w\" sizes=\"auto, (max-width: 1548px) 100vw, 1548px\" data-has-transparency=\"false\" data-dominant-color=\"656767\" \/><\/a><\/div>\n\n\n\n<div class=\"wp-block-column is-vertically-aligned-center is-layout-flow wp-block-column-is-layout-flow\" style=\"flex-basis:75%\"><h2 style=\"margin-bottom:var(--wp--preset--spacing--30);\" class=\"ct-dynamic-data wp-elements-02674fe09297fac449a634342842ad06 has-medium-font-size\"><a href=\"https:\/\/portalf1.si\/index.php\/2026\/04\/25\/red-bull-bi-moral-verstappnu-200-prepreciti-dirkanje-na-nurburgringu\/\">Red Bull bi moral Verstappnu 200% prepre\u010diti dirkanje na N\u00fcrburgringu<\/a><\/h2>\n\n<div class=\"ct-dynamic-data wp-elements-01bd6ab16c00aa6ee9fdf1a0f4eba7f7\"><a href=\"https:\/\/portalf1.si\/index.php\/2026\/04\/25\/red-bull-bi-moral-verstappnu-200-prepreciti-dirkanje-na-nurburgringu\/\">25 aprila, 2026<\/a><\/div>\n\n<div class=\"ct-dynamic-data wp-elements-8aaedc5e82ad30c1a7ac9ccdd0e93689\"><p>Nekdanji dirka\u010d Formule 1 Juan Pablo Montoya meni, da bi moral Red Bull Maxu Verstappnu v prihodnje prepre\u010diti nastope na\u2026<\/p>\n<\/div><\/div>\n<\/div>\n\n<\/article><article class=\"wp-block-post is-layout-flow post-12714 post type-post status-publish format-standard has-post-thumbnail hentry category-anketa category-formula-1 category-novice tag-f1 tag-f1-2026 tag-f1-slovenija tag-formula-1 tag-formula-1-2026 tag-formula-1-slovenija\">\n\n<div class=\"wp-block-columns is-layout-flex wp-container-core-columns-is-layout-28f84493 wp-block-columns-is-layout-flex\">\n<div class=\"wp-block-column is-layout-flow wp-block-column-is-layout-flow\" style=\"flex-basis:25%\"><a class=\"ct-dynamic-media wp-elements-d281221a6c098a814e13582bfca57b5c\" aria-label=\"Anketa: Katero dirkali\u0161\u010de bi si \u017eeleli ponovno videti na koledarju Formule 1?\" href=\"https:\/\/portalf1.si\/index.php\/2026\/04\/25\/anketa-katero-dirkalisce-bi-si-zeleli-ponovno-videti-na-koledarju-formule-1\/\"><img loading=\"lazy\" decoding=\"async\" width=\"1000\" height=\"625\" src=\"https:\/\/portalf1.si\/wp-content\/uploads\/2026\/04\/malaysia_1999.webp\" class=\"attachment-full size-full not-transparent\" alt=\"\" style=\"--dominant-color: #3f595e;width:100%;height:100%;object-fit: cover;aspect-ratio: 1;\" srcset=\"https:\/\/portalf1.si\/wp-content\/uploads\/2026\/04\/malaysia_1999.webp 1000w, https:\/\/portalf1.si\/wp-content\/uploads\/2026\/04\/malaysia_1999-300x188.webp 300w, https:\/\/portalf1.si\/wp-content\/uploads\/2026\/04\/malaysia_1999-768x480.webp 768w, https:\/\/portalf1.si\/wp-content\/uploads\/2026\/04\/malaysia_1999-18x12.webp 18w\" sizes=\"auto, (max-width: 1000px) 100vw, 1000px\" data-has-transparency=\"false\" data-dominant-color=\"3f595e\" \/><\/a><\/div>\n\n\n\n<div class=\"wp-block-column is-vertically-aligned-center is-layout-flow wp-block-column-is-layout-flow\" style=\"flex-basis:75%\"><h2 style=\"margin-bottom:var(--wp--preset--spacing--30);\" class=\"ct-dynamic-data wp-elements-02674fe09297fac449a634342842ad06 has-medium-font-size\"><a href=\"https:\/\/portalf1.si\/index.php\/2026\/04\/25\/anketa-katero-dirkalisce-bi-si-zeleli-ponovno-videti-na-koledarju-formule-1\/\">Anketa: Katero dirkali\u0161\u010de bi si \u017eeleli ponovno videti na koledarju Formule 1?<\/a><\/h2>\n\n<div class=\"ct-dynamic-data wp-elements-01bd6ab16c00aa6ee9fdf1a0f4eba7f7\"><a href=\"https:\/\/portalf1.si\/index.php\/2026\/04\/25\/anketa-katero-dirkalisce-bi-si-zeleli-ponovno-videti-na-koledarju-formule-1\/\">25 aprila, 2026<\/a><\/div>\n\n<div class=\"ct-dynamic-data wp-elements-8aaedc5e82ad30c1a7ac9ccdd0e93689\"><p>Koledarju Formule 1 se pet let po njeni zadnji izvedbi ponovno pridru\u017euje tako med navija\u010di kot tudi med dirka\u010di pribljubljena\u2026<\/p>\n<\/div><\/div>\n<\/div>\n\n<\/article><article class=\"wp-block-post is-layout-flow post-12709 post type-post status-publish format-standard has-post-thumbnail hentry category-clanki category-formula-1 category-novice tag-f1 tag-f1-2026 tag-f1-slovenija tag-formula-1 tag-formula-1-2026 tag-formula-1-slovenija\">\n\n<div class=\"wp-block-columns is-layout-flex wp-container-core-columns-is-layout-28f84493 wp-block-columns-is-layout-flex\">\n<div class=\"wp-block-column is-layout-flow wp-block-column-is-layout-flow\" style=\"flex-basis:25%\"><a class=\"ct-dynamic-media wp-elements-d281221a6c098a814e13582bfca57b5c\" aria-label=\"Kultna, a pozabljena: Katera zgodovinska dirkali\u0161\u010da bi si zaslu\u017eila vrnitev na koledar Formule 1?\" href=\"https:\/\/portalf1.si\/index.php\/2026\/04\/25\/kultna-a-pozabljena-katera-zgodovinska-dirkalisca-bi-si-zasluzila-vrnitev-na-koledar-formule-1\/\"><img loading=\"lazy\" decoding=\"async\" width=\"2560\" height=\"1684\" src=\"https:\/\/portalf1.si\/wp-content\/uploads\/2025\/06\/f1-1985-south-africa-kyalami-nelson-piquet-brabham-marc-surer-elio-de-angelis-ayrton-senna-motorsport-images-goodwood-23122019-scaled.webp\" class=\"attachment-full size-full not-transparent\" alt=\"\" style=\"--dominant-color: #918f85;width:100%;height:100%;object-fit: cover;aspect-ratio: 1;\" srcset=\"https:\/\/portalf1.si\/wp-content\/uploads\/2025\/06\/f1-1985-south-africa-kyalami-nelson-piquet-brabham-marc-surer-elio-de-angelis-ayrton-senna-motorsport-images-goodwood-23122019-scaled.webp 2560w, https:\/\/portalf1.si\/wp-content\/uploads\/2025\/06\/f1-1985-south-africa-kyalami-nelson-piquet-brabham-marc-surer-elio-de-angelis-ayrton-senna-motorsport-images-goodwood-23122019-300x197.webp 300w, https:\/\/portalf1.si\/wp-content\/uploads\/2025\/06\/f1-1985-south-africa-kyalami-nelson-piquet-brabham-marc-surer-elio-de-angelis-ayrton-senna-motorsport-images-goodwood-23122019-1024x673.webp 1024w, https:\/\/portalf1.si\/wp-content\/uploads\/2025\/06\/f1-1985-south-africa-kyalami-nelson-piquet-brabham-marc-surer-elio-de-angelis-ayrton-senna-motorsport-images-goodwood-23122019-768x505.webp 768w, https:\/\/portalf1.si\/wp-content\/uploads\/2025\/06\/f1-1985-south-africa-kyalami-nelson-piquet-brabham-marc-surer-elio-de-angelis-ayrton-senna-motorsport-images-goodwood-23122019-1536x1010.webp 1536w, https:\/\/portalf1.si\/wp-content\/uploads\/2025\/06\/f1-1985-south-africa-kyalami-nelson-piquet-brabham-marc-surer-elio-de-angelis-ayrton-senna-motorsport-images-goodwood-23122019-2048x1347.webp 2048w\" sizes=\"auto, (max-width: 2560px) 100vw, 2560px\" data-has-transparency=\"false\" data-dominant-color=\"918f85\" \/><\/a><\/div>\n\n\n\n<div class=\"wp-block-column is-vertically-aligned-center is-layout-flow wp-block-column-is-layout-flow\" style=\"flex-basis:75%\"><h2 style=\"margin-bottom:var(--wp--preset--spacing--30);\" class=\"ct-dynamic-data wp-elements-02674fe09297fac449a634342842ad06 has-medium-font-size\"><a href=\"https:\/\/portalf1.si\/index.php\/2026\/04\/25\/kultna-a-pozabljena-katera-zgodovinska-dirkalisca-bi-si-zasluzila-vrnitev-na-koledar-formule-1\/\">Kultna, a pozabljena: Katera zgodovinska dirkali\u0161\u010da bi si zaslu\u017eila vrnitev na koledar Formule 1?<\/a><\/h2>\n\n<div class=\"ct-dynamic-data wp-elements-01bd6ab16c00aa6ee9fdf1a0f4eba7f7\"><a href=\"https:\/\/portalf1.si\/index.php\/2026\/04\/25\/kultna-a-pozabljena-katera-zgodovinska-dirkalisca-bi-si-zasluzila-vrnitev-na-koledar-formule-1\/\">25 aprila, 2026<\/a><\/div>\n\n<div class=\"ct-dynamic-data wp-elements-8aaedc5e82ad30c1a7ac9ccdd0e93689\"><p>Formula 1 pozdravlja vrnitev Velike nagrade Tur\u010dije pet let po njeni zadnji izvedbi, toda katera druga zgodovinska dirkali\u0161\u010da si \u0161e\u2026<\/p>\n<\/div><\/div>\n<\/div>\n\n<\/article><article class=\"wp-block-post is-layout-flow post-12707 post type-post status-publish format-standard has-post-thumbnail hentry category-ford category-formula-1 category-novice category-red-bull tag-f1 tag-f1-2026 tag-f1-slovenija tag-ford tag-formula-1 tag-formula-1-2026 tag-formula-1-slovenija tag-red-bull\">\n\n<div class=\"wp-block-columns is-layout-flex wp-container-core-columns-is-layout-28f84493 wp-block-columns-is-layout-flex\">\n<div class=\"wp-block-column is-layout-flow wp-block-column-is-layout-flow\" style=\"flex-basis:25%\"><a class=\"ct-dynamic-media wp-elements-d281221a6c098a814e13582bfca57b5c\" aria-label=\"Red Bull potrdil drasti\u010dno odlo\u010ditev glede pogonske enote\" href=\"https:\/\/portalf1.si\/index.php\/2026\/04\/25\/red-bull-potrdil-drasticno-odlocitev-glede-pogonske-enote\/\"><img loading=\"lazy\" decoding=\"async\" width=\"1600\" height=\"900\" src=\"https:\/\/portalf1.si\/wp-content\/uploads\/2026\/02\/Red-Bull-RB22-powerunit-install.webp\" class=\"attachment-full size-full not-transparent\" alt=\"\" style=\"--dominant-color: #766b72;width:100%;height:100%;object-fit: cover;aspect-ratio: 1;\" srcset=\"https:\/\/portalf1.si\/wp-content\/uploads\/2026\/02\/Red-Bull-RB22-powerunit-install.webp 1600w, https:\/\/portalf1.si\/wp-content\/uploads\/2026\/02\/Red-Bull-RB22-powerunit-install-300x169.webp 300w, https:\/\/portalf1.si\/wp-content\/uploads\/2026\/02\/Red-Bull-RB22-powerunit-install-1024x576.webp 1024w, https:\/\/portalf1.si\/wp-content\/uploads\/2026\/02\/Red-Bull-RB22-powerunit-install-768x432.webp 768w, https:\/\/portalf1.si\/wp-content\/uploads\/2026\/02\/Red-Bull-RB22-powerunit-install-1536x864.webp 1536w, https:\/\/portalf1.si\/wp-content\/uploads\/2026\/02\/Red-Bull-RB22-powerunit-install-18x10.webp 18w\" sizes=\"auto, (max-width: 1600px) 100vw, 1600px\" data-has-transparency=\"false\" data-dominant-color=\"766b72\" \/><\/a><\/div>\n\n\n\n<div class=\"wp-block-column is-vertically-aligned-center is-layout-flow wp-block-column-is-layout-flow\" style=\"flex-basis:75%\"><h2 style=\"margin-bottom:var(--wp--preset--spacing--30);\" class=\"ct-dynamic-data wp-elements-02674fe09297fac449a634342842ad06 has-medium-font-size\"><a href=\"https:\/\/portalf1.si\/index.php\/2026\/04\/25\/red-bull-potrdil-drasticno-odlocitev-glede-pogonske-enote\/\">Red Bull potrdil drasti\u010dno odlo\u010ditev glede pogonske enote<\/a><\/h2>\n\n<div class=\"ct-dynamic-data wp-elements-01bd6ab16c00aa6ee9fdf1a0f4eba7f7\"><a href=\"https:\/\/portalf1.si\/index.php\/2026\/04\/25\/red-bull-potrdil-drasticno-odlocitev-glede-pogonske-enote\/\">25 aprila, 2026<\/a><\/div>\n\n<div class=\"ct-dynamic-data wp-elements-8aaedc5e82ad30c1a7ac9ccdd0e93689\"><p>Ekipa Formule 1 Red Bull Racing je potrdila, da verjetno ne bodo spreminjali svojih pogonskih enot, \u010deprav bi jim bilo\u2026<\/p>\n<\/div><\/div>\n<\/div>\n\n<\/article><article class=\"wp-block-post is-layout-flow post-12704 post type-post status-publish format-standard has-post-thumbnail hentry category-ferrari category-formula-1 category-novice category-red-bull tag-f1 tag-f1-2026 tag-f1-slovenija tag-ferrari tag-formula-1 tag-formula-1-2026 tag-formula-1-slovenija tag-red-bull\">\n\n<div class=\"wp-block-columns is-layout-flex wp-container-core-columns-is-layout-28f84493 wp-block-columns-is-layout-flex\">\n<div class=\"wp-block-column is-layout-flow wp-block-column-is-layout-flow\" style=\"flex-basis:25%\"><a class=\"ct-dynamic-media wp-elements-d281221a6c098a814e13582bfca57b5c\" aria-label=\"Red Bull presenetil Ferrari in predstavil svoje &#8220;Macarena&#8221; zadnje krilce\" href=\"https:\/\/portalf1.si\/index.php\/2026\/04\/25\/red-bull-presenetil-ferrari-in-predstavil-svoje-macarena-zadnje-krilce\/\"><img loading=\"lazy\" decoding=\"async\" width=\"640\" height=\"426\" src=\"https:\/\/portalf1.si\/wp-content\/uploads\/2026\/04\/red-bull-tested-its-own-version-of-the-macarena-wing-at-v0-1icxui9muywg1.webp\" class=\"attachment-full size-full not-transparent\" alt=\"\" style=\"--dominant-color: #767475;width:100%;height:100%;object-fit: cover;aspect-ratio: 1;\" srcset=\"https:\/\/portalf1.si\/wp-content\/uploads\/2026\/04\/red-bull-tested-its-own-version-of-the-macarena-wing-at-v0-1icxui9muywg1.webp 640w, https:\/\/portalf1.si\/wp-content\/uploads\/2026\/04\/red-bull-tested-its-own-version-of-the-macarena-wing-at-v0-1icxui9muywg1-300x200.webp 300w, https:\/\/portalf1.si\/wp-content\/uploads\/2026\/04\/red-bull-tested-its-own-version-of-the-macarena-wing-at-v0-1icxui9muywg1-18x12.webp 18w\" sizes=\"auto, (max-width: 640px) 100vw, 640px\" data-has-transparency=\"false\" data-dominant-color=\"767475\" \/><\/a><\/div>\n\n\n\n<div class=\"wp-block-column is-vertically-aligned-center is-layout-flow wp-block-column-is-layout-flow\" style=\"flex-basis:75%\"><h2 style=\"margin-bottom:var(--wp--preset--spacing--30);\" class=\"ct-dynamic-data wp-elements-02674fe09297fac449a634342842ad06 has-medium-font-size\"><a href=\"https:\/\/portalf1.si\/index.php\/2026\/04\/25\/red-bull-presenetil-ferrari-in-predstavil-svoje-macarena-zadnje-krilce\/\">Red Bull presenetil Ferrari in predstavil svoje &#8220;Macarena&#8221; zadnje krilce<\/a><\/h2>\n\n<div class=\"ct-dynamic-data wp-elements-01bd6ab16c00aa6ee9fdf1a0f4eba7f7\"><a href=\"https:\/\/portalf1.si\/index.php\/2026\/04\/25\/red-bull-presenetil-ferrari-in-predstavil-svoje-macarena-zadnje-krilce\/\">25 aprila, 2026<\/a><\/div>\n\n<div class=\"ct-dynamic-data wp-elements-8aaedc5e82ad30c1a7ac9ccdd0e93689\"><p>Tudi Red Bull je sledil Ferrarijevemu zgledu in na snemalnem dnevu v Silverstonu na F1 dirkalniku RB22 predstavil svojo razli\u010dico\u2026<\/p>\n<\/div><\/div>\n<\/div>\n\n<\/article><article class=\"wp-block-post is-layout-flow post-12695 post type-post status-publish format-standard has-post-thumbnail hentry category-formula-1 category-helmut-marko category-max-verstappen category-novice category-red-bull tag-f1 tag-f1-2026 tag-f1-slovenija tag-formula-1 tag-formula-1-2026 tag-formula-1-slovenija tag-helmut-marko tag-max-verstappen tag-red-bull\">\n\n<div class=\"wp-block-columns is-layout-flex wp-container-core-columns-is-layout-28f84493 wp-block-columns-is-layout-flex\">\n<div class=\"wp-block-column is-layout-flow wp-block-column-is-layout-flow\" style=\"flex-basis:25%\"><a class=\"ct-dynamic-media wp-elements-d281221a6c098a814e13582bfca57b5c\" aria-label=\"Verstappen \u017ee odpisan iz leto\u0161njega boja za naslov svetovnega prvaka\" href=\"https:\/\/portalf1.si\/index.php\/2026\/04\/24\/verstappen-ze-odpisan-iz-letosnjega-boja-za-naslov-svetovnega-prvaka\/\"><img loading=\"lazy\" decoding=\"async\" width=\"1092\" height=\"683\" src=\"https:\/\/portalf1.si\/wp-content\/uploads\/2026\/03\/XPB_1404001_HiRes.webp\" class=\"attachment-full size-full not-transparent\" alt=\"\" style=\"--dominant-color: #5f5c64;width:100%;height:100%;object-fit: cover;aspect-ratio: 1;\" srcset=\"https:\/\/portalf1.si\/wp-content\/uploads\/2026\/03\/XPB_1404001_HiRes.webp 1092w, https:\/\/portalf1.si\/wp-content\/uploads\/2026\/03\/XPB_1404001_HiRes-300x188.webp 300w, https:\/\/portalf1.si\/wp-content\/uploads\/2026\/03\/XPB_1404001_HiRes-1024x640.webp 1024w, https:\/\/portalf1.si\/wp-content\/uploads\/2026\/03\/XPB_1404001_HiRes-768x480.webp 768w, https:\/\/portalf1.si\/wp-content\/uploads\/2026\/03\/XPB_1404001_HiRes-18x12.webp 18w\" sizes=\"auto, (max-width: 1092px) 100vw, 1092px\" data-has-transparency=\"false\" data-dominant-color=\"5f5c64\" \/><\/a><\/div>\n\n\n\n<div class=\"wp-block-column is-vertically-aligned-center is-layout-flow wp-block-column-is-layout-flow\" style=\"flex-basis:75%\"><h2 style=\"margin-bottom:var(--wp--preset--spacing--30);\" class=\"ct-dynamic-data wp-elements-02674fe09297fac449a634342842ad06 has-medium-font-size\"><a href=\"https:\/\/portalf1.si\/index.php\/2026\/04\/24\/verstappen-ze-odpisan-iz-letosnjega-boja-za-naslov-svetovnega-prvaka\/\">Verstappen \u017ee odpisan iz leto\u0161njega boja za naslov svetovnega prvaka<\/a><\/h2>\n\n<div class=\"ct-dynamic-data wp-elements-01bd6ab16c00aa6ee9fdf1a0f4eba7f7\"><a href=\"https:\/\/portalf1.si\/index.php\/2026\/04\/24\/verstappen-ze-odpisan-iz-letosnjega-boja-za-naslov-svetovnega-prvaka\/\">24 aprila, 2026<\/a><\/div>\n\n<div class=\"ct-dynamic-data wp-elements-8aaedc5e82ad30c1a7ac9ccdd0e93689\"><p>Helmut Marko je v svoji nedavni oceni sezone Formule 1 2026 dokon\u010dno \u010drtal Maxa Verstappna iz boja za naslov svetovnega\u2026<\/p>\n<\/div><\/div>\n<\/div>\n\n<\/article><article class=\"wp-block-post is-layout-flow post-12690 post type-post status-publish format-standard has-post-thumbnail hentry category-ferrari category-formula-1 category-lewis-hamilton category-novice tag-f1 tag-f1-2026 tag-f1-slovenija tag-ferrari tag-formula-1 tag-formula-1-2026 tag-formula-1-slovenija tag-lewis-hamilton\">\n\n<div class=\"wp-block-columns is-layout-flex wp-container-core-columns-is-layout-28f84493 wp-block-columns-is-layout-flex\">\n<div class=\"wp-block-column is-layout-flow wp-block-column-is-layout-flow\" style=\"flex-basis:25%\"><a class=\"ct-dynamic-media wp-elements-d281221a6c098a814e13582bfca57b5c\" aria-label=\"Preporod v rde\u010dem: Kako je Hamiltonu uspelo stopiti iz Leclercove sence in ukrotiti Ferrarijev dirkalnik\" href=\"https:\/\/portalf1.si\/index.php\/2026\/04\/24\/preporod-v-rdecem-kako-je-hamiltonu-uspelo-stopiti-iz-leclercove-sence-in-ukrotiti-ferrarijev-dirkalnik\/\"><img loading=\"lazy\" decoding=\"async\" width=\"1092\" height=\"683\" src=\"https:\/\/portalf1.si\/wp-content\/uploads\/2026\/03\/XPB_1401674_HiRes.webp\" class=\"attachment-full size-full not-transparent\" alt=\"\" style=\"--dominant-color: #91282f;width:100%;height:100%;object-fit: cover;aspect-ratio: 1;\" srcset=\"https:\/\/portalf1.si\/wp-content\/uploads\/2026\/03\/XPB_1401674_HiRes.webp 1092w, https:\/\/portalf1.si\/wp-content\/uploads\/2026\/03\/XPB_1401674_HiRes-300x188.webp 300w, https:\/\/portalf1.si\/wp-content\/uploads\/2026\/03\/XPB_1401674_HiRes-1024x640.webp 1024w, https:\/\/portalf1.si\/wp-content\/uploads\/2026\/03\/XPB_1401674_HiRes-768x480.webp 768w, https:\/\/portalf1.si\/wp-content\/uploads\/2026\/03\/XPB_1401674_HiRes-18x12.webp 18w\" sizes=\"auto, (max-width: 1092px) 100vw, 1092px\" data-has-transparency=\"false\" data-dominant-color=\"91282f\" \/><\/a><\/div>\n\n\n\n<div class=\"wp-block-column is-vertically-aligned-center is-layout-flow wp-block-column-is-layout-flow\" style=\"flex-basis:75%\"><h2 style=\"margin-bottom:var(--wp--preset--spacing--30);\" class=\"ct-dynamic-data wp-elements-02674fe09297fac449a634342842ad06 has-medium-font-size\"><a href=\"https:\/\/portalf1.si\/index.php\/2026\/04\/24\/preporod-v-rdecem-kako-je-hamiltonu-uspelo-stopiti-iz-leclercove-sence-in-ukrotiti-ferrarijev-dirkalnik\/\">Preporod v rde\u010dem: Kako je Hamiltonu uspelo stopiti iz Leclercove sence in ukrotiti Ferrarijev dirkalnik<\/a><\/h2>\n\n<div class=\"ct-dynamic-data wp-elements-01bd6ab16c00aa6ee9fdf1a0f4eba7f7\"><a href=\"https:\/\/portalf1.si\/index.php\/2026\/04\/24\/preporod-v-rdecem-kako-je-hamiltonu-uspelo-stopiti-iz-leclercove-sence-in-ukrotiti-ferrarijev-dirkalnik\/\">24 aprila, 2026<\/a><\/div>\n\n<div class=\"ct-dynamic-data wp-elements-8aaedc5e82ad30c1a7ac9ccdd0e93689\"><p>Vse mo\u010dnej\u0161e so povezave med ponovnim vzponom Lewisa Hamiltona pri Ferrariju v sezoni Formule 1 leta 2026 in mo\u010dno notranjo\u2026<\/p>\n<\/div><\/div>\n<\/div>\n\n<\/article><article class=\"wp-block-post is-layout-flow post-12692 post type-post status-publish format-standard has-post-thumbnail hentry category-formula-1 category-novice category-vn-turcije tag-f1 tag-f1-2026 tag-f1-slovenija tag-formula-1 tag-formula-1-2026 tag-formula-1-slovenija tag-vn-turcije\">\n\n<div class=\"wp-block-columns is-layout-flex wp-container-core-columns-is-layout-28f84493 wp-block-columns-is-layout-flex\">\n<div class=\"wp-block-column is-layout-flow wp-block-column-is-layout-flow\" style=\"flex-basis:25%\"><a class=\"ct-dynamic-media wp-elements-d281221a6c098a814e13582bfca57b5c\" aria-label=\"Uradno! Naslednje leto se vra\u010da priljubljena Velika nagrada Tur\u010dije v Istanbulu!\" href=\"https:\/\/portalf1.si\/index.php\/2026\/04\/24\/uradno-naslednje-leto-se-vraca-priljubljena-velika-nagrada-turcije-v-istanbulu\/\"><img loading=\"lazy\" decoding=\"async\" width=\"1280\" height=\"853\" src=\"https:\/\/portalf1.si\/wp-content\/uploads\/2026\/04\/formula-1-set-for-return-to-istanbul-in-2026-3218701_20260424110838_20260424110838.webp\" class=\"attachment-full size-full not-transparent\" alt=\"\" style=\"--dominant-color: #a7a093;width:100%;height:100%;object-fit: cover;aspect-ratio: 1;\" srcset=\"https:\/\/portalf1.si\/wp-content\/uploads\/2026\/04\/formula-1-set-for-return-to-istanbul-in-2026-3218701_20260424110838_20260424110838.webp 1280w, https:\/\/portalf1.si\/wp-content\/uploads\/2026\/04\/formula-1-set-for-return-to-istanbul-in-2026-3218701_20260424110838_20260424110838-300x200.webp 300w, https:\/\/portalf1.si\/wp-content\/uploads\/2026\/04\/formula-1-set-for-return-to-istanbul-in-2026-3218701_20260424110838_20260424110838-1024x682.webp 1024w, https:\/\/portalf1.si\/wp-content\/uploads\/2026\/04\/formula-1-set-for-return-to-istanbul-in-2026-3218701_20260424110838_20260424110838-768x512.webp 768w, https:\/\/portalf1.si\/wp-content\/uploads\/2026\/04\/formula-1-set-for-return-to-istanbul-in-2026-3218701_20260424110838_20260424110838-18x12.webp 18w\" sizes=\"auto, (max-width: 1280px) 100vw, 1280px\" data-has-transparency=\"false\" data-dominant-color=\"a7a093\" \/><\/a><\/div>\n\n\n\n<div class=\"wp-block-column is-vertically-aligned-center is-layout-flow wp-block-column-is-layout-flow\" style=\"flex-basis:75%\"><h2 style=\"margin-bottom:var(--wp--preset--spacing--30);\" class=\"ct-dynamic-data wp-elements-02674fe09297fac449a634342842ad06 has-medium-font-size\"><a href=\"https:\/\/portalf1.si\/index.php\/2026\/04\/24\/uradno-naslednje-leto-se-vraca-priljubljena-velika-nagrada-turcije-v-istanbulu\/\">Uradno! Naslednje leto se vra\u010da priljubljena Velika nagrada Tur\u010dije v Istanbulu!<\/a><\/h2>\n\n<div class=\"ct-dynamic-data wp-elements-01bd6ab16c00aa6ee9fdf1a0f4eba7f7\"><a href=\"https:\/\/portalf1.si\/index.php\/2026\/04\/24\/uradno-naslednje-leto-se-vraca-priljubljena-velika-nagrada-turcije-v-istanbulu\/\">24 aprila, 2026<\/a><\/div>\n\n<div class=\"ct-dynamic-data wp-elements-8aaedc5e82ad30c1a7ac9ccdd0e93689\"><p>Formula 1 je uradno potrdila vrnitev Velike nagrade Tur\u010dije na dirkali\u0161\u010de Istanbul Park od sezone 2027 dalje in sicer na\u2026<\/p>\n<\/div><\/div>\n<\/div>\n\n<\/article><article class=\"wp-block-post is-layout-flow post-12686 post type-post status-publish format-standard has-post-thumbnail hentry category-ferrari category-formula-1 category-novice tag-f1 tag-f1-2026 tag-f1-slovenija tag-ferrari tag-formula-1 tag-formula-1-2026 tag-formula-1-slovenija\">\n\n<div class=\"wp-block-columns is-layout-flex wp-container-core-columns-is-layout-28f84493 wp-block-columns-is-layout-flex\">\n<div class=\"wp-block-column is-layout-flow wp-block-column-is-layout-flow\" style=\"flex-basis:25%\"><a class=\"ct-dynamic-media wp-elements-d281221a6c098a814e13582bfca57b5c\" aria-label=\"Ferrarijev obse\u017een paket posodobitev navdu\u0161il dirka\u010da: Vra\u010da se tudi vrtljivo &#8220;Macarena&#8221; zadnje krilce\" href=\"https:\/\/portalf1.si\/index.php\/2026\/04\/24\/ferrarijev-obsezen-paket-posodobitev-navdusil-dirkaca-vraca-se-tudi-vrtljivo-macarena-zadnje-krilce\/\"><img loading=\"lazy\" decoding=\"async\" width=\"1000\" height=\"666\" src=\"https:\/\/portalf1.si\/wp-content\/uploads\/2026\/04\/ferrari-sf-26-durante-il-filmi.webp\" class=\"attachment-full size-full not-transparent\" alt=\"\" style=\"--dominant-color: #786a6a;width:100%;height:100%;object-fit: cover;aspect-ratio: 1;\" srcset=\"https:\/\/portalf1.si\/wp-content\/uploads\/2026\/04\/ferrari-sf-26-durante-il-filmi.webp 1000w, https:\/\/portalf1.si\/wp-content\/uploads\/2026\/04\/ferrari-sf-26-durante-il-filmi-300x200.webp 300w, https:\/\/portalf1.si\/wp-content\/uploads\/2026\/04\/ferrari-sf-26-durante-il-filmi-768x511.webp 768w, https:\/\/portalf1.si\/wp-content\/uploads\/2026\/04\/ferrari-sf-26-durante-il-filmi-18x12.webp 18w\" sizes=\"auto, (max-width: 1000px) 100vw, 1000px\" data-has-transparency=\"false\" data-dominant-color=\"786a6a\" \/><\/a><\/div>\n\n\n\n<div class=\"wp-block-column is-vertically-aligned-center is-layout-flow wp-block-column-is-layout-flow\" style=\"flex-basis:75%\"><h2 style=\"margin-bottom:var(--wp--preset--spacing--30);\" class=\"ct-dynamic-data wp-elements-02674fe09297fac449a634342842ad06 has-medium-font-size\"><a href=\"https:\/\/portalf1.si\/index.php\/2026\/04\/24\/ferrarijev-obsezen-paket-posodobitev-navdusil-dirkaca-vraca-se-tudi-vrtljivo-macarena-zadnje-krilce\/\">Ferrarijev obse\u017een paket posodobitev navdu\u0161il dirka\u010da: Vra\u010da se tudi vrtljivo &#8220;Macarena&#8221; zadnje krilce<\/a><\/h2>\n\n<div class=\"ct-dynamic-data wp-elements-01bd6ab16c00aa6ee9fdf1a0f4eba7f7\"><a href=\"https:\/\/portalf1.si\/index.php\/2026\/04\/24\/ferrarijev-obsezen-paket-posodobitev-navdusil-dirkaca-vraca-se-tudi-vrtljivo-macarena-zadnje-krilce\/\">24 aprila, 2026<\/a><\/div>\n\n<div class=\"ct-dynamic-data wp-elements-8aaedc5e82ad30c1a7ac9ccdd0e93689\"><p>Ferrari je na dirkali\u0161\u010du v Monzi opravil svoj prvi snemalni dan sezone Formule 1. Delo je potekalo v strogo nadzorovanem\u2026<\/p>\n<\/div><\/div>\n<\/div>\n\n<\/article><article class=\"wp-block-post is-layout-flow post-12678 post type-post status-publish format-standard has-post-thumbnail hentry category-formula-1 category-novice category-vn-miamija tag-f1 tag-f1-2026 tag-f1-slovenija tag-formula-1 tag-formula-1-2026 tag-formula-1-slovenija tag-vn-miamija\">\n\n<div class=\"wp-block-columns is-layout-flex wp-container-core-columns-is-layout-28f84493 wp-block-columns-is-layout-flex\">\n<div class=\"wp-block-column is-layout-flow wp-block-column-is-layout-flow\" style=\"flex-basis:25%\"><a class=\"ct-dynamic-media wp-elements-d281221a6c098a814e13582bfca57b5c\" aria-label=\"FIA potrdila pomembno spremembo prihajajo\u010de Velike nagrade Miamija\" href=\"https:\/\/portalf1.si\/index.php\/2026\/04\/23\/fia-potrdila-pomembno-spremembo-prihajajoce-velike-nagrade-miamija\/\"><img loading=\"lazy\" decoding=\"async\" width=\"1900\" height=\"1200\" src=\"https:\/\/portalf1.si\/wp-content\/uploads\/2026\/04\/vie-magazine-formula1-miami-grand-prix-2024-hero-min.webp\" class=\"attachment-full size-full not-transparent\" alt=\"\" style=\"--dominant-color: #595c5d;width:100%;height:100%;object-fit: cover;aspect-ratio: 1;\" srcset=\"https:\/\/portalf1.si\/wp-content\/uploads\/2026\/04\/vie-magazine-formula1-miami-grand-prix-2024-hero-min.webp 1900w, https:\/\/portalf1.si\/wp-content\/uploads\/2026\/04\/vie-magazine-formula1-miami-grand-prix-2024-hero-min-300x189.webp 300w, https:\/\/portalf1.si\/wp-content\/uploads\/2026\/04\/vie-magazine-formula1-miami-grand-prix-2024-hero-min-1024x647.webp 1024w, https:\/\/portalf1.si\/wp-content\/uploads\/2026\/04\/vie-magazine-formula1-miami-grand-prix-2024-hero-min-768x485.webp 768w, https:\/\/portalf1.si\/wp-content\/uploads\/2026\/04\/vie-magazine-formula1-miami-grand-prix-2024-hero-min-1536x970.webp 1536w, https:\/\/portalf1.si\/wp-content\/uploads\/2026\/04\/vie-magazine-formula1-miami-grand-prix-2024-hero-min-18x12.webp 18w\" sizes=\"auto, (max-width: 1900px) 100vw, 1900px\" data-has-transparency=\"false\" data-dominant-color=\"595c5d\" \/><\/a><\/div>\n\n\n\n<div class=\"wp-block-column is-vertically-aligned-center is-layout-flow wp-block-column-is-layout-flow\" style=\"flex-basis:75%\"><h2 style=\"margin-bottom:var(--wp--preset--spacing--30);\" class=\"ct-dynamic-data wp-elements-02674fe09297fac449a634342842ad06 has-medium-font-size\"><a href=\"https:\/\/portalf1.si\/index.php\/2026\/04\/23\/fia-potrdila-pomembno-spremembo-prihajajoce-velike-nagrade-miamija\/\">FIA potrdila pomembno spremembo prihajajo\u010de Velike nagrade Miamija<\/a><\/h2>\n\n<div class=\"ct-dynamic-data wp-elements-01bd6ab16c00aa6ee9fdf1a0f4eba7f7\"><a href=\"https:\/\/portalf1.si\/index.php\/2026\/04\/23\/fia-potrdila-pomembno-spremembo-prihajajoce-velike-nagrade-miamija\/\">23 aprila, 2026<\/a><\/div>\n\n<div class=\"ct-dynamic-data wp-elements-8aaedc5e82ad30c1a7ac9ccdd0e93689\"><p>Preden se Formula 1 po prisilnem premoru sredi sezone ponovno nadaljuje, je FIA potrdila klju\u010dno spremembo urnika za Veliko nagrado\u2026<\/p>\n<\/div><\/div>\n<\/div>\n\n<\/article><article class=\"wp-block-post is-layout-flow post-12673 post type-post status-publish format-standard has-post-thumbnail hentry category-andrea-stella category-formula-1 category-mclaren category-novice tag-andrea-stella tag-f1 tag-f1-2026 tag-f1-slovenija tag-formula-1 tag-formula-1-2026 tag-formula-1-slovenija tag-mclaren\">\n\n<div class=\"wp-block-columns is-layout-flex wp-container-core-columns-is-layout-28f84493 wp-block-columns-is-layout-flex\">\n<div class=\"wp-block-column is-layout-flow wp-block-column-is-layout-flow\" style=\"flex-basis:25%\"><a class=\"ct-dynamic-media wp-elements-d281221a6c098a814e13582bfca57b5c\" aria-label=\"McLaren stra\u0161i konkurenco: V Miami prihaja povsem nov dirkalnik MCL40\" href=\"https:\/\/portalf1.si\/index.php\/2026\/04\/23\/mclaren-strasi-konkurenco-v-miami-prihaja-povsem-nov-dirkalnik-mcl40\/\"><img loading=\"lazy\" decoding=\"async\" width=\"1536\" height=\"1023\" src=\"https:\/\/portalf1.si\/wp-content\/uploads\/2026\/04\/HFfEKTyXIAAdMxe-1536x1023-1.webp\" class=\"attachment-full size-full not-transparent\" alt=\"\" style=\"--dominant-color: #4f4a47;width:100%;height:100%;object-fit: cover;aspect-ratio: 1;\" srcset=\"https:\/\/portalf1.si\/wp-content\/uploads\/2026\/04\/HFfEKTyXIAAdMxe-1536x1023-1.webp 1536w, https:\/\/portalf1.si\/wp-content\/uploads\/2026\/04\/HFfEKTyXIAAdMxe-1536x1023-1-300x200.webp 300w, https:\/\/portalf1.si\/wp-content\/uploads\/2026\/04\/HFfEKTyXIAAdMxe-1536x1023-1-1024x682.webp 1024w, https:\/\/portalf1.si\/wp-content\/uploads\/2026\/04\/HFfEKTyXIAAdMxe-1536x1023-1-768x512.webp 768w, https:\/\/portalf1.si\/wp-content\/uploads\/2026\/04\/HFfEKTyXIAAdMxe-1536x1023-1-18x12.webp 18w\" sizes=\"auto, (max-width: 1536px) 100vw, 1536px\" data-has-transparency=\"false\" data-dominant-color=\"4f4a47\" \/><\/a><\/div>\n\n\n\n<div class=\"wp-block-column is-vertically-aligned-center is-layout-flow wp-block-column-is-layout-flow\" style=\"flex-basis:75%\"><h2 style=\"margin-bottom:var(--wp--preset--spacing--30);\" class=\"ct-dynamic-data wp-elements-02674fe09297fac449a634342842ad06 has-medium-font-size\"><a href=\"https:\/\/portalf1.si\/index.php\/2026\/04\/23\/mclaren-strasi-konkurenco-v-miami-prihaja-povsem-nov-dirkalnik-mcl40\/\">McLaren stra\u0161i konkurenco: V Miami prihaja povsem nov dirkalnik MCL40<\/a><\/h2>\n\n<div class=\"ct-dynamic-data wp-elements-01bd6ab16c00aa6ee9fdf1a0f4eba7f7\"><a href=\"https:\/\/portalf1.si\/index.php\/2026\/04\/23\/mclaren-strasi-konkurenco-v-miami-prihaja-povsem-nov-dirkalnik-mcl40\/\">23 aprila, 2026<\/a><\/div>\n\n<div class=\"ct-dynamic-data wp-elements-8aaedc5e82ad30c1a7ac9ccdd0e93689\"><p>Vodja ekipe McLaren, Andrea Stella, je razkril, da bo od Velike nagrade Miamija dalje na stezi debitiral mo\u010dno spremenjen F1\u2026<\/p>\n<\/div><\/div>\n<\/div>\n\n<\/article><article class=\"wp-block-post is-layout-flow post-12670 post type-post status-publish format-standard has-post-thumbnail hentry category-formula-1 category-formula-e category-max-verstappen category-novice tag-f1 tag-f1-2026 tag-f1-slovenija tag-formula-1 tag-formula-1-2026 tag-formula-1-slovenija tag-formula-e tag-max-verstappen\">\n\n<div class=\"wp-block-columns is-layout-flex wp-container-core-columns-is-layout-28f84493 wp-block-columns-is-layout-flex\">\n<div class=\"wp-block-column is-layout-flow wp-block-column-is-layout-flow\" style=\"flex-basis:25%\"><a class=\"ct-dynamic-media wp-elements-d281221a6c098a814e13582bfca57b5c\" aria-label=\"Nepri\u010dakovano? Verstappen navdu\u0161en nad novimi dirkalniki serije Formule E\" href=\"https:\/\/portalf1.si\/index.php\/2026\/04\/23\/nepricakovano-verstappen-navdusen-nad-novimi-dirkalniki-serije-formule-e\/\"><img loading=\"lazy\" decoding=\"async\" width=\"1000\" height=\"666\" src=\"https:\/\/portalf1.si\/wp-content\/uploads\/2026\/04\/FORMULA-E.webp\" class=\"attachment-full size-full not-transparent\" alt=\"\" style=\"--dominant-color: #5d6e7c;width:100%;height:100%;object-fit: cover;aspect-ratio: 1;\" srcset=\"https:\/\/portalf1.si\/wp-content\/uploads\/2026\/04\/FORMULA-E.webp 1000w, https:\/\/portalf1.si\/wp-content\/uploads\/2026\/04\/FORMULA-E-300x200.webp 300w, https:\/\/portalf1.si\/wp-content\/uploads\/2026\/04\/FORMULA-E-768x511.webp 768w, https:\/\/portalf1.si\/wp-content\/uploads\/2026\/04\/FORMULA-E-18x12.webp 18w\" sizes=\"auto, (max-width: 1000px) 100vw, 1000px\" data-has-transparency=\"false\" data-dominant-color=\"5d6e7c\" \/><\/a><\/div>\n\n\n\n<div class=\"wp-block-column is-vertically-aligned-center is-layout-flow wp-block-column-is-layout-flow\" style=\"flex-basis:75%\"><h2 style=\"margin-bottom:var(--wp--preset--spacing--30);\" class=\"ct-dynamic-data wp-elements-02674fe09297fac449a634342842ad06 has-medium-font-size\"><a href=\"https:\/\/portalf1.si\/index.php\/2026\/04\/23\/nepricakovano-verstappen-navdusen-nad-novimi-dirkalniki-serije-formule-e\/\">Nepri\u010dakovano? Verstappen navdu\u0161en nad novimi dirkalniki serije Formule E<\/a><\/h2>\n\n<div class=\"ct-dynamic-data wp-elements-01bd6ab16c00aa6ee9fdf1a0f4eba7f7\"><a href=\"https:\/\/portalf1.si\/index.php\/2026\/04\/23\/nepricakovano-verstappen-navdusen-nad-novimi-dirkalniki-serije-formule-e\/\">23 aprila, 2026<\/a><\/div>\n\n<div class=\"ct-dynamic-data wp-elements-8aaedc5e82ad30c1a7ac9ccdd0e93689\"><p>Nov dirkalnik serije Formule E z oznako Gen4 je, sode\u010d po besedah Antonia Felixa da Coste, o\u010ditno prepri\u010dal celo \u0161tirikratnega\u2026<\/p>\n<\/div><\/div>\n<\/div>\n\n<\/article><article class=\"wp-block-post is-layout-flow post-12657 post type-post status-publish format-standard has-post-thumbnail hentry category-clanki category-formula-1 category-liberty-media category-novice tag-f1 tag-f1-2026 tag-f1-slovenija tag-formula-1 tag-formula-1-2026 tag-formula-1-slovenija tag-liberty-media\">\n\n<div class=\"wp-block-columns is-layout-flex wp-container-core-columns-is-layout-28f84493 wp-block-columns-is-layout-flex\">\n<div class=\"wp-block-column is-layout-flow wp-block-column-is-layout-flow\" style=\"flex-basis:25%\"><a class=\"ct-dynamic-media wp-elements-d281221a6c098a814e13582bfca57b5c\" aria-label=\"Kako se je Formula 1 iz &#8220;preprostega&#8221; \u0161porta transformirala v globalni zabavni proizvod, usmerjen k potro\u0161nikom\" href=\"https:\/\/portalf1.si\/index.php\/2026\/04\/23\/kako-se-je-formula-1-iz-preprostega-sporta-transformirala-v-globalni-zabavni-proizvod-usmerjen-k-potrosnikom\/\"><img loading=\"lazy\" decoding=\"async\" width=\"720\" height=\"480\" src=\"https:\/\/portalf1.si\/wp-content\/uploads\/2026\/04\/norris-mclaren-mexicogp-f1-3-68ff87367f8f9.webp\" class=\"attachment-full size-full not-transparent\" alt=\"\" style=\"--dominant-color: #4d5c60;width:100%;height:100%;object-fit: cover;aspect-ratio: 1;\" srcset=\"https:\/\/portalf1.si\/wp-content\/uploads\/2026\/04\/norris-mclaren-mexicogp-f1-3-68ff87367f8f9.webp 720w, https:\/\/portalf1.si\/wp-content\/uploads\/2026\/04\/norris-mclaren-mexicogp-f1-3-68ff87367f8f9-300x200.webp 300w, https:\/\/portalf1.si\/wp-content\/uploads\/2026\/04\/norris-mclaren-mexicogp-f1-3-68ff87367f8f9-18x12.webp 18w\" sizes=\"auto, (max-width: 720px) 100vw, 720px\" data-has-transparency=\"false\" data-dominant-color=\"4d5c60\" \/><\/a><\/div>\n\n\n\n<div class=\"wp-block-column is-vertically-aligned-center is-layout-flow wp-block-column-is-layout-flow\" style=\"flex-basis:75%\"><h2 style=\"margin-bottom:var(--wp--preset--spacing--30);\" class=\"ct-dynamic-data wp-elements-02674fe09297fac449a634342842ad06 has-medium-font-size\"><a href=\"https:\/\/portalf1.si\/index.php\/2026\/04\/23\/kako-se-je-formula-1-iz-preprostega-sporta-transformirala-v-globalni-zabavni-proizvod-usmerjen-k-potrosnikom\/\">Kako se je Formula 1 iz &#8220;preprostega&#8221; \u0161porta transformirala v globalni zabavni proizvod, usmerjen k potro\u0161nikom<\/a><\/h2>\n\n<div class=\"ct-dynamic-data wp-elements-01bd6ab16c00aa6ee9fdf1a0f4eba7f7\"><a href=\"https:\/\/portalf1.si\/index.php\/2026\/04\/23\/kako-se-je-formula-1-iz-preprostega-sporta-transformirala-v-globalni-zabavni-proizvod-usmerjen-k-potrosnikom\/\">23 aprila, 2026<\/a><\/div>\n\n<div class=\"ct-dynamic-data wp-elements-8aaedc5e82ad30c1a7ac9ccdd0e93689\"><p>Formula 1 je ubrala jasno smer: \u017eeli tekmovati s filmi, gledali\u0161\u010dem in najve\u010djimi dogodki v \u017eivo. Vendar pa je le\u2026<\/p>\n<\/div><\/div>\n<\/div>\n\n<\/article><article class=\"wp-block-post is-layout-flow post-12662 post type-post status-publish format-standard has-post-thumbnail hentry category-fernando-alonso category-formula-1 category-lewis-hamilton category-novice tag-f1 tag-f1-2026 tag-f1-slovenija tag-fernando-alonso tag-formula-1 tag-formula-1-2026 tag-formula-1-slovenija tag-lewis-hamilton\">\n\n<div class=\"wp-block-columns is-layout-flex wp-container-core-columns-is-layout-28f84493 wp-block-columns-is-layout-flex\">\n<div class=\"wp-block-column is-layout-flow wp-block-column-is-layout-flow\" style=\"flex-basis:25%\"><a class=\"ct-dynamic-media wp-elements-d281221a6c098a814e13582bfca57b5c\" aria-label=\"Alonso v novi primerjavi zasen\u010dil Hamiltona\" href=\"https:\/\/portalf1.si\/index.php\/2026\/04\/23\/alonso-v-novi-primerjavi-zasencil-hamiltona-2\/\"><img loading=\"lazy\" decoding=\"async\" width=\"1320\" height=\"742\" src=\"https:\/\/portalf1.si\/wp-content\/uploads\/2026\/04\/c-10.webp\" class=\"attachment-full size-full not-transparent\" alt=\"\" style=\"--dominant-color: #8a7c79;width:100%;height:100%;object-fit: cover;aspect-ratio: 1;\" srcset=\"https:\/\/portalf1.si\/wp-content\/uploads\/2026\/04\/c-10.webp 1320w, https:\/\/portalf1.si\/wp-content\/uploads\/2026\/04\/c-10-300x169.webp 300w, https:\/\/portalf1.si\/wp-content\/uploads\/2026\/04\/c-10-1024x576.webp 1024w, https:\/\/portalf1.si\/wp-content\/uploads\/2026\/04\/c-10-768x432.webp 768w, https:\/\/portalf1.si\/wp-content\/uploads\/2026\/04\/c-10-18x10.webp 18w\" sizes=\"auto, (max-width: 1320px) 100vw, 1320px\" data-has-transparency=\"false\" data-dominant-color=\"8a7c79\" \/><\/a><\/div>\n\n\n\n<div class=\"wp-block-column is-vertically-aligned-center is-layout-flow wp-block-column-is-layout-flow\" style=\"flex-basis:75%\"><h2 style=\"margin-bottom:var(--wp--preset--spacing--30);\" class=\"ct-dynamic-data wp-elements-02674fe09297fac449a634342842ad06 has-medium-font-size\"><a href=\"https:\/\/portalf1.si\/index.php\/2026\/04\/23\/alonso-v-novi-primerjavi-zasencil-hamiltona-2\/\">Alonso v novi primerjavi zasen\u010dil Hamiltona<\/a><\/h2>\n\n<div class=\"ct-dynamic-data wp-elements-01bd6ab16c00aa6ee9fdf1a0f4eba7f7\"><a href=\"https:\/\/portalf1.si\/index.php\/2026\/04\/23\/alonso-v-novi-primerjavi-zasencil-hamiltona-2\/\">23 aprila, 2026<\/a><\/div>\n\n<div class=\"ct-dynamic-data wp-elements-8aaedc5e82ad30c1a7ac9ccdd0e93689\"><p>Nelson Piquet ml. meni, da Lewis Hamilton nima ve\u010d enake lakote po Formuli 1 kot Fernando Alonso, za katerega pravi,\u2026<\/p>\n<\/div><\/div>\n<\/div>\n\n<\/article><article class=\"wp-block-post is-layout-flow post-12653 post type-post status-publish format-standard has-post-thumbnail hentry category-ferrari category-formula-1 category-novice tag-f1 tag-f1-2026 tag-f1-slovenija tag-ferrari tag-formula-1 tag-formula-1-2026 tag-formula-1-slovenija\">\n\n<div class=\"wp-block-columns is-layout-flex wp-container-core-columns-is-layout-28f84493 wp-block-columns-is-layout-flex\">\n<div class=\"wp-block-column is-layout-flow wp-block-column-is-layout-flow\" style=\"flex-basis:25%\"><a class=\"ct-dynamic-media wp-elements-d281221a6c098a814e13582bfca57b5c\" aria-label=\"Ferrari z obse\u017enim paketom posodobitev preoblikoval ve\u010d kot 50% dirkalnika\" href=\"https:\/\/portalf1.si\/index.php\/2026\/04\/22\/ferrari-z-obseznim-paketom-posodobitev-preoblikoval-vec-kot-50-dirkalnika\/\"><img loading=\"lazy\" decoding=\"async\" width=\"1320\" height=\"742\" src=\"https:\/\/portalf1.si\/wp-content\/uploads\/2026\/04\/c.webp\" class=\"attachment-full size-full not-transparent\" alt=\"\" style=\"--dominant-color: #5b5754;width:100%;height:100%;object-fit: cover;aspect-ratio: 1;\" srcset=\"https:\/\/portalf1.si\/wp-content\/uploads\/2026\/04\/c.webp 1320w, https:\/\/portalf1.si\/wp-content\/uploads\/2026\/04\/c-300x169.webp 300w, https:\/\/portalf1.si\/wp-content\/uploads\/2026\/04\/c-1024x576.webp 1024w, https:\/\/portalf1.si\/wp-content\/uploads\/2026\/04\/c-768x432.webp 768w, https:\/\/portalf1.si\/wp-content\/uploads\/2026\/04\/c-18x10.webp 18w\" sizes=\"auto, (max-width: 1320px) 100vw, 1320px\" data-has-transparency=\"false\" data-dominant-color=\"5b5754\" \/><\/a><\/div>\n\n\n\n<div class=\"wp-block-column is-vertically-aligned-center is-layout-flow wp-block-column-is-layout-flow\" style=\"flex-basis:75%\"><h2 style=\"margin-bottom:var(--wp--preset--spacing--30);\" class=\"ct-dynamic-data wp-elements-02674fe09297fac449a634342842ad06 has-medium-font-size\"><a href=\"https:\/\/portalf1.si\/index.php\/2026\/04\/22\/ferrari-z-obseznim-paketom-posodobitev-preoblikoval-vec-kot-50-dirkalnika\/\">Ferrari z obse\u017enim paketom posodobitev preoblikoval ve\u010d kot 50% dirkalnika<\/a><\/h2>\n\n<div class=\"ct-dynamic-data wp-elements-01bd6ab16c00aa6ee9fdf1a0f4eba7f7\"><a href=\"https:\/\/portalf1.si\/index.php\/2026\/04\/22\/ferrari-z-obseznim-paketom-posodobitev-preoblikoval-vec-kot-50-dirkalnika\/\">22 aprila, 2026<\/a><\/div>\n\n<div class=\"ct-dynamic-data wp-elements-8aaedc5e82ad30c1a7ac9ccdd0e93689\"><p>Ferrari je za Veliko nagrado Miamija pripravil obse\u017een paket posodobitev. Viri namigujejo, da bo &#8220;vsaj polovica&#8221; dirkalnika SF-26 vklju\u010devala nove\u2026<\/p>\n<\/div><\/div>\n<\/div>\n\n<\/article><article class=\"wp-block-post is-layout-flow post-12649 post type-post status-publish format-standard has-post-thumbnail hentry category-formula-1 category-novice category-red-bull tag-f1 tag-f1-2026 tag-f1-slovenija tag-formula-1 tag-formula-1-2026 tag-formula-1-slovenija\">\n\n<div class=\"wp-block-columns is-layout-flex wp-container-core-columns-is-layout-28f84493 wp-block-columns-is-layout-flex\">\n<div class=\"wp-block-column is-layout-flow wp-block-column-is-layout-flow\" style=\"flex-basis:25%\"><a class=\"ct-dynamic-media wp-elements-d281221a6c098a814e13582bfca57b5c\" aria-label=\"Po Ferrariju mo\u010dno posodobljen dirkalnik testirali tudi pri Red Bullu\" href=\"https:\/\/portalf1.si\/index.php\/2026\/04\/22\/po-ferrariju-mocno-posodobljen-dirkalnik-testirali-tudi-pri-red-bullu\/\"><img loading=\"lazy\" decoding=\"async\" width=\"1280\" height=\"853\" src=\"https:\/\/portalf1.si\/wp-content\/uploads\/2026\/04\/verstappen-rb22-japan-69ca6d247adf5.webp\" class=\"attachment-full size-full not-transparent\" alt=\"\" style=\"--dominant-color: #575552;width:100%;height:100%;object-fit: cover;aspect-ratio: 1;\" srcset=\"https:\/\/portalf1.si\/wp-content\/uploads\/2026\/04\/verstappen-rb22-japan-69ca6d247adf5.webp 1280w, https:\/\/portalf1.si\/wp-content\/uploads\/2026\/04\/verstappen-rb22-japan-69ca6d247adf5-300x200.webp 300w, https:\/\/portalf1.si\/wp-content\/uploads\/2026\/04\/verstappen-rb22-japan-69ca6d247adf5-1024x682.webp 1024w, https:\/\/portalf1.si\/wp-content\/uploads\/2026\/04\/verstappen-rb22-japan-69ca6d247adf5-768x512.webp 768w, https:\/\/portalf1.si\/wp-content\/uploads\/2026\/04\/verstappen-rb22-japan-69ca6d247adf5-18x12.webp 18w\" sizes=\"auto, (max-width: 1280px) 100vw, 1280px\" data-has-transparency=\"false\" data-dominant-color=\"575552\" \/><\/a><\/div>\n\n\n\n<div class=\"wp-block-column is-vertically-aligned-center is-layout-flow wp-block-column-is-layout-flow\" style=\"flex-basis:75%\"><h2 style=\"margin-bottom:var(--wp--preset--spacing--30);\" class=\"ct-dynamic-data wp-elements-02674fe09297fac449a634342842ad06 has-medium-font-size\"><a href=\"https:\/\/portalf1.si\/index.php\/2026\/04\/22\/po-ferrariju-mocno-posodobljen-dirkalnik-testirali-tudi-pri-red-bullu\/\">Po Ferrariju mo\u010dno posodobljen dirkalnik testirali tudi pri Red Bullu<\/a><\/h2>\n\n<div class=\"ct-dynamic-data wp-elements-01bd6ab16c00aa6ee9fdf1a0f4eba7f7\"><a href=\"https:\/\/portalf1.si\/index.php\/2026\/04\/22\/po-ferrariju-mocno-posodobljen-dirkalnik-testirali-tudi-pri-red-bullu\/\">22 aprila, 2026<\/a><\/div>\n\n<div class=\"ct-dynamic-data wp-elements-8aaedc5e82ad30c1a7ac9ccdd0e93689\"><p>Red Bull je sledil Ferrarijevemu zgledu in na stezi v Silverstonu opravil snemalni dan, kjer je pred Miamijem predstavil posodobljen\u2026<\/p>\n<\/div><\/div>\n<\/div>\n\n<\/article><article class=\"wp-block-post is-layout-flow post-12645 post type-post status-publish format-standard has-post-thumbnail hentry category-ferrari category-formula-1 category-novice tag-f1 tag-f1-2026 tag-f1-slovenija tag-ferrari tag-formula-1 tag-formula-1-2026 tag-formula-1-slovenija\">\n\n<div class=\"wp-block-columns is-layout-flex wp-container-core-columns-is-layout-28f84493 wp-block-columns-is-layout-flex\">\n<div class=\"wp-block-column is-layout-flow wp-block-column-is-layout-flow\" style=\"flex-basis:25%\"><a class=\"ct-dynamic-media wp-elements-d281221a6c098a814e13582bfca57b5c\" aria-label=\"Ferrari z obse\u017eno posodobljenim dirkalnikom SF-26 \u0161okiral konkurenco in nakazal, da gre na vse ali ni\u010d\" href=\"https:\/\/portalf1.si\/index.php\/2026\/04\/22\/ferrari-z-obsezno-posodobljenim-dirkalnikom-sf-26-sokiral-konkurenco-in-nakazal-da-gre-na-vse-ali-nic\/\"><img loading=\"lazy\" decoding=\"async\" width=\"1080\" height=\"720\" src=\"https:\/\/portalf1.si\/wp-content\/uploads\/2026\/04\/ferrari-69c7704ea57c3.webp\" class=\"attachment-full size-full not-transparent\" alt=\"\" style=\"--dominant-color: #5e5a57;width:100%;height:100%;object-fit: cover;aspect-ratio: 1;\" srcset=\"https:\/\/portalf1.si\/wp-content\/uploads\/2026\/04\/ferrari-69c7704ea57c3.webp 1080w, https:\/\/portalf1.si\/wp-content\/uploads\/2026\/04\/ferrari-69c7704ea57c3-300x200.webp 300w, https:\/\/portalf1.si\/wp-content\/uploads\/2026\/04\/ferrari-69c7704ea57c3-1024x683.webp 1024w, https:\/\/portalf1.si\/wp-content\/uploads\/2026\/04\/ferrari-69c7704ea57c3-768x512.webp 768w, https:\/\/portalf1.si\/wp-content\/uploads\/2026\/04\/ferrari-69c7704ea57c3-18x12.webp 18w\" sizes=\"auto, (max-width: 1080px) 100vw, 1080px\" data-has-transparency=\"false\" data-dominant-color=\"5e5a57\" \/><\/a><\/div>\n\n\n\n<div class=\"wp-block-column is-vertically-aligned-center is-layout-flow wp-block-column-is-layout-flow\" style=\"flex-basis:75%\"><h2 style=\"margin-bottom:var(--wp--preset--spacing--30);\" class=\"ct-dynamic-data wp-elements-02674fe09297fac449a634342842ad06 has-medium-font-size\"><a href=\"https:\/\/portalf1.si\/index.php\/2026\/04\/22\/ferrari-z-obsezno-posodobljenim-dirkalnikom-sf-26-sokiral-konkurenco-in-nakazal-da-gre-na-vse-ali-nic\/\">Ferrari z obse\u017eno posodobljenim dirkalnikom SF-26 \u0161okiral konkurenco in nakazal, da gre na vse ali ni\u010d<\/a><\/h2>\n\n<div class=\"ct-dynamic-data wp-elements-01bd6ab16c00aa6ee9fdf1a0f4eba7f7\"><a href=\"https:\/\/portalf1.si\/index.php\/2026\/04\/22\/ferrari-z-obsezno-posodobljenim-dirkalnikom-sf-26-sokiral-konkurenco-in-nakazal-da-gre-na-vse-ali-nic\/\">22 aprila, 2026<\/a><\/div>\n\n<div class=\"ct-dynamic-data wp-elements-8aaedc5e82ad30c1a7ac9ccdd0e93689\"><p>Ferrari je na progi v Monzi opravil klju\u010den snemalni dan pred VN Miamija, kjer je ekipa predstavila vrsto tehni\u010dnih posodobitev\u2026<\/p>\n<\/div><\/div>\n<\/div>\n\n<\/article><article class=\"wp-block-post is-layout-flow post-12632 post type-post status-publish format-standard has-post-thumbnail hentry category-ferrari category-formula-1 category-mercedes category-novice tag-f1 tag-f1-2026 tag-f1-slovenija tag-ferrari tag-formula-1 tag-formula-1-2026 tag-formula-1-slovenija tag-mercedes\">\n\n<div class=\"wp-block-columns is-layout-flex wp-container-core-columns-is-layout-28f84493 wp-block-columns-is-layout-flex\">\n<div class=\"wp-block-column is-layout-flow wp-block-column-is-layout-flow\" style=\"flex-basis:25%\"><a class=\"ct-dynamic-media wp-elements-d281221a6c098a814e13582bfca57b5c\" aria-label=\"Kdo se bo bolj okoristil sprememb pravil? Ferrari ali Mercedes?\" href=\"https:\/\/portalf1.si\/index.php\/2026\/04\/22\/kdo-se-bo-bolj-okoristil-sprememb-pravil-ferrari-ali-mercedes\/\"><img loading=\"lazy\" decoding=\"async\" width=\"768\" height=\"432\" src=\"https:\/\/portalf1.si\/wp-content\/uploads\/2026\/03\/skysports-mercedes-ferrari_7188023.webp\" class=\"attachment-full size-full not-transparent\" alt=\"\" style=\"--dominant-color: #4f4b49;width:100%;height:100%;object-fit: cover;aspect-ratio: 1;\" srcset=\"https:\/\/portalf1.si\/wp-content\/uploads\/2026\/03\/skysports-mercedes-ferrari_7188023.webp 768w, https:\/\/portalf1.si\/wp-content\/uploads\/2026\/03\/skysports-mercedes-ferrari_7188023-300x169.webp 300w, https:\/\/portalf1.si\/wp-content\/uploads\/2026\/03\/skysports-mercedes-ferrari_7188023-18x10.webp 18w\" sizes=\"auto, (max-width: 768px) 100vw, 768px\" data-has-transparency=\"false\" data-dominant-color=\"4f4b49\" \/><\/a><\/div>\n\n\n\n<div class=\"wp-block-column is-vertically-aligned-center is-layout-flow wp-block-column-is-layout-flow\" style=\"flex-basis:75%\"><h2 style=\"margin-bottom:var(--wp--preset--spacing--30);\" class=\"ct-dynamic-data wp-elements-02674fe09297fac449a634342842ad06 has-medium-font-size\"><a href=\"https:\/\/portalf1.si\/index.php\/2026\/04\/22\/kdo-se-bo-bolj-okoristil-sprememb-pravil-ferrari-ali-mercedes\/\">Kdo se bo bolj okoristil sprememb pravil? Ferrari ali Mercedes?<\/a><\/h2>\n\n<div class=\"ct-dynamic-data wp-elements-01bd6ab16c00aa6ee9fdf1a0f4eba7f7\"><a href=\"https:\/\/portalf1.si\/index.php\/2026\/04\/22\/kdo-se-bo-bolj-okoristil-sprememb-pravil-ferrari-ali-mercedes\/\">22 aprila, 2026<\/a><\/div>\n\n<div class=\"ct-dynamic-data wp-elements-8aaedc5e82ad30c1a7ac9ccdd0e93689\"><p>Sezona Formule 1 2026 bo od Velike nagrade Miamija dalje dobila novo podobo, toda kdo bo imel od novih popravkov\u2026<\/p>\n<\/div><\/div>\n<\/div>\n\n<\/article><article class=\"wp-block-post is-layout-flow post-12626 post type-post status-publish format-standard has-post-thumbnail hentry category-ford category-formula-1 category-novice category-red-bull tag-f1 tag-f1-2026 tag-f1-slovenija tag-ford tag-formula-1 tag-formula-1-2026 tag-formula-1-slovenija tag-red-bull\">\n\n<div class=\"wp-block-columns is-layout-flex wp-container-core-columns-is-layout-28f84493 wp-block-columns-is-layout-flex\">\n<div class=\"wp-block-column is-layout-flow wp-block-column-is-layout-flow\" style=\"flex-basis:25%\"><a class=\"ct-dynamic-media wp-elements-d281221a6c098a814e13582bfca57b5c\" aria-label=\"Red Bull in Ford razmi\u0161ljata o drasti\u010dni odlo\u010ditvi glede pogonske enote\" href=\"https:\/\/portalf1.si\/index.php\/2026\/04\/22\/red-bull-in-ford-razmisljata-o-drasticni-odlocitvi-glede-pogonske-enote\/\"><img loading=\"lazy\" decoding=\"async\" width=\"1600\" height=\"900\" src=\"https:\/\/portalf1.si\/wp-content\/uploads\/2026\/02\/Red-Bull-RB22-powerunit-install.webp\" class=\"attachment-full size-full not-transparent\" alt=\"\" style=\"--dominant-color: #766b72;width:100%;height:100%;object-fit: cover;aspect-ratio: 1;\" srcset=\"https:\/\/portalf1.si\/wp-content\/uploads\/2026\/02\/Red-Bull-RB22-powerunit-install.webp 1600w, https:\/\/portalf1.si\/wp-content\/uploads\/2026\/02\/Red-Bull-RB22-powerunit-install-300x169.webp 300w, https:\/\/portalf1.si\/wp-content\/uploads\/2026\/02\/Red-Bull-RB22-powerunit-install-1024x576.webp 1024w, https:\/\/portalf1.si\/wp-content\/uploads\/2026\/02\/Red-Bull-RB22-powerunit-install-768x432.webp 768w, https:\/\/portalf1.si\/wp-content\/uploads\/2026\/02\/Red-Bull-RB22-powerunit-install-1536x864.webp 1536w, https:\/\/portalf1.si\/wp-content\/uploads\/2026\/02\/Red-Bull-RB22-powerunit-install-18x10.webp 18w\" sizes=\"auto, (max-width: 1600px) 100vw, 1600px\" data-has-transparency=\"false\" data-dominant-color=\"766b72\" \/><\/a><\/div>\n\n\n\n<div class=\"wp-block-column is-vertically-aligned-center is-layout-flow wp-block-column-is-layout-flow\" style=\"flex-basis:75%\"><h2 style=\"margin-bottom:var(--wp--preset--spacing--30);\" class=\"ct-dynamic-data wp-elements-02674fe09297fac449a634342842ad06 has-medium-font-size\"><a href=\"https:\/\/portalf1.si\/index.php\/2026\/04\/22\/red-bull-in-ford-razmisljata-o-drasticni-odlocitvi-glede-pogonske-enote\/\">Red Bull in Ford razmi\u0161ljata o drasti\u010dni odlo\u010ditvi glede pogonske enote<\/a><\/h2>\n\n<div class=\"ct-dynamic-data wp-elements-01bd6ab16c00aa6ee9fdf1a0f4eba7f7\"><a href=\"https:\/\/portalf1.si\/index.php\/2026\/04\/22\/red-bull-in-ford-razmisljata-o-drasticni-odlocitvi-glede-pogonske-enote\/\">22 aprila, 2026<\/a><\/div>\n\n<div class=\"ct-dynamic-data wp-elements-8aaedc5e82ad30c1a7ac9ccdd0e93689\"><p>Pri Red Bullu in njihovem motornem partnerju Fordu resno razmi\u0161ljajo, da ne bi uvedli nobenih nadgradenj zmogljivosti pogonske enote, tudi\u2026<\/p>\n<\/div><\/div>\n<\/div>\n\n<\/article><article class=\"wp-block-post is-layout-flow post-12619 post type-post status-publish format-standard has-post-thumbnail hentry category-formula-1 category-novice category-zanimivosti tag-f1 tag-f1-2026 tag-f1-slovenija tag-formula-1 tag-formula-1-2026 tag-formula-1-slovenija\">\n\n<div class=\"wp-block-columns is-layout-flex wp-container-core-columns-is-layout-28f84493 wp-block-columns-is-layout-flex\">\n<div class=\"wp-block-column is-layout-flow wp-block-column-is-layout-flow\" style=\"flex-basis:25%\"><a class=\"ct-dynamic-media wp-elements-d281221a6c098a814e13582bfca57b5c\" aria-label=\"\u0160kandal! Dirka\u010d Formule 1 in ve\u010d nogometa\u0161ev iz Serie A vpletenih v mre\u017eo elitnih spremljevalk\" href=\"https:\/\/portalf1.si\/index.php\/2026\/04\/22\/skandal-dirkac-formule-1-in-vec-nogometasev-iz-serie-a-vpletenih-v-mrezo-elitnih-spremljevalk\/\"><img loading=\"lazy\" decoding=\"async\" width=\"720\" height=\"479\" src=\"https:\/\/portalf1.si\/wp-content\/uploads\/2026\/04\/prostitution-stox.webp\" class=\"attachment-full size-full not-transparent\" alt=\"\" style=\"--dominant-color: #463b39;width:100%;height:100%;object-fit: cover;aspect-ratio: 1;\" srcset=\"https:\/\/portalf1.si\/wp-content\/uploads\/2026\/04\/prostitution-stox.webp 720w, https:\/\/portalf1.si\/wp-content\/uploads\/2026\/04\/prostitution-stox-300x200.webp 300w, https:\/\/portalf1.si\/wp-content\/uploads\/2026\/04\/prostitution-stox-18x12.webp 18w\" sizes=\"auto, (max-width: 720px) 100vw, 720px\" data-has-transparency=\"false\" data-dominant-color=\"463b39\" \/><\/a><\/div>\n\n\n\n<div class=\"wp-block-column is-vertically-aligned-center is-layout-flow wp-block-column-is-layout-flow\" style=\"flex-basis:75%\"><h2 style=\"margin-bottom:var(--wp--preset--spacing--30);\" class=\"ct-dynamic-data wp-elements-02674fe09297fac449a634342842ad06 has-medium-font-size\"><a href=\"https:\/\/portalf1.si\/index.php\/2026\/04\/22\/skandal-dirkac-formule-1-in-vec-nogometasev-iz-serie-a-vpletenih-v-mrezo-elitnih-spremljevalk\/\">\u0160kandal! Dirka\u010d Formule 1 in ve\u010d nogometa\u0161ev iz Serie A vpletenih v mre\u017eo elitnih spremljevalk<\/a><\/h2>\n\n<div class=\"ct-dynamic-data wp-elements-01bd6ab16c00aa6ee9fdf1a0f4eba7f7\"><a href=\"https:\/\/portalf1.si\/index.php\/2026\/04\/22\/skandal-dirkac-formule-1-in-vec-nogometasev-iz-serie-a-vpletenih-v-mrezo-elitnih-spremljevalk\/\">22 aprila, 2026<\/a><\/div>\n\n<div class=\"ct-dynamic-data wp-elements-8aaedc5e82ad30c1a7ac9ccdd0e93689\"><p>Italijanski mediji na podlagi prisluhov in sodnih dokumentov poro\u010dajo, da naj bi bil v obse\u017eni italijanski preiskavi mre\u017ee elitnih spremljevalk,\u2026<\/p>\n<\/div><\/div>\n<\/div>\n\n<\/article><article class=\"wp-block-post is-layout-flow post-12616 post type-post status-publish format-standard has-post-thumbnail hentry category-formula-1 category-novice category-zanimivosti\">\n\n<div class=\"wp-block-columns is-layout-flex wp-container-core-columns-is-layout-28f84493 wp-block-columns-is-layout-flex\">\n<div class=\"wp-block-column is-layout-flow wp-block-column-is-layout-flow\" style=\"flex-basis:25%\"><a class=\"ct-dynamic-media wp-elements-d281221a6c098a814e13582bfca57b5c\" aria-label=\"Neverjetno! Italijanska finan\u010dna policija zaradi dav\u010dnih utaj pri\u010dela pregon ekip s sede\u017eem zunaj Italije\" href=\"https:\/\/portalf1.si\/index.php\/2026\/04\/21\/neverjetno-italijanska-financna-policija-zaradi-davcnih-utaj-pricela-pregon-ekip-s-sedezem-zunaj-italije\/\"><img loading=\"lazy\" decoding=\"async\" width=\"1920\" height=\"1080\" src=\"https:\/\/portalf1.si\/wp-content\/uploads\/2026\/04\/f1-italian-grand-prix-podium-at-monza-circuit_f.webp\" class=\"attachment-full size-full not-transparent\" alt=\"\" style=\"--dominant-color: #7e5f57;width:100%;height:100%;object-fit: cover;aspect-ratio: 1;\" srcset=\"https:\/\/portalf1.si\/wp-content\/uploads\/2026\/04\/f1-italian-grand-prix-podium-at-monza-circuit_f.webp 1920w, https:\/\/portalf1.si\/wp-content\/uploads\/2026\/04\/f1-italian-grand-prix-podium-at-monza-circuit_f-300x169.webp 300w, https:\/\/portalf1.si\/wp-content\/uploads\/2026\/04\/f1-italian-grand-prix-podium-at-monza-circuit_f-1024x576.webp 1024w, https:\/\/portalf1.si\/wp-content\/uploads\/2026\/04\/f1-italian-grand-prix-podium-at-monza-circuit_f-768x432.webp 768w, https:\/\/portalf1.si\/wp-content\/uploads\/2026\/04\/f1-italian-grand-prix-podium-at-monza-circuit_f-1536x864.webp 1536w, https:\/\/portalf1.si\/wp-content\/uploads\/2026\/04\/f1-italian-grand-prix-podium-at-monza-circuit_f-18x10.webp 18w\" sizes=\"auto, (max-width: 1920px) 100vw, 1920px\" data-has-transparency=\"false\" data-dominant-color=\"7e5f57\" \/><\/a><\/div>\n\n\n\n<div class=\"wp-block-column is-vertically-aligned-center is-layout-flow wp-block-column-is-layout-flow\" style=\"flex-basis:75%\"><h2 style=\"margin-bottom:var(--wp--preset--spacing--30);\" class=\"ct-dynamic-data wp-elements-02674fe09297fac449a634342842ad06 has-medium-font-size\"><a href=\"https:\/\/portalf1.si\/index.php\/2026\/04\/21\/neverjetno-italijanska-financna-policija-zaradi-davcnih-utaj-pricela-pregon-ekip-s-sedezem-zunaj-italije\/\">Neverjetno! Italijanska finan\u010dna policija zaradi dav\u010dnih utaj pri\u010dela pregon ekip s sede\u017eem zunaj Italije<\/a><\/h2>\n\n<div class=\"ct-dynamic-data wp-elements-01bd6ab16c00aa6ee9fdf1a0f4eba7f7\"><a href=\"https:\/\/portalf1.si\/index.php\/2026\/04\/21\/neverjetno-italijanska-financna-policija-zaradi-davcnih-utaj-pricela-pregon-ekip-s-sedezem-zunaj-italije\/\">21 aprila, 2026<\/a><\/div>\n\n<div class=\"ct-dynamic-data wp-elements-8aaedc5e82ad30c1a7ac9ccdd0e93689\"><p>Italijanska finan\u010dna policija (Guardia di Finanza) je za\u010dela upravni nadzor zaradi morebitnih dav\u010dnih utaj ekip Formule 1 s sede\u017eem zunaj\u2026<\/p>\n<\/div><\/div>\n<\/div>\n\n<\/article><article class=\"wp-block-post is-layout-flow post-12610 post type-post status-publish format-standard has-post-thumbnail hentry category-charles-leclerc category-ferrari category-formula-1 category-novice tag-charles-leclerc tag-f1 tag-f1-2026 tag-f1-slovenija tag-ferrari tag-formula-1 tag-formula-1-2026 tag-formula-1-slovenija\">\n\n<div class=\"wp-block-columns is-layout-flex wp-container-core-columns-is-layout-28f84493 wp-block-columns-is-layout-flex\">\n<div class=\"wp-block-column is-layout-flow wp-block-column-is-layout-flow\" style=\"flex-basis:25%\"><a class=\"ct-dynamic-media wp-elements-d281221a6c098a814e13582bfca57b5c\" aria-label=\"Ali bi bili Leclercovi dose\u017eki druga\u010dni, \u010de bi dirkal za Mercedes ali Red Bull?\" href=\"https:\/\/portalf1.si\/index.php\/2026\/04\/21\/ali-bi-bili-leclercovi-dosezki-drugacni-ce-bi-dirkal-za-mercedes-ali-red-bull\/\"><img loading=\"lazy\" decoding=\"async\" width=\"1092\" height=\"683\" src=\"https:\/\/portalf1.si\/wp-content\/uploads\/2026\/04\/XPB_1404331_HiRes.webp\" class=\"attachment-full size-full not-transparent\" alt=\"\" style=\"--dominant-color: #9b6062;width:100%;height:100%;object-fit: cover;aspect-ratio: 1;\" srcset=\"https:\/\/portalf1.si\/wp-content\/uploads\/2026\/04\/XPB_1404331_HiRes.webp 1092w, https:\/\/portalf1.si\/wp-content\/uploads\/2026\/04\/XPB_1404331_HiRes-300x188.webp 300w, https:\/\/portalf1.si\/wp-content\/uploads\/2026\/04\/XPB_1404331_HiRes-1024x640.webp 1024w, https:\/\/portalf1.si\/wp-content\/uploads\/2026\/04\/XPB_1404331_HiRes-768x480.webp 768w, https:\/\/portalf1.si\/wp-content\/uploads\/2026\/04\/XPB_1404331_HiRes-18x12.webp 18w\" sizes=\"auto, (max-width: 1092px) 100vw, 1092px\" data-has-transparency=\"false\" data-dominant-color=\"9b6062\" \/><\/a><\/div>\n\n\n\n<div class=\"wp-block-column is-vertically-aligned-center is-layout-flow wp-block-column-is-layout-flow\" style=\"flex-basis:75%\"><h2 style=\"margin-bottom:var(--wp--preset--spacing--30);\" class=\"ct-dynamic-data wp-elements-02674fe09297fac449a634342842ad06 has-medium-font-size\"><a href=\"https:\/\/portalf1.si\/index.php\/2026\/04\/21\/ali-bi-bili-leclercovi-dosezki-drugacni-ce-bi-dirkal-za-mercedes-ali-red-bull\/\">Ali bi bili Leclercovi dose\u017eki druga\u010dni, \u010de bi dirkal za Mercedes ali Red Bull?<\/a><\/h2>\n\n<div class=\"ct-dynamic-data wp-elements-01bd6ab16c00aa6ee9fdf1a0f4eba7f7\"><a href=\"https:\/\/portalf1.si\/index.php\/2026\/04\/21\/ali-bi-bili-leclercovi-dosezki-drugacni-ce-bi-dirkal-za-mercedes-ali-red-bull\/\">21 aprila, 2026<\/a><\/div>\n\n<div class=\"ct-dynamic-data wp-elements-8aaedc5e82ad30c1a7ac9ccdd0e93689\"><p>Dolgotrajno sodelovanje Charlesa Leclerca in Ferrarija v Formuli 1 ostaja ena glavnih tem v zakulisju, saj se pojavlja vse ve\u010d\u2026<\/p>\n<\/div><\/div>\n<\/div>\n\n<\/article><article class=\"wp-block-post is-layout-flow post-12607 post type-post status-publish format-standard has-post-thumbnail hentry category-ferrari category-formula-1 category-mercedes category-novice category-toto-wolff tag-f1 tag-f1-2026 tag-f1-slovenija tag-ferrari tag-formula-1 tag-formula-1-2026 tag-formula-1-slovenija tag-mercedes tag-toto-wolff\">\n\n<div class=\"wp-block-columns is-layout-flex wp-container-core-columns-is-layout-28f84493 wp-block-columns-is-layout-flex\">\n<div class=\"wp-block-column is-layout-flow wp-block-column-is-layout-flow\" style=\"flex-basis:25%\"><a class=\"ct-dynamic-media wp-elements-d281221a6c098a814e13582bfca57b5c\" aria-label=\"Wolff \u017eeli prepre\u010diti, da bi FIA Ferrariju odobrila posodobitve pogonske enote\" href=\"https:\/\/portalf1.si\/index.php\/2026\/04\/21\/wolff-zeli-prepreciti-da-bi-fia-ferrariju-odobrila-posodobitve-pogonske-enote\/\"><img loading=\"lazy\" decoding=\"async\" width=\"475\" height=\"317\" src=\"https:\/\/portalf1.si\/wp-content\/uploads\/2025\/07\/CxKmXRTWEAAo_i-.webp\" class=\"attachment-full size-full not-transparent\" alt=\"\" style=\"--dominant-color: #7c755c;width:100%;height:100%;object-fit: cover;aspect-ratio: 1;\" srcset=\"https:\/\/portalf1.si\/wp-content\/uploads\/2025\/07\/CxKmXRTWEAAo_i-.webp 475w, https:\/\/portalf1.si\/wp-content\/uploads\/2025\/07\/CxKmXRTWEAAo_i--300x200.webp 300w\" sizes=\"auto, (max-width: 475px) 100vw, 475px\" data-has-transparency=\"false\" data-dominant-color=\"7c755c\" \/><\/a><\/div>\n\n\n\n<div class=\"wp-block-column is-vertically-aligned-center is-layout-flow wp-block-column-is-layout-flow\" style=\"flex-basis:75%\"><h2 style=\"margin-bottom:var(--wp--preset--spacing--30);\" class=\"ct-dynamic-data wp-elements-02674fe09297fac449a634342842ad06 has-medium-font-size\"><a href=\"https:\/\/portalf1.si\/index.php\/2026\/04\/21\/wolff-zeli-prepreciti-da-bi-fia-ferrariju-odobrila-posodobitve-pogonske-enote\/\">Wolff \u017eeli prepre\u010diti, da bi FIA Ferrariju odobrila posodobitve pogonske enote<\/a><\/h2>\n\n<div class=\"ct-dynamic-data wp-elements-01bd6ab16c00aa6ee9fdf1a0f4eba7f7\"><a href=\"https:\/\/portalf1.si\/index.php\/2026\/04\/21\/wolff-zeli-prepreciti-da-bi-fia-ferrariju-odobrila-posodobitve-pogonske-enote\/\">21 aprila, 2026<\/a><\/div>\n\n<div class=\"ct-dynamic-data wp-elements-8aaedc5e82ad30c1a7ac9ccdd0e93689\"><p>Toto Wolff se boji, da bi FIA v prihodnjih mesecih Ferrariju lahko odobrila posodobitve pri razvoju pogonske enote, zahvaljujo\u010d sistemu\u2026<\/p>\n<\/div><\/div>\n<\/div>\n\n<\/article><article class=\"wp-block-post is-layout-flow post-12600 post type-post status-publish format-standard has-post-thumbnail hentry category-formula-1 category-max-verstappen category-novice tag-f1 tag-f1-2026 tag-f1-slovenija tag-formula-1 tag-formula-1-2026 tag-formula-1-slovenija tag-max-verstappen\">\n\n<div class=\"wp-block-columns is-layout-flex wp-container-core-columns-is-layout-28f84493 wp-block-columns-is-layout-flex\">\n<div class=\"wp-block-column is-layout-flow wp-block-column-is-layout-flow\" style=\"flex-basis:25%\"><a class=\"ct-dynamic-media wp-elements-d281221a6c098a814e13582bfca57b5c\" aria-label=\"Verstappen kriti\u010den: Nova pravila so \u017ee v osnovi napa\u010dna, a tega no\u010de nih\u010de priznati\" href=\"https:\/\/portalf1.si\/index.php\/2026\/04\/21\/verstappen-kriticen-nova-pravila-so-ze-v-osnovi-napacna-a-tega-noce-nihce-priznati\/\"><img loading=\"lazy\" decoding=\"async\" width=\"900\" height=\"600\" src=\"https:\/\/portalf1.si\/wp-content\/uploads\/2026\/03\/48ec1bdf-5725-4dab-9528-ea79a3bf2482.webp\" class=\"attachment-full size-full not-transparent\" alt=\"\" style=\"--dominant-color: #464142;width:100%;height:100%;object-fit: cover;aspect-ratio: 1;\" srcset=\"https:\/\/portalf1.si\/wp-content\/uploads\/2026\/03\/48ec1bdf-5725-4dab-9528-ea79a3bf2482.webp 900w, https:\/\/portalf1.si\/wp-content\/uploads\/2026\/03\/48ec1bdf-5725-4dab-9528-ea79a3bf2482-300x200.webp 300w, https:\/\/portalf1.si\/wp-content\/uploads\/2026\/03\/48ec1bdf-5725-4dab-9528-ea79a3bf2482-768x512.webp 768w, https:\/\/portalf1.si\/wp-content\/uploads\/2026\/03\/48ec1bdf-5725-4dab-9528-ea79a3bf2482-18x12.webp 18w\" sizes=\"auto, (max-width: 900px) 100vw, 900px\" data-has-transparency=\"false\" data-dominant-color=\"464142\" \/><\/a><\/div>\n\n\n\n<div class=\"wp-block-column is-vertically-aligned-center is-layout-flow wp-block-column-is-layout-flow\" style=\"flex-basis:75%\"><h2 style=\"margin-bottom:var(--wp--preset--spacing--30);\" class=\"ct-dynamic-data wp-elements-02674fe09297fac449a634342842ad06 has-medium-font-size\"><a href=\"https:\/\/portalf1.si\/index.php\/2026\/04\/21\/verstappen-kriticen-nova-pravila-so-ze-v-osnovi-napacna-a-tega-noce-nihce-priznati\/\">Verstappen kriti\u010den: Nova pravila so \u017ee v osnovi napa\u010dna, a tega no\u010de nih\u010de priznati<\/a><\/h2>\n\n<div class=\"ct-dynamic-data wp-elements-01bd6ab16c00aa6ee9fdf1a0f4eba7f7\"><a href=\"https:\/\/portalf1.si\/index.php\/2026\/04\/21\/verstappen-kriticen-nova-pravila-so-ze-v-osnovi-napacna-a-tega-noce-nihce-priznati\/\">21 aprila, 2026<\/a><\/div>\n\n<div class=\"ct-dynamic-data wp-elements-8aaedc5e82ad30c1a7ac9ccdd0e93689\"><p>Max Verstappen je izrazil zadovoljstvo nad teko\u010dimi pogovori s FIO glede tehni\u010dne smeri trenutnih pravilnikov Formule 1. Nizozemski dirka\u010d, ki\u2026<\/p>\n<\/div><\/div>\n<\/div>\n\n<\/article><article class=\"wp-block-post is-layout-flow post-12598 post type-post status-publish format-standard has-post-thumbnail hentry category-fia category-formula-1 category-novice category-vn-miamija tag-f1 tag-f1-2026 tag-f1-slovenija tag-fia tag-formula-1 tag-formula-1-2026 tag-formula-1-slovenija tag-vn-miamija\">\n\n<div class=\"wp-block-columns is-layout-flex wp-container-core-columns-is-layout-28f84493 wp-block-columns-is-layout-flex\">\n<div class=\"wp-block-column is-layout-flow wp-block-column-is-layout-flow\" style=\"flex-basis:25%\"><a class=\"ct-dynamic-media wp-elements-d281221a6c098a814e13582bfca57b5c\" aria-label=\"Uradno! Formula 1 bo po dogovoru s FIO do\u017eivela \u0161tevilne spremembe, namenjene izbolj\u0161anju dirkanja\" href=\"https:\/\/portalf1.si\/index.php\/2026\/04\/20\/uradno-formula-1-bo-po-dogovoru-s-fio-dozivela-stevilne-spremembe-namenjene-izboljsanju-dirkanja\/\"><img loading=\"lazy\" decoding=\"async\" width=\"1200\" height=\"800\" src=\"https:\/\/portalf1.si\/wp-content\/uploads\/2026\/03\/XPB_1399898_HiRes.webp\" class=\"attachment-full size-full not-transparent\" alt=\"\" style=\"--dominant-color: #4a4c4f;width:100%;height:100%;object-fit: cover;aspect-ratio: 1;\" srcset=\"https:\/\/portalf1.si\/wp-content\/uploads\/2026\/03\/XPB_1399898_HiRes.webp 1200w, https:\/\/portalf1.si\/wp-content\/uploads\/2026\/03\/XPB_1399898_HiRes-300x200.webp 300w, https:\/\/portalf1.si\/wp-content\/uploads\/2026\/03\/XPB_1399898_HiRes-1024x683.webp 1024w, https:\/\/portalf1.si\/wp-content\/uploads\/2026\/03\/XPB_1399898_HiRes-768x512.webp 768w, https:\/\/portalf1.si\/wp-content\/uploads\/2026\/03\/XPB_1399898_HiRes-18x12.webp 18w\" sizes=\"auto, (max-width: 1200px) 100vw, 1200px\" data-has-transparency=\"false\" data-dominant-color=\"4a4c4f\" \/><\/a><\/div>\n\n\n\n<div class=\"wp-block-column is-vertically-aligned-center is-layout-flow wp-block-column-is-layout-flow\" style=\"flex-basis:75%\"><h2 style=\"margin-bottom:var(--wp--preset--spacing--30);\" class=\"ct-dynamic-data wp-elements-02674fe09297fac449a634342842ad06 has-medium-font-size\"><a href=\"https:\/\/portalf1.si\/index.php\/2026\/04\/20\/uradno-formula-1-bo-po-dogovoru-s-fio-dozivela-stevilne-spremembe-namenjene-izboljsanju-dirkanja\/\">Uradno! Formula 1 bo po dogovoru s FIO do\u017eivela \u0161tevilne spremembe, namenjene izbolj\u0161anju dirkanja<\/a><\/h2>\n\n<div class=\"ct-dynamic-data wp-elements-01bd6ab16c00aa6ee9fdf1a0f4eba7f7\"><a href=\"https:\/\/portalf1.si\/index.php\/2026\/04\/20\/uradno-formula-1-bo-po-dogovoru-s-fio-dozivela-stevilne-spremembe-namenjene-izboljsanju-dirkanja\/\">20 aprila, 2026<\/a><\/div>\n\n<div class=\"ct-dynamic-data wp-elements-8aaedc5e82ad30c1a7ac9ccdd0e93689\"><p>FIA je izdala izjavo, v kateri je napovedala soglasen dogovor med njo, Formulo 1, vodjami ekip in izvr\u0161nimi direktorji o\u2026<\/p>\n<\/div><\/div>\n<\/div>\n\n<\/article><article class=\"wp-block-post is-layout-flow post-12594 post type-post status-publish format-standard has-post-thumbnail hentry category-andrea-stella category-ferrari category-formula-1 category-mclaren category-novice tag-andrea-stella tag-f1 tag-f1-2026 tag-f1-slovenija tag-ferrari tag-formula-1 tag-formula-1-2026 tag-formula-1-slovenija tag-mclaren\">\n\n<div class=\"wp-block-columns is-layout-flex wp-container-core-columns-is-layout-28f84493 wp-block-columns-is-layout-flex\">\n<div class=\"wp-block-column is-layout-flow wp-block-column-is-layout-flow\" style=\"flex-basis:25%\"><a class=\"ct-dynamic-media wp-elements-d281221a6c098a814e13582bfca57b5c\" aria-label=\"Stella zavrnil govorice o prestopu k Ferrariju: Nek zavisten sla\u0161\u010di\u010dar posku\u0161a pokvariti pripravo dobre sladice\" href=\"https:\/\/portalf1.si\/index.php\/2026\/04\/20\/stella-zavrnil-govorice-o-prestopu-k-ferrariju-nek-zavisten-slascicar-poskusa-pokvariti-pripravo-dobre-sladice\/\"><img loading=\"lazy\" decoding=\"async\" width=\"1600\" height=\"900\" src=\"https:\/\/portalf1.si\/wp-content\/uploads\/2026\/04\/andrea-stella-planetf1.webp\" class=\"attachment-full size-full not-transparent\" alt=\"\" style=\"--dominant-color: #8c6d5e;width:100%;height:100%;object-fit: cover;aspect-ratio: 1;\" srcset=\"https:\/\/portalf1.si\/wp-content\/uploads\/2026\/04\/andrea-stella-planetf1.webp 1600w, https:\/\/portalf1.si\/wp-content\/uploads\/2026\/04\/andrea-stella-planetf1-300x169.webp 300w, https:\/\/portalf1.si\/wp-content\/uploads\/2026\/04\/andrea-stella-planetf1-1024x576.webp 1024w, https:\/\/portalf1.si\/wp-content\/uploads\/2026\/04\/andrea-stella-planetf1-768x432.webp 768w, https:\/\/portalf1.si\/wp-content\/uploads\/2026\/04\/andrea-stella-planetf1-1536x864.webp 1536w, https:\/\/portalf1.si\/wp-content\/uploads\/2026\/04\/andrea-stella-planetf1-18x10.webp 18w\" sizes=\"auto, (max-width: 1600px) 100vw, 1600px\" data-has-transparency=\"false\" data-dominant-color=\"8c6d5e\" \/><\/a><\/div>\n\n\n\n<div class=\"wp-block-column is-vertically-aligned-center is-layout-flow wp-block-column-is-layout-flow\" style=\"flex-basis:75%\"><h2 style=\"margin-bottom:var(--wp--preset--spacing--30);\" class=\"ct-dynamic-data wp-elements-02674fe09297fac449a634342842ad06 has-medium-font-size\"><a href=\"https:\/\/portalf1.si\/index.php\/2026\/04\/20\/stella-zavrnil-govorice-o-prestopu-k-ferrariju-nek-zavisten-slascicar-poskusa-pokvariti-pripravo-dobre-sladice\/\">Stella zavrnil govorice o prestopu k Ferrariju: Nek zavisten sla\u0161\u010di\u010dar posku\u0161a pokvariti pripravo dobre sladice<\/a><\/h2>\n\n<div class=\"ct-dynamic-data wp-elements-01bd6ab16c00aa6ee9fdf1a0f4eba7f7\"><a href=\"https:\/\/portalf1.si\/index.php\/2026\/04\/20\/stella-zavrnil-govorice-o-prestopu-k-ferrariju-nek-zavisten-slascicar-poskusa-pokvariti-pripravo-dobre-sladice\/\">20 aprila, 2026<\/a><\/div>\n\n<div class=\"ct-dynamic-data wp-elements-8aaedc5e82ad30c1a7ac9ccdd0e93689\"><p>\u0160ef F1 ekipe McLaren, Andrea Stella, se je le nasmejal nedavnim ugibanjem, ki ga od leta 2028 dalje povezujejo z\u2026<\/p>\n<\/div><\/div>\n<\/div>\n\n<\/article><article class=\"wp-block-post is-layout-flow post-12587 post type-post status-publish format-standard has-post-thumbnail hentry category-formula-1 category-george-russell category-max-verstappen category-novice tag-f1 tag-f1-2026 tag-f1-slovenija tag-formula-1 tag-formula-1-2026 tag-formula-1-slovenija tag-george-russell tag-max-verstappen\">\n\n<div class=\"wp-block-columns is-layout-flex wp-container-core-columns-is-layout-28f84493 wp-block-columns-is-layout-flex\">\n<div class=\"wp-block-column is-layout-flow wp-block-column-is-layout-flow\" style=\"flex-basis:25%\"><a class=\"ct-dynamic-media wp-elements-d281221a6c098a814e13582bfca57b5c\" aria-label=\"Russell opozarja Verstappna: Formula 1 ve\u010dja od katerega koli dirka\u010da\" href=\"https:\/\/portalf1.si\/index.php\/2026\/04\/20\/russell-opozarja-verstappna-formula-1-vecja-od-katerega-koli-dirkaca\/\"><img loading=\"lazy\" decoding=\"async\" width=\"1000\" height=\"667\" src=\"https:\/\/portalf1.si\/wp-content\/uploads\/2025\/04\/max-verstappen-red-bull-racing-4.webp\" class=\"attachment-full size-full not-transparent\" alt=\"\" style=\"--dominant-color: #6e6867;width:100%;height:100%;object-fit: cover;aspect-ratio: 1;\" srcset=\"https:\/\/portalf1.si\/wp-content\/uploads\/2025\/04\/max-verstappen-red-bull-racing-4.webp 1000w, https:\/\/portalf1.si\/wp-content\/uploads\/2025\/04\/max-verstappen-red-bull-racing-4-300x200.webp 300w, https:\/\/portalf1.si\/wp-content\/uploads\/2025\/04\/max-verstappen-red-bull-racing-4-768x512.webp 768w\" sizes=\"auto, (max-width: 1000px) 100vw, 1000px\" data-has-transparency=\"false\" data-dominant-color=\"6e6867\" \/><\/a><\/div>\n\n\n\n<div class=\"wp-block-column is-vertically-aligned-center is-layout-flow wp-block-column-is-layout-flow\" style=\"flex-basis:75%\"><h2 style=\"margin-bottom:var(--wp--preset--spacing--30);\" class=\"ct-dynamic-data wp-elements-02674fe09297fac449a634342842ad06 has-medium-font-size\"><a href=\"https:\/\/portalf1.si\/index.php\/2026\/04\/20\/russell-opozarja-verstappna-formula-1-vecja-od-katerega-koli-dirkaca\/\">Russell opozarja Verstappna: Formula 1 ve\u010dja od katerega koli dirka\u010da<\/a><\/h2>\n\n<div class=\"ct-dynamic-data wp-elements-01bd6ab16c00aa6ee9fdf1a0f4eba7f7\"><a href=\"https:\/\/portalf1.si\/index.php\/2026\/04\/20\/russell-opozarja-verstappna-formula-1-vecja-od-katerega-koli-dirkaca\/\">20 aprila, 2026<\/a><\/div>\n\n<div class=\"ct-dynamic-data wp-elements-8aaedc5e82ad30c1a7ac9ccdd0e93689\"><p>George Russell je Maxu Verstappnu sporo\u010dil, da je &#8220;Formula 1 ve\u010dja od katerega koli dirka\u010da&#8221;, potem ko je Nizozemec ve\u010dkrat\u2026<\/p>\n<\/div><\/div>\n<\/div>\n\n<\/article><article class=\"wp-block-post is-layout-flow post-12583 post type-post status-publish format-standard has-post-thumbnail hentry category-clanki category-ferrari category-formula-1 category-novice tag-f1 tag-f1-2026 tag-f1-slovenija tag-ferrari tag-formula-1 tag-formula-1-2026 tag-formula-1-slovenija\">\n\n<div class=\"wp-block-columns is-layout-flex wp-container-core-columns-is-layout-28f84493 wp-block-columns-is-layout-flex\">\n<div class=\"wp-block-column is-layout-flow wp-block-column-is-layout-flow\" style=\"flex-basis:25%\"><a class=\"ct-dynamic-media wp-elements-d281221a6c098a814e13582bfca57b5c\" aria-label=\"Ferrarijev zgodovinski paradoks: Najbolj\u0161a \u0161asija in najslab\u0161i motor?\" href=\"https:\/\/portalf1.si\/index.php\/2026\/04\/19\/ferrarijev-zgodovinski-paradoks-najboljsa-sasija-in-najslabsi-motor\/\"><img loading=\"lazy\" decoding=\"async\" width=\"1000\" height=\"667\" src=\"https:\/\/portalf1.si\/wp-content\/uploads\/2026\/04\/ferrari-sf-25-dettaglio-tecnic.webp\" class=\"attachment-full size-full not-transparent\" alt=\"\" style=\"--dominant-color: #673c4f;width:100%;height:100%;object-fit: cover;aspect-ratio: 1;\" srcset=\"https:\/\/portalf1.si\/wp-content\/uploads\/2026\/04\/ferrari-sf-25-dettaglio-tecnic.webp 1000w, https:\/\/portalf1.si\/wp-content\/uploads\/2026\/04\/ferrari-sf-25-dettaglio-tecnic-300x200.webp 300w, https:\/\/portalf1.si\/wp-content\/uploads\/2026\/04\/ferrari-sf-25-dettaglio-tecnic-768x512.webp 768w, https:\/\/portalf1.si\/wp-content\/uploads\/2026\/04\/ferrari-sf-25-dettaglio-tecnic-18x12.webp 18w\" sizes=\"auto, (max-width: 1000px) 100vw, 1000px\" data-has-transparency=\"false\" data-dominant-color=\"673c4f\" \/><\/a><\/div>\n\n\n\n<div class=\"wp-block-column is-vertically-aligned-center is-layout-flow wp-block-column-is-layout-flow\" style=\"flex-basis:75%\"><h2 style=\"margin-bottom:var(--wp--preset--spacing--30);\" class=\"ct-dynamic-data wp-elements-02674fe09297fac449a634342842ad06 has-medium-font-size\"><a href=\"https:\/\/portalf1.si\/index.php\/2026\/04\/19\/ferrarijev-zgodovinski-paradoks-najboljsa-sasija-in-najslabsi-motor\/\">Ferrarijev zgodovinski paradoks: Najbolj\u0161a \u0161asija in najslab\u0161i motor?<\/a><\/h2>\n\n<div class=\"ct-dynamic-data wp-elements-01bd6ab16c00aa6ee9fdf1a0f4eba7f7\"><a href=\"https:\/\/portalf1.si\/index.php\/2026\/04\/19\/ferrarijev-zgodovinski-paradoks-najboljsa-sasija-in-najslabsi-motor\/\">19 aprila, 2026<\/a><\/div>\n\n<div class=\"ct-dynamic-data wp-elements-8aaedc5e82ad30c1a7ac9ccdd0e93689\"><p>&#8220;Aerodinamika je za ljudi, ki ne znajo izdelati motorjev.&#8221; Ta sloviti in provokativni citat Enza Ferrarija je desetletja definiral identiteto\u2026<\/p>\n<\/div><\/div>\n<\/div>\n\n<\/article><article class=\"wp-block-post is-layout-flow post-12580 post type-post status-publish format-standard has-post-thumbnail hentry category-formula-1 category-max-verstappen category-novice category-nurburgring tag-f1 tag-f1-2026 tag-f1-slovenija tag-formula-1 tag-formula-1-2026 tag-formula-1-slovenija tag-max-verstappen tag-nurburgring\">\n\n<div class=\"wp-block-columns is-layout-flex wp-container-core-columns-is-layout-28f84493 wp-block-columns-is-layout-flex\">\n<div class=\"wp-block-column is-layout-flow wp-block-column-is-layout-flow\" style=\"flex-basis:25%\"><a class=\"ct-dynamic-media wp-elements-d281221a6c098a814e13582bfca57b5c\" aria-label=\"Verstappen kljub izjemni predstavi zaradi tehni\u010dne te\u017eave ostal brez zmage na N\u00fcrburgringu\" href=\"https:\/\/portalf1.si\/index.php\/2026\/04\/19\/verstappen-kljub-izjemni-predstavi-zaradi-tehnicne-tezave-ostal-brez-zmage-na-nurburgringu\/\"><img loading=\"lazy\" decoding=\"async\" width=\"960\" height=\"720\" src=\"https:\/\/portalf1.si\/wp-content\/uploads\/2026\/04\/verstappen-nurburgring-nls2.webp\" class=\"attachment-full size-full not-transparent\" alt=\"\" style=\"--dominant-color: #65645e;width:100%;height:100%;object-fit: cover;aspect-ratio: 1;\" srcset=\"https:\/\/portalf1.si\/wp-content\/uploads\/2026\/04\/verstappen-nurburgring-nls2.webp 960w, https:\/\/portalf1.si\/wp-content\/uploads\/2026\/04\/verstappen-nurburgring-nls2-300x225.webp 300w, https:\/\/portalf1.si\/wp-content\/uploads\/2026\/04\/verstappen-nurburgring-nls2-768x576.webp 768w, https:\/\/portalf1.si\/wp-content\/uploads\/2026\/04\/verstappen-nurburgring-nls2-16x12.webp 16w\" sizes=\"auto, (max-width: 960px) 100vw, 960px\" data-has-transparency=\"false\" data-dominant-color=\"65645e\" \/><\/a><\/div>\n\n\n\n<div class=\"wp-block-column is-vertically-aligned-center is-layout-flow wp-block-column-is-layout-flow\" style=\"flex-basis:75%\"><h2 style=\"margin-bottom:var(--wp--preset--spacing--30);\" class=\"ct-dynamic-data wp-elements-02674fe09297fac449a634342842ad06 has-medium-font-size\"><a href=\"https:\/\/portalf1.si\/index.php\/2026\/04\/19\/verstappen-kljub-izjemni-predstavi-zaradi-tehnicne-tezave-ostal-brez-zmage-na-nurburgringu\/\">Verstappen kljub izjemni predstavi zaradi tehni\u010dne te\u017eave ostal brez zmage na N\u00fcrburgringu<\/a><\/h2>\n\n<div class=\"ct-dynamic-data wp-elements-01bd6ab16c00aa6ee9fdf1a0f4eba7f7\"><a href=\"https:\/\/portalf1.si\/index.php\/2026\/04\/19\/verstappen-kljub-izjemni-predstavi-zaradi-tehnicne-tezave-ostal-brez-zmage-na-nurburgringu\/\">19 aprila, 2026<\/a><\/div>\n\n<div class=\"ct-dynamic-data wp-elements-8aaedc5e82ad30c1a7ac9ccdd0e93689\"><p>Max Verstappen je na dirki 24h N\u00fcrburgring Qualifiers ostal brez zmage, potem ko so njegovo dirko pokvarile tehni\u010dne te\u017eave z\u2026<\/p>\n<\/div><\/div>\n<\/div>\n\n<\/article><article class=\"wp-block-post is-layout-flow post-12576 post type-post status-publish format-standard has-post-thumbnail hentry category-fia category-formula-1 category-lewis-hamilton category-max-verstappen category-michael-masi category-novice tag-f1 tag-f1-2026 tag-f1-slovenija tag-fia tag-formula-1 tag-formula-1-2026 tag-formula-1-slovenija tag-lewis-hamilton tag-max-verstappen tag-michael-masi\">\n\n<div class=\"wp-block-columns is-layout-flex wp-container-core-columns-is-layout-28f84493 wp-block-columns-is-layout-flex\">\n<div class=\"wp-block-column is-layout-flow wp-block-column-is-layout-flow\" style=\"flex-basis:25%\"><a class=\"ct-dynamic-media wp-elements-d281221a6c098a814e13582bfca57b5c\" aria-label=\"Kritike na ra\u010dune FIE: Masi je bil leta 2021 uporabljen kot gre\u0161ni kozel\" href=\"https:\/\/portalf1.si\/index.php\/2026\/04\/19\/kritike-na-racune-fie-masi-je-bil-leta-2021-uporabljen-kot-gresni-kozel\/\"><img loading=\"lazy\" decoding=\"async\" width=\"2560\" height=\"1440\" src=\"https:\/\/portalf1.si\/wp-content\/uploads\/2026\/04\/M294236-scaled.webp\" class=\"attachment-full size-full not-transparent\" alt=\"\" style=\"--dominant-color: #3c3745;width:100%;height:100%;object-fit: cover;aspect-ratio: 1;\" srcset=\"https:\/\/portalf1.si\/wp-content\/uploads\/2026\/04\/M294236-scaled.webp 2560w, https:\/\/portalf1.si\/wp-content\/uploads\/2026\/04\/M294236-300x169.webp 300w, https:\/\/portalf1.si\/wp-content\/uploads\/2026\/04\/M294236-1024x576.webp 1024w, https:\/\/portalf1.si\/wp-content\/uploads\/2026\/04\/M294236-768x432.webp 768w, https:\/\/portalf1.si\/wp-content\/uploads\/2026\/04\/M294236-1536x864.webp 1536w, https:\/\/portalf1.si\/wp-content\/uploads\/2026\/04\/M294236-2048x1152.webp 2048w, https:\/\/portalf1.si\/wp-content\/uploads\/2026\/04\/M294236-18x10.webp 18w\" sizes=\"auto, (max-width: 2560px) 100vw, 2560px\" data-has-transparency=\"false\" data-dominant-color=\"3c3745\" \/><\/a><\/div>\n\n\n\n<div class=\"wp-block-column is-vertically-aligned-center is-layout-flow wp-block-column-is-layout-flow\" style=\"flex-basis:75%\"><h2 style=\"margin-bottom:var(--wp--preset--spacing--30);\" class=\"ct-dynamic-data wp-elements-02674fe09297fac449a634342842ad06 has-medium-font-size\"><a href=\"https:\/\/portalf1.si\/index.php\/2026\/04\/19\/kritike-na-racune-fie-masi-je-bil-leta-2021-uporabljen-kot-gresni-kozel\/\">Kritike na ra\u010dune FIE: Masi je bil leta 2021 uporabljen kot gre\u0161ni kozel<\/a><\/h2>\n\n<div class=\"ct-dynamic-data wp-elements-01bd6ab16c00aa6ee9fdf1a0f4eba7f7\"><a href=\"https:\/\/portalf1.si\/index.php\/2026\/04\/19\/kritike-na-racune-fie-masi-je-bil-leta-2021-uporabljen-kot-gresni-kozel\/\">19 aprila, 2026<\/a><\/div>\n\n<div class=\"ct-dynamic-data wp-elements-8aaedc5e82ad30c1a7ac9ccdd0e93689\"><p>Nekdanji direktor dirk Formule 1 Niels Wittich meni, da je bil Michael Masi po finalu sezone 2021 v Abu Dabiju\u2026<\/p>\n<\/div><\/div>\n<\/div>\n\n<\/article><article class=\"wp-block-post is-layout-flow post-12571 post type-post status-publish format-standard has-post-thumbnail hentry category-formula-1 category-max-verstappen category-novice category-nurburgring tag-f1 tag-f1-2026 tag-f1-slovenija tag-formula-1 tag-formula-1-2026 tag-formula-1-slovenija tag-nurburgring\">\n\n<div class=\"wp-block-columns is-layout-flex wp-container-core-columns-is-layout-28f84493 wp-block-columns-is-layout-flex\">\n<div class=\"wp-block-column is-layout-flow wp-block-column-is-layout-flow\" style=\"flex-basis:25%\"><a class=\"ct-dynamic-media wp-elements-d281221a6c098a814e13582bfca57b5c\" aria-label=\"Verstappen po tragi\u010dni nesre\u010di brez kroga na N\u00fcrburgringu\" href=\"https:\/\/portalf1.si\/index.php\/2026\/04\/19\/verstappen-po-tragicni-nesreci-brez-kroga-na-nurburgringu\/\"><img loading=\"lazy\" decoding=\"async\" width=\"1280\" height=\"560\" src=\"https:\/\/portalf1.si\/wp-content\/uploads\/2026\/04\/swr-bei-einem-verheerenden-crash-bei-den-24h-qualifiers-auf-dem-nuerburgring-ist-am-samstag-ein-rennfahrer-gestorben-100.webp\" class=\"attachment-full size-full not-transparent\" alt=\"\" style=\"--dominant-color: #56524c;width:100%;height:100%;object-fit: cover;aspect-ratio: 1;\" srcset=\"https:\/\/portalf1.si\/wp-content\/uploads\/2026\/04\/swr-bei-einem-verheerenden-crash-bei-den-24h-qualifiers-auf-dem-nuerburgring-ist-am-samstag-ein-rennfahrer-gestorben-100.webp 1280w, https:\/\/portalf1.si\/wp-content\/uploads\/2026\/04\/swr-bei-einem-verheerenden-crash-bei-den-24h-qualifiers-auf-dem-nuerburgring-ist-am-samstag-ein-rennfahrer-gestorben-100-300x131.webp 300w, https:\/\/portalf1.si\/wp-content\/uploads\/2026\/04\/swr-bei-einem-verheerenden-crash-bei-den-24h-qualifiers-auf-dem-nuerburgring-ist-am-samstag-ein-rennfahrer-gestorben-100-1024x448.webp 1024w, https:\/\/portalf1.si\/wp-content\/uploads\/2026\/04\/swr-bei-einem-verheerenden-crash-bei-den-24h-qualifiers-auf-dem-nuerburgring-ist-am-samstag-ein-rennfahrer-gestorben-100-768x336.webp 768w, https:\/\/portalf1.si\/wp-content\/uploads\/2026\/04\/swr-bei-einem-verheerenden-crash-bei-den-24h-qualifiers-auf-dem-nuerburgring-ist-am-samstag-ein-rennfahrer-gestorben-100-18x8.webp 18w\" sizes=\"auto, (max-width: 1280px) 100vw, 1280px\" data-has-transparency=\"false\" data-dominant-color=\"56524c\" \/><\/a><\/div>\n\n\n\n<div class=\"wp-block-column is-vertically-aligned-center is-layout-flow wp-block-column-is-layout-flow\" style=\"flex-basis:75%\"><h2 style=\"margin-bottom:var(--wp--preset--spacing--30);\" class=\"ct-dynamic-data wp-elements-02674fe09297fac449a634342842ad06 has-medium-font-size\"><a href=\"https:\/\/portalf1.si\/index.php\/2026\/04\/19\/verstappen-po-tragicni-nesreci-brez-kroga-na-nurburgringu\/\">Verstappen po tragi\u010dni nesre\u010di brez kroga na N\u00fcrburgringu<\/a><\/h2>\n\n<div class=\"ct-dynamic-data wp-elements-01bd6ab16c00aa6ee9fdf1a0f4eba7f7\"><a href=\"https:\/\/portalf1.si\/index.php\/2026\/04\/19\/verstappen-po-tragicni-nesreci-brez-kroga-na-nurburgringu\/\">19 aprila, 2026<\/a><\/div>\n\n<div class=\"ct-dynamic-data wp-elements-8aaedc5e82ad30c1a7ac9ccdd0e93689\"><p>Juha Miettinen je umrl po nesre\u010di, v katero je bilo na dirkali\u0161\u010du N\u00fcrburgring vpletenih sedem avtomobilov. \u200bVoznik BMW-ja s \u0161tevilko\u2026<\/p>\n<\/div><\/div>\n<\/div>\n\n<\/article><article class=\"wp-block-post is-layout-flow post-12566 post type-post status-publish format-standard has-post-thumbnail hentry category-formula-1 category-max-verstappen category-novice category-nurburgring tag-f1 tag-f1-2026 tag-f1-slovenija tag-formula-1 tag-formula-1-2026 tag-formula-1-slovenija tag-max-verstappen tag-nurburgring\">\n\n<div class=\"wp-block-columns is-layout-flex wp-container-core-columns-is-layout-28f84493 wp-block-columns-is-layout-flex\">\n<div class=\"wp-block-column is-layout-flow wp-block-column-is-layout-flow\" style=\"flex-basis:25%\"><a class=\"ct-dynamic-media wp-elements-d281221a6c098a814e13582bfca57b5c\" aria-label=\"Verstappen v kaoti\u010dnih razmerah brez pola na N\u00fcrburgringu\" href=\"https:\/\/portalf1.si\/index.php\/2026\/04\/18\/verstappen-v-kaoticnih-razmerah-brez-pola-na-nurburgringu\/\"><img loading=\"lazy\" decoding=\"async\" width=\"1092\" height=\"683\" src=\"https:\/\/portalf1.si\/wp-content\/uploads\/2026\/03\/Verstappen-NLS2-2026.webp\" class=\"attachment-full size-full not-transparent\" alt=\"\" style=\"--dominant-color: #534f4f;width:100%;height:100%;object-fit: cover;aspect-ratio: 1;\" srcset=\"https:\/\/portalf1.si\/wp-content\/uploads\/2026\/03\/Verstappen-NLS2-2026.webp 1092w, https:\/\/portalf1.si\/wp-content\/uploads\/2026\/03\/Verstappen-NLS2-2026-300x188.webp 300w, https:\/\/portalf1.si\/wp-content\/uploads\/2026\/03\/Verstappen-NLS2-2026-1024x640.webp 1024w, https:\/\/portalf1.si\/wp-content\/uploads\/2026\/03\/Verstappen-NLS2-2026-768x480.webp 768w, https:\/\/portalf1.si\/wp-content\/uploads\/2026\/03\/Verstappen-NLS2-2026-18x12.webp 18w\" sizes=\"auto, (max-width: 1092px) 100vw, 1092px\" data-has-transparency=\"false\" data-dominant-color=\"534f4f\" \/><\/a><\/div>\n\n\n\n<div class=\"wp-block-column is-vertically-aligned-center is-layout-flow wp-block-column-is-layout-flow\" style=\"flex-basis:75%\"><h2 style=\"margin-bottom:var(--wp--preset--spacing--30);\" class=\"ct-dynamic-data wp-elements-02674fe09297fac449a634342842ad06 has-medium-font-size\"><a href=\"https:\/\/portalf1.si\/index.php\/2026\/04\/18\/verstappen-v-kaoticnih-razmerah-brez-pola-na-nurburgringu\/\">Verstappen v kaoti\u010dnih razmerah brez pola na N\u00fcrburgringu<\/a><\/h2>\n\n<div class=\"ct-dynamic-data wp-elements-01bd6ab16c00aa6ee9fdf1a0f4eba7f7\"><a href=\"https:\/\/portalf1.si\/index.php\/2026\/04\/18\/verstappen-v-kaoticnih-razmerah-brez-pola-na-nurburgringu\/\">18 aprila, 2026<\/a><\/div>\n\n<div class=\"ct-dynamic-data wp-elements-8aaedc5e82ad30c1a7ac9ccdd0e93689\"><p>Dirka\u010d Formule 1 Max Verstappen ni uspel osvojiti najbolj\u0161ega \u0161tartnega polo\u017eaja na prvih kvalifikacijah za dirko na N\u00fcrburgringu, potem ko\u2026<\/p>\n<\/div><\/div>\n<\/div>\n\n<\/article><article class=\"wp-block-post is-layout-flow post-12561 post type-post status-publish format-standard has-post-thumbnail hentry category-formula-1 category-novice category-vn-belgije tag-f1 tag-f1-2026 tag-f1-slovenija tag-formula-1 tag-formula-1-2026 tag-formula-1-slovenija tag-vn-belgije\">\n\n<div class=\"wp-block-columns is-layout-flex wp-container-core-columns-is-layout-28f84493 wp-block-columns-is-layout-flex\">\n<div class=\"wp-block-column is-layout-flow wp-block-column-is-layout-flow\" style=\"flex-basis:25%\"><a class=\"ct-dynamic-media wp-elements-d281221a6c098a814e13582bfca57b5c\" aria-label=\"Formula 1 v Spaju tvega katastrofo\" href=\"https:\/\/portalf1.si\/index.php\/2026\/04\/18\/formula-1-v-spaju-tvega-katastrofo\/\"><img loading=\"lazy\" decoding=\"async\" width=\"1800\" height=\"945\" src=\"https:\/\/portalf1.si\/wp-content\/uploads\/2026\/04\/2226944253.webp\" class=\"attachment-full size-full not-transparent\" alt=\"\" style=\"--dominant-color: #474941;width:100%;height:100%;object-fit: cover;aspect-ratio: 1;\" srcset=\"https:\/\/portalf1.si\/wp-content\/uploads\/2026\/04\/2226944253.webp 1800w, https:\/\/portalf1.si\/wp-content\/uploads\/2026\/04\/2226944253-300x158.webp 300w, https:\/\/portalf1.si\/wp-content\/uploads\/2026\/04\/2226944253-1024x538.webp 1024w, https:\/\/portalf1.si\/wp-content\/uploads\/2026\/04\/2226944253-768x403.webp 768w, https:\/\/portalf1.si\/wp-content\/uploads\/2026\/04\/2226944253-1536x806.webp 1536w, https:\/\/portalf1.si\/wp-content\/uploads\/2026\/04\/2226944253-18x9.webp 18w\" sizes=\"auto, (max-width: 1800px) 100vw, 1800px\" data-has-transparency=\"false\" data-dominant-color=\"474941\" \/><\/a><\/div>\n\n\n\n<div class=\"wp-block-column is-vertically-aligned-center is-layout-flow wp-block-column-is-layout-flow\" style=\"flex-basis:75%\"><h2 style=\"margin-bottom:var(--wp--preset--spacing--30);\" class=\"ct-dynamic-data wp-elements-02674fe09297fac449a634342842ad06 has-medium-font-size\"><a href=\"https:\/\/portalf1.si\/index.php\/2026\/04\/18\/formula-1-v-spaju-tvega-katastrofo\/\">Formula 1 v Spaju tvega katastrofo<\/a><\/h2>\n\n<div class=\"ct-dynamic-data wp-elements-01bd6ab16c00aa6ee9fdf1a0f4eba7f7\"><a href=\"https:\/\/portalf1.si\/index.php\/2026\/04\/18\/formula-1-v-spaju-tvega-katastrofo\/\">18 aprila, 2026<\/a><\/div>\n\n<div class=\"ct-dynamic-data wp-elements-8aaedc5e82ad30c1a7ac9ccdd0e93689\"><p>Regulativni prehod v sezono Formule 1 2026 \u0161e naprej odpira operativna vpra\u0161anja, predvsem pa neposredne posledice za varnost na stezi.\u2026<\/p>\n<\/div><\/div>\n<\/div>\n\n<\/article><article class=\"wp-block-post is-layout-flow post-12556 post type-post status-publish format-standard has-post-thumbnail hentry category-formula-1 category-gianpiero-lambiase category-max-verstappen category-novice category-red-bull tag-f1 tag-f1-2026 tag-f1-slovenija tag-formula-1 tag-formula-1-2026 tag-formula-1-slovenija tag-gianpiero-lambiase tag-max-verstappen tag-red-bull\">\n\n<div class=\"wp-block-columns is-layout-flex wp-container-core-columns-is-layout-28f84493 wp-block-columns-is-layout-flex\">\n<div class=\"wp-block-column is-layout-flow wp-block-column-is-layout-flow\" style=\"flex-basis:25%\"><a class=\"ct-dynamic-media wp-elements-d281221a6c098a814e13582bfca57b5c\" aria-label=\"Verstappen s prvim odzivom na odhod Lambiaseja presenetil prav vse\" href=\"https:\/\/portalf1.si\/index.php\/2026\/04\/17\/verstappen-s-prvim-odzivom-na-odhod-lambiaseja-presenetil-prav-vse\/\"><img loading=\"lazy\" decoding=\"async\" width=\"1320\" height=\"742\" src=\"https:\/\/portalf1.si\/wp-content\/uploads\/2026\/04\/red-bull-gianpiero-lambiase-2026-japanese-grand-prix-1320x742-1.webp\" class=\"attachment-full size-full not-transparent\" alt=\"\" style=\"--dominant-color: #55514e;width:100%;height:100%;object-fit: cover;aspect-ratio: 1;\" srcset=\"https:\/\/portalf1.si\/wp-content\/uploads\/2026\/04\/red-bull-gianpiero-lambiase-2026-japanese-grand-prix-1320x742-1.webp 1320w, https:\/\/portalf1.si\/wp-content\/uploads\/2026\/04\/red-bull-gianpiero-lambiase-2026-japanese-grand-prix-1320x742-1-300x169.webp 300w, https:\/\/portalf1.si\/wp-content\/uploads\/2026\/04\/red-bull-gianpiero-lambiase-2026-japanese-grand-prix-1320x742-1-1024x576.webp 1024w, https:\/\/portalf1.si\/wp-content\/uploads\/2026\/04\/red-bull-gianpiero-lambiase-2026-japanese-grand-prix-1320x742-1-768x432.webp 768w, https:\/\/portalf1.si\/wp-content\/uploads\/2026\/04\/red-bull-gianpiero-lambiase-2026-japanese-grand-prix-1320x742-1-18x10.webp 18w\" sizes=\"auto, (max-width: 1320px) 100vw, 1320px\" data-has-transparency=\"false\" data-dominant-color=\"55514e\" \/><\/a><\/div>\n\n\n\n<div class=\"wp-block-column is-vertically-aligned-center is-layout-flow wp-block-column-is-layout-flow\" style=\"flex-basis:75%\"><h2 style=\"margin-bottom:var(--wp--preset--spacing--30);\" class=\"ct-dynamic-data wp-elements-02674fe09297fac449a634342842ad06 has-medium-font-size\"><a href=\"https:\/\/portalf1.si\/index.php\/2026\/04\/17\/verstappen-s-prvim-odzivom-na-odhod-lambiaseja-presenetil-prav-vse\/\">Verstappen s prvim odzivom na odhod Lambiaseja presenetil prav vse<\/a><\/h2>\n\n<div class=\"ct-dynamic-data wp-elements-01bd6ab16c00aa6ee9fdf1a0f4eba7f7\"><a href=\"https:\/\/portalf1.si\/index.php\/2026\/04\/17\/verstappen-s-prvim-odzivom-na-odhod-lambiaseja-presenetil-prav-vse\/\">17 aprila, 2026<\/a><\/div>\n\n<div class=\"ct-dynamic-data wp-elements-8aaedc5e82ad30c1a7ac9ccdd0e93689\"><p>Max Verstappen se je odzval na odhod svojega dirka\u0161kega in\u017eenirja Gianpiera Lambiaseja, ki bo v prihodnjih sezonah Formule 1 zapustil\u2026<\/p>\n<\/div><\/div>\n<\/div>\n\n<\/article><article class=\"wp-block-post is-layout-flow post-12549 post type-post status-publish format-standard has-post-thumbnail hentry category-formula-1 category-lewis-hamilton category-novice tag-f1 tag-f1-2026 tag-f1-slovenija tag-formula-1 tag-formula-1-2026 tag-formula-1-slovenija tag-lewis-hamilton\">\n\n<div class=\"wp-block-columns is-layout-flex wp-container-core-columns-is-layout-28f84493 wp-block-columns-is-layout-flex\">\n<div class=\"wp-block-column is-layout-flow wp-block-column-is-layout-flow\" style=\"flex-basis:25%\"><a class=\"ct-dynamic-media wp-elements-d281221a6c098a814e13582bfca57b5c\" aria-label=\"Hamilton odkrito o uspehih: Na vrhu si lahko osamljen\" href=\"https:\/\/portalf1.si\/index.php\/2026\/04\/17\/hamilton-odkrito-o-uspehih-na-vrhu-si-lahko-osamljen\/\"><img loading=\"lazy\" decoding=\"async\" width=\"1000\" height=\"666\" src=\"https:\/\/portalf1.si\/wp-content\/uploads\/2026\/02\/lewis-hamilton-ferrari.webp\" class=\"attachment-full size-full not-transparent\" alt=\"\" style=\"--dominant-color: #7d4d46;width:100%;height:100%;object-fit: cover;aspect-ratio: 1;\" srcset=\"https:\/\/portalf1.si\/wp-content\/uploads\/2026\/02\/lewis-hamilton-ferrari.webp 1000w, https:\/\/portalf1.si\/wp-content\/uploads\/2026\/02\/lewis-hamilton-ferrari-300x200.webp 300w, https:\/\/portalf1.si\/wp-content\/uploads\/2026\/02\/lewis-hamilton-ferrari-768x511.webp 768w, https:\/\/portalf1.si\/wp-content\/uploads\/2026\/02\/lewis-hamilton-ferrari-18x12.webp 18w\" sizes=\"auto, (max-width: 1000px) 100vw, 1000px\" data-has-transparency=\"false\" data-dominant-color=\"7d4d46\" \/><\/a><\/div>\n\n\n\n<div class=\"wp-block-column is-vertically-aligned-center is-layout-flow wp-block-column-is-layout-flow\" style=\"flex-basis:75%\"><h2 style=\"margin-bottom:var(--wp--preset--spacing--30);\" class=\"ct-dynamic-data wp-elements-02674fe09297fac449a634342842ad06 has-medium-font-size\"><a href=\"https:\/\/portalf1.si\/index.php\/2026\/04\/17\/hamilton-odkrito-o-uspehih-na-vrhu-si-lahko-osamljen\/\">Hamilton odkrito o uspehih: Na vrhu si lahko osamljen<\/a><\/h2>\n\n<div class=\"ct-dynamic-data wp-elements-01bd6ab16c00aa6ee9fdf1a0f4eba7f7\"><a href=\"https:\/\/portalf1.si\/index.php\/2026\/04\/17\/hamilton-odkrito-o-uspehih-na-vrhu-si-lahko-osamljen\/\">17 aprila, 2026<\/a><\/div>\n\n<div class=\"ct-dynamic-data wp-elements-8aaedc5e82ad30c1a7ac9ccdd0e93689\"><p>Sedemkratni svetovni prvak Formule 1 Lewis Hamilton pravi, da slava in uspeh nista &#8220;vse to, za kar se ju razgla\u0161a&#8221;.\u2026<\/p>\n<\/div><\/div>\n<\/div>\n\n<\/article><article class=\"wp-block-post is-layout-flow post-12545 post type-post status-publish format-standard has-post-thumbnail hentry category-ferrari category-formula-1 category-novice tag-f1 tag-f1-2026 tag-f1-slovenija tag-ferrari tag-formula-1 tag-formula-1-2026 tag-formula-1-slovenija\">\n\n<div class=\"wp-block-columns is-layout-flex wp-container-core-columns-is-layout-28f84493 wp-block-columns-is-layout-flex\">\n<div class=\"wp-block-column is-layout-flow wp-block-column-is-layout-flow\" style=\"flex-basis:25%\"><a class=\"ct-dynamic-media wp-elements-d281221a6c098a814e13582bfca57b5c\" aria-label=\"\u0160ibkost Ferrarijeve pogonske enote izvira iz napa\u010dnih izra\u010dunov v letu 2025\" href=\"https:\/\/portalf1.si\/index.php\/2026\/04\/17\/sibkost-ferrarijeve-pogonske-enote-izvira-iz-napacnih-izracunov-v-letu-2025\/\"><img loading=\"lazy\" decoding=\"async\" width=\"960\" height=\"702\" src=\"https:\/\/portalf1.si\/wp-content\/uploads\/2026\/03\/HDoaWMIW4AAtcMO-e1773816627240.webp\" class=\"attachment-full size-full not-transparent\" alt=\"\" style=\"--dominant-color: #7f7169;width:100%;height:100%;object-fit: cover;aspect-ratio: 1;\" srcset=\"https:\/\/portalf1.si\/wp-content\/uploads\/2026\/03\/HDoaWMIW4AAtcMO-e1773816627240.webp 960w, https:\/\/portalf1.si\/wp-content\/uploads\/2026\/03\/HDoaWMIW4AAtcMO-e1773816627240-300x219.webp 300w, https:\/\/portalf1.si\/wp-content\/uploads\/2026\/03\/HDoaWMIW4AAtcMO-e1773816627240-768x562.webp 768w, https:\/\/portalf1.si\/wp-content\/uploads\/2026\/03\/HDoaWMIW4AAtcMO-e1773816627240-16x12.webp 16w\" sizes=\"auto, (max-width: 960px) 100vw, 960px\" data-has-transparency=\"false\" data-dominant-color=\"7f7169\" \/><\/a><\/div>\n\n\n\n<div class=\"wp-block-column is-vertically-aligned-center is-layout-flow wp-block-column-is-layout-flow\" style=\"flex-basis:75%\"><h2 style=\"margin-bottom:var(--wp--preset--spacing--30);\" class=\"ct-dynamic-data wp-elements-02674fe09297fac449a634342842ad06 has-medium-font-size\"><a href=\"https:\/\/portalf1.si\/index.php\/2026\/04\/17\/sibkost-ferrarijeve-pogonske-enote-izvira-iz-napacnih-izracunov-v-letu-2025\/\">\u0160ibkost Ferrarijeve pogonske enote izvira iz napa\u010dnih izra\u010dunov v letu 2025<\/a><\/h2>\n\n<div class=\"ct-dynamic-data wp-elements-01bd6ab16c00aa6ee9fdf1a0f4eba7f7\"><a href=\"https:\/\/portalf1.si\/index.php\/2026\/04\/17\/sibkost-ferrarijeve-pogonske-enote-izvira-iz-napacnih-izracunov-v-letu-2025\/\">17 aprila, 2026<\/a><\/div>\n\n<div class=\"ct-dynamic-data wp-elements-8aaedc5e82ad30c1a7ac9ccdd0e93689\"><p>Mo\u0161tvo Scuderia Ferrari vstopa v odlo\u010dilno fazo sezone Formule 1 2026 s precej\u0161njim tehni\u010dnim hendikepom, saj vse ve\u010d dokazov ka\u017ee\u2026<\/p>\n<\/div><\/div>\n<\/div>\n\n<\/article><article class=\"wp-block-post is-layout-flow post-12540 post type-post status-publish format-standard has-post-thumbnail hentry category-formula-1 category-guenther-steiner category-motogp category-novice tag-f1 tag-f1-2026 tag-f1-slovenija tag-formula-1 tag-formula-1-2026 tag-formula-1-slovenija tag-guenther-steiner tag-motogp\">\n\n<div class=\"wp-block-columns is-layout-flex wp-container-core-columns-is-layout-28f84493 wp-block-columns-is-layout-flex\">\n<div class=\"wp-block-column is-layout-flow wp-block-column-is-layout-flow\" style=\"flex-basis:25%\"><a class=\"ct-dynamic-media wp-elements-d281221a6c098a814e13582bfca57b5c\" aria-label=\"Nekdanji \u0161ef F1 ekipe MotoGP postavil nad Formulo 1: Biti mora\u0161 posebna vrsta \u010dloveka, da zmore\u0161 to!\" href=\"https:\/\/portalf1.si\/index.php\/2026\/04\/17\/nekdanji-sef-f1-ekipe-motogp-postavil-nad-formulo-1-biti-moras-posebna-vrsta-cloveka-da-zmores-to\/\"><img loading=\"lazy\" decoding=\"async\" width=\"1280\" height=\"854\" src=\"https:\/\/portalf1.si\/wp-content\/uploads\/2026\/04\/MM93_3small.webp\" class=\"attachment-full size-full not-transparent\" alt=\"\" style=\"--dominant-color: #604c4f;width:100%;height:100%;object-fit: cover;aspect-ratio: 1;\" srcset=\"https:\/\/portalf1.si\/wp-content\/uploads\/2026\/04\/MM93_3small.webp 1280w, https:\/\/portalf1.si\/wp-content\/uploads\/2026\/04\/MM93_3small-300x200.webp 300w, https:\/\/portalf1.si\/wp-content\/uploads\/2026\/04\/MM93_3small-1024x683.webp 1024w, https:\/\/portalf1.si\/wp-content\/uploads\/2026\/04\/MM93_3small-768x512.webp 768w, https:\/\/portalf1.si\/wp-content\/uploads\/2026\/04\/MM93_3small-18x12.webp 18w\" sizes=\"auto, (max-width: 1280px) 100vw, 1280px\" data-has-transparency=\"false\" data-dominant-color=\"604c4f\" \/><\/a><\/div>\n\n\n\n<div class=\"wp-block-column is-vertically-aligned-center is-layout-flow wp-block-column-is-layout-flow\" style=\"flex-basis:75%\"><h2 style=\"margin-bottom:var(--wp--preset--spacing--30);\" class=\"ct-dynamic-data wp-elements-02674fe09297fac449a634342842ad06 has-medium-font-size\"><a href=\"https:\/\/portalf1.si\/index.php\/2026\/04\/17\/nekdanji-sef-f1-ekipe-motogp-postavil-nad-formulo-1-biti-moras-posebna-vrsta-cloveka-da-zmores-to\/\">Nekdanji \u0161ef F1 ekipe MotoGP postavil nad Formulo 1: Biti mora\u0161 posebna vrsta \u010dloveka, da zmore\u0161 to!<\/a><\/h2>\n\n<div class=\"ct-dynamic-data wp-elements-01bd6ab16c00aa6ee9fdf1a0f4eba7f7\"><a href=\"https:\/\/portalf1.si\/index.php\/2026\/04\/17\/nekdanji-sef-f1-ekipe-motogp-postavil-nad-formulo-1-biti-moras-posebna-vrsta-cloveka-da-zmores-to\/\">17 aprila, 2026<\/a><\/div>\n\n<div class=\"ct-dynamic-data wp-elements-8aaedc5e82ad30c1a7ac9ccdd0e93689\"><p>Biv\u0161i vodja ekipe Haas F1 in trenutni solastnik MotoGP ekipe Tech3, Guenther Steiner, je podal svoje misli o razlikah med\u2026<\/p>\n<\/div><\/div>\n<\/div>\n\n<\/article><article class=\"wp-block-post is-layout-flow post-12535 post type-post status-publish format-standard has-post-thumbnail hentry category-formula-1 category-lewis-hamilton category-max-verstappen category-novice tag-f1 tag-f1-2026 tag-f1-slovenija tag-formula-1 tag-formula-1-2026 tag-formula-1-slovenija tag-lewis-hamilton tag-max-verstappen\">\n\n<div class=\"wp-block-columns is-layout-flex wp-container-core-columns-is-layout-28f84493 wp-block-columns-is-layout-flex\">\n<div class=\"wp-block-column is-layout-flow wp-block-column-is-layout-flow\" style=\"flex-basis:25%\"><a class=\"ct-dynamic-media wp-elements-d281221a6c098a814e13582bfca57b5c\" aria-label=\"Razkrito! Kaj je Hamilton storil po porazu na kontroverznem finalu sezone 2021\" href=\"https:\/\/portalf1.si\/index.php\/2026\/04\/17\/razkrito-kaj-je-hamilton-storil-po-porazu-na-kontroverznem-finalu-sezone-2021\/\"><img loading=\"lazy\" decoding=\"async\" width=\"1092\" height=\"683\" src=\"https:\/\/portalf1.si\/wp-content\/uploads\/2025\/11\/SI202112120260_hires_jpeg_24bit_rgb.webp\" class=\"attachment-full size-full not-transparent\" alt=\"\" style=\"--dominant-color: #7f5c57;width:100%;height:100%;object-fit: cover;aspect-ratio: 1;\" srcset=\"https:\/\/portalf1.si\/wp-content\/uploads\/2025\/11\/SI202112120260_hires_jpeg_24bit_rgb.webp 1092w, https:\/\/portalf1.si\/wp-content\/uploads\/2025\/11\/SI202112120260_hires_jpeg_24bit_rgb-300x188.webp 300w, https:\/\/portalf1.si\/wp-content\/uploads\/2025\/11\/SI202112120260_hires_jpeg_24bit_rgb-1024x640.webp 1024w, https:\/\/portalf1.si\/wp-content\/uploads\/2025\/11\/SI202112120260_hires_jpeg_24bit_rgb-768x480.webp 768w, https:\/\/portalf1.si\/wp-content\/uploads\/2025\/11\/SI202112120260_hires_jpeg_24bit_rgb-18x12.webp 18w\" sizes=\"auto, (max-width: 1092px) 100vw, 1092px\" data-has-transparency=\"false\" data-dominant-color=\"7f5c57\" \/><\/a><\/div>\n\n\n\n<div class=\"wp-block-column is-vertically-aligned-center is-layout-flow wp-block-column-is-layout-flow\" style=\"flex-basis:75%\"><h2 style=\"margin-bottom:var(--wp--preset--spacing--30);\" class=\"ct-dynamic-data wp-elements-02674fe09297fac449a634342842ad06 has-medium-font-size\"><a href=\"https:\/\/portalf1.si\/index.php\/2026\/04\/17\/razkrito-kaj-je-hamilton-storil-po-porazu-na-kontroverznem-finalu-sezone-2021\/\">Razkrito! Kaj je Hamilton storil po porazu na kontroverznem finalu sezone 2021<\/a><\/h2>\n\n<div class=\"ct-dynamic-data wp-elements-01bd6ab16c00aa6ee9fdf1a0f4eba7f7\"><a href=\"https:\/\/portalf1.si\/index.php\/2026\/04\/17\/razkrito-kaj-je-hamilton-storil-po-porazu-na-kontroverznem-finalu-sezone-2021\/\">17 aprila, 2026<\/a><\/div>\n\n<div class=\"ct-dynamic-data wp-elements-8aaedc5e82ad30c1a7ac9ccdd0e93689\"><p>James Vowles je s svojega vidika ponovno obudil spomin na poraz Lewisa Hamiltona v boju za naslov prvaka Formule 1\u2026<\/p>\n<\/div><\/div>\n<\/div>\n\n<\/article><article class=\"wp-block-post is-layout-flow post-12528 post type-post status-publish format-standard has-post-thumbnail hentry category-ferrari category-formula-1 category-novice category-uncategorized tag-f1 tag-f1-2026 tag-f1-slovenija tag-ferrari tag-formula-1 tag-formula-1-2026 tag-formula-1-slovenija\">\n\n<div class=\"wp-block-columns is-layout-flex wp-container-core-columns-is-layout-28f84493 wp-block-columns-is-layout-flex\">\n<div class=\"wp-block-column is-layout-flow wp-block-column-is-layout-flow\" style=\"flex-basis:25%\"><a class=\"ct-dynamic-media wp-elements-d281221a6c098a814e13582bfca57b5c\" aria-label=\"VN Miamija klju\u010dni trenutek za Ferrarijeve upe v leto\u0161nji sezoni Formule 1\" href=\"https:\/\/portalf1.si\/index.php\/2026\/04\/16\/vn-miamija-kljucni-trenutek-za-ferrarijeve-upe-v-letosnji-sezoni-formule-1\/\"><img loading=\"lazy\" decoding=\"async\" width=\"1280\" height=\"720\" src=\"https:\/\/portalf1.si\/wp-content\/uploads\/2026\/04\/maxresdefault.webp\" class=\"attachment-full size-full not-transparent\" alt=\"\" style=\"--dominant-color: #7f796f;width:100%;height:100%;object-fit: cover;aspect-ratio: 1;\" srcset=\"https:\/\/portalf1.si\/wp-content\/uploads\/2026\/04\/maxresdefault.webp 1280w, https:\/\/portalf1.si\/wp-content\/uploads\/2026\/04\/maxresdefault-300x169.webp 300w, https:\/\/portalf1.si\/wp-content\/uploads\/2026\/04\/maxresdefault-1024x576.webp 1024w, https:\/\/portalf1.si\/wp-content\/uploads\/2026\/04\/maxresdefault-768x432.webp 768w, https:\/\/portalf1.si\/wp-content\/uploads\/2026\/04\/maxresdefault-18x10.webp 18w\" sizes=\"auto, (max-width: 1280px) 100vw, 1280px\" data-has-transparency=\"false\" data-dominant-color=\"7f796f\" \/><\/a><\/div>\n\n\n\n<div class=\"wp-block-column is-vertically-aligned-center is-layout-flow wp-block-column-is-layout-flow\" style=\"flex-basis:75%\"><h2 style=\"margin-bottom:var(--wp--preset--spacing--30);\" class=\"ct-dynamic-data wp-elements-02674fe09297fac449a634342842ad06 has-medium-font-size\"><a href=\"https:\/\/portalf1.si\/index.php\/2026\/04\/16\/vn-miamija-kljucni-trenutek-za-ferrarijeve-upe-v-letosnji-sezoni-formule-1\/\">VN Miamija klju\u010dni trenutek za Ferrarijeve upe v leto\u0161nji sezoni Formule 1<\/a><\/h2>\n\n<div class=\"ct-dynamic-data wp-elements-01bd6ab16c00aa6ee9fdf1a0f4eba7f7\"><a href=\"https:\/\/portalf1.si\/index.php\/2026\/04\/16\/vn-miamija-kljucni-trenutek-za-ferrarijeve-upe-v-letosnji-sezoni-formule-1\/\">16 aprila, 2026<\/a><\/div>\n\n<div class=\"ct-dynamic-data wp-elements-8aaedc5e82ad30c1a7ac9ccdd0e93689\"><p>Velika nagrada Miamija predstavlja klju\u010dni trenutek za Ferrari v leto\u0161nji sezoni Formule 1. Posodobitve, uvedene na dirkalniku SF-26, niso le\u2026<\/p>\n<\/div><\/div>\n<\/div>\n\n<\/article><article class=\"wp-block-post is-layout-flow post-12523 post type-post status-publish format-standard has-post-thumbnail hentry category-formula-1 category-lando-norris category-novice tag-f1 tag-f1-2026 tag-f1-slovenija tag-formula-1 tag-formula-1-2026 tag-formula-1-slovenija tag-lando-norris\">\n\n<div class=\"wp-block-columns is-layout-flex wp-container-core-columns-is-layout-28f84493 wp-block-columns-is-layout-flex\">\n<div class=\"wp-block-column is-layout-flow wp-block-column-is-layout-flow\" style=\"flex-basis:25%\"><a class=\"ct-dynamic-media wp-elements-d281221a6c098a814e13582bfca57b5c\" aria-label=\"Norris razo\u010daran: Nova pravila dirka\u010dem odvzemajo preve\u010d nadzora\" href=\"https:\/\/portalf1.si\/index.php\/2026\/04\/16\/norris-razocaran-nova-pravila-dirkacem-odvzemajo-prevec-nadzora\/\"><img loading=\"lazy\" decoding=\"async\" width=\"1200\" height=\"800\" src=\"https:\/\/portalf1.si\/wp-content\/uploads\/2026\/03\/9eddf712cf0d470fd3ce20357f3628f7d3afdc33.webp\" class=\"attachment-full size-full not-transparent\" alt=\"\" style=\"--dominant-color: #3d362e;width:100%;height:100%;object-fit: cover;aspect-ratio: 1;\" srcset=\"https:\/\/portalf1.si\/wp-content\/uploads\/2026\/03\/9eddf712cf0d470fd3ce20357f3628f7d3afdc33.webp 1200w, https:\/\/portalf1.si\/wp-content\/uploads\/2026\/03\/9eddf712cf0d470fd3ce20357f3628f7d3afdc33-300x200.webp 300w, https:\/\/portalf1.si\/wp-content\/uploads\/2026\/03\/9eddf712cf0d470fd3ce20357f3628f7d3afdc33-1024x683.webp 1024w, https:\/\/portalf1.si\/wp-content\/uploads\/2026\/03\/9eddf712cf0d470fd3ce20357f3628f7d3afdc33-768x512.webp 768w, https:\/\/portalf1.si\/wp-content\/uploads\/2026\/03\/9eddf712cf0d470fd3ce20357f3628f7d3afdc33-18x12.webp 18w\" sizes=\"auto, (max-width: 1200px) 100vw, 1200px\" data-has-transparency=\"false\" data-dominant-color=\"3d362e\" \/><\/a><\/div>\n\n\n\n<div class=\"wp-block-column is-vertically-aligned-center is-layout-flow wp-block-column-is-layout-flow\" style=\"flex-basis:75%\"><h2 style=\"margin-bottom:var(--wp--preset--spacing--30);\" class=\"ct-dynamic-data wp-elements-02674fe09297fac449a634342842ad06 has-medium-font-size\"><a href=\"https:\/\/portalf1.si\/index.php\/2026\/04\/16\/norris-razocaran-nova-pravila-dirkacem-odvzemajo-prevec-nadzora\/\">Norris razo\u010daran: Nova pravila dirka\u010dem odvzemajo preve\u010d nadzora<\/a><\/h2>\n\n<div class=\"ct-dynamic-data wp-elements-01bd6ab16c00aa6ee9fdf1a0f4eba7f7\"><a href=\"https:\/\/portalf1.si\/index.php\/2026\/04\/16\/norris-razocaran-nova-pravila-dirkacem-odvzemajo-prevec-nadzora\/\">16 aprila, 2026<\/a><\/div>\n\n<div class=\"ct-dynamic-data wp-elements-8aaedc5e82ad30c1a7ac9ccdd0e93689\"><p>Lando Norris upa, da se bodo pravila Formule 1 za leto 2026 spremenila \u017ee do naslednje dirke v Miamiju, saj\u2026<\/p>\n<\/div><\/div>\n<\/div>\n\n<\/article><article class=\"wp-block-post is-layout-flow post-12518 post type-post status-publish format-standard has-post-thumbnail hentry category-formula-1 category-novice category-pastor-maldonado tag-f1 tag-f1-2026 tag-f1-slovenija tag-formula-1 tag-formula-1-2026 tag-formula-1-slovenija tag-pastor-maldonado\">\n\n<div class=\"wp-block-columns is-layout-flex wp-container-core-columns-is-layout-28f84493 wp-block-columns-is-layout-flex\">\n<div class=\"wp-block-column is-layout-flow wp-block-column-is-layout-flow\" style=\"flex-basis:25%\"><a class=\"ct-dynamic-media wp-elements-d281221a6c098a814e13582bfca57b5c\" aria-label=\"Kultni junak Maldonado kriti\u010den: Hibridi so za taksije in transport, ne pa Formulo 1\" href=\"https:\/\/portalf1.si\/index.php\/2026\/04\/16\/kultni-junak-maldonado-kriticen-hibridi-so-za-taksije-in-transport-ne-pa-formulo-1\/\"><img loading=\"lazy\" decoding=\"async\" width=\"768\" height=\"432\" src=\"https:\/\/portalf1.si\/wp-content\/uploads\/2026\/04\/maldo_3095887.webp\" class=\"attachment-full size-full not-transparent\" alt=\"\" style=\"--dominant-color: #4c4946;width:100%;height:100%;object-fit: cover;aspect-ratio: 1;\" srcset=\"https:\/\/portalf1.si\/wp-content\/uploads\/2026\/04\/maldo_3095887.webp 768w, https:\/\/portalf1.si\/wp-content\/uploads\/2026\/04\/maldo_3095887-300x169.webp 300w, https:\/\/portalf1.si\/wp-content\/uploads\/2026\/04\/maldo_3095887-18x10.webp 18w\" sizes=\"auto, (max-width: 768px) 100vw, 768px\" data-has-transparency=\"false\" data-dominant-color=\"4c4946\" \/><\/a><\/div>\n\n\n\n<div class=\"wp-block-column is-vertically-aligned-center is-layout-flow wp-block-column-is-layout-flow\" style=\"flex-basis:75%\"><h2 style=\"margin-bottom:var(--wp--preset--spacing--30);\" class=\"ct-dynamic-data wp-elements-02674fe09297fac449a634342842ad06 has-medium-font-size\"><a href=\"https:\/\/portalf1.si\/index.php\/2026\/04\/16\/kultni-junak-maldonado-kriticen-hibridi-so-za-taksije-in-transport-ne-pa-formulo-1\/\">Kultni junak Maldonado kriti\u010den: Hibridi so za taksije in transport, ne pa Formulo 1<\/a><\/h2>\n\n<div class=\"ct-dynamic-data wp-elements-01bd6ab16c00aa6ee9fdf1a0f4eba7f7\"><a href=\"https:\/\/portalf1.si\/index.php\/2026\/04\/16\/kultni-junak-maldonado-kriticen-hibridi-so-za-taksije-in-transport-ne-pa-formulo-1\/\">16 aprila, 2026<\/a><\/div>\n\n<div class=\"ct-dynamic-data wp-elements-8aaedc5e82ad30c1a7ac9ccdd0e93689\"><p>Nekdanji dirka\u010d Formule 1 in kultni junak Pastor Maldonado ostaja ljubitelj tega \u0161porta, kar pa ne pomeni, da ni kriti\u010den\u2026<\/p>\n<\/div><\/div>\n<\/div>\n\n<\/article><article class=\"wp-block-post is-layout-flow post-12516 post type-post status-publish format-standard has-post-thumbnail hentry category-ferrari category-formula-1 category-lewis-hamilton category-nigel-mansell category-novice tag-f1 tag-f1-2026 tag-f1-slovenija tag-ferrari tag-formula-1 tag-formula-1-2026 tag-formula-1-slovenija tag-lewis-hamilton\">\n\n<div class=\"wp-block-columns is-layout-flex wp-container-core-columns-is-layout-28f84493 wp-block-columns-is-layout-flex\">\n<div class=\"wp-block-column is-layout-flow wp-block-column-is-layout-flow\" style=\"flex-basis:25%\"><a class=\"ct-dynamic-media wp-elements-d281221a6c098a814e13582bfca57b5c\" aria-label=\"Mansell verjame, da lahko &#8220;prerojeni&#8221; Hamilton osvoji osmi naslov prvaka\" href=\"https:\/\/portalf1.si\/index.php\/2026\/04\/16\/mansell-verjame-da-lahko-prerojeni-hamilton-osvoji-osmi-naslov-prvaka\/\"><img loading=\"lazy\" decoding=\"async\" width=\"1000\" height=\"666\" src=\"https:\/\/portalf1.si\/wp-content\/uploads\/2026\/02\/lewis-hamilton-ferrari-1.webp\" class=\"attachment-full size-full not-transparent\" alt=\"\" style=\"--dominant-color: #664a41;width:100%;height:100%;object-fit: cover;aspect-ratio: 1;\" srcset=\"https:\/\/portalf1.si\/wp-content\/uploads\/2026\/02\/lewis-hamilton-ferrari-1.webp 1000w, https:\/\/portalf1.si\/wp-content\/uploads\/2026\/02\/lewis-hamilton-ferrari-1-300x200.webp 300w, https:\/\/portalf1.si\/wp-content\/uploads\/2026\/02\/lewis-hamilton-ferrari-1-768x511.webp 768w, https:\/\/portalf1.si\/wp-content\/uploads\/2026\/02\/lewis-hamilton-ferrari-1-18x12.webp 18w\" sizes=\"auto, (max-width: 1000px) 100vw, 1000px\" data-has-transparency=\"false\" data-dominant-color=\"664a41\" \/><\/a><\/div>\n\n\n\n<div class=\"wp-block-column is-vertically-aligned-center is-layout-flow wp-block-column-is-layout-flow\" style=\"flex-basis:75%\"><h2 style=\"margin-bottom:var(--wp--preset--spacing--30);\" class=\"ct-dynamic-data wp-elements-02674fe09297fac449a634342842ad06 has-medium-font-size\"><a href=\"https:\/\/portalf1.si\/index.php\/2026\/04\/16\/mansell-verjame-da-lahko-prerojeni-hamilton-osvoji-osmi-naslov-prvaka\/\">Mansell verjame, da lahko &#8220;prerojeni&#8221; Hamilton osvoji osmi naslov prvaka<\/a><\/h2>\n\n<div class=\"ct-dynamic-data wp-elements-01bd6ab16c00aa6ee9fdf1a0f4eba7f7\"><a href=\"https:\/\/portalf1.si\/index.php\/2026\/04\/16\/mansell-verjame-da-lahko-prerojeni-hamilton-osvoji-osmi-naslov-prvaka\/\">16 aprila, 2026<\/a><\/div>\n\n<div class=\"ct-dynamic-data wp-elements-8aaedc5e82ad30c1a7ac9ccdd0e93689\"><p>Svetovni prvak Formule 1 iz leta 1992 Nigel Mansell je podprl &#8220;preporojenega&#8221; Lewisa Hamiltona v boju za njegov dolgo pri\u010dakovani\u2026<\/p>\n<\/div><\/div>\n<\/div>\n\n<\/article><article class=\"wp-block-post is-layout-flow post-12512 post type-post status-publish format-standard has-post-thumbnail hentry category-formula-1 category-max-verstappen category-mercedes category-novice tag-f1 tag-f1-2026 tag-f1-slovenija tag-formula-1 tag-formula-1-2026 tag-formula-1-slovenija tag-max-verstappen tag-mercedes\">\n\n<div class=\"wp-block-columns is-layout-flex wp-container-core-columns-is-layout-28f84493 wp-block-columns-is-layout-flex\">\n<div class=\"wp-block-column is-layout-flow wp-block-column-is-layout-flow\" style=\"flex-basis:25%\"><a class=\"ct-dynamic-media wp-elements-d281221a6c098a814e13582bfca57b5c\" aria-label=\"Verstappen pozvan, naj izkoristi &#8220;popolno prilo\u017enost&#8221; in prestopi k Mercedesu\" href=\"https:\/\/portalf1.si\/index.php\/2026\/04\/16\/verstappen-pozvan-naj-izkoristi-popolno-priloznost-in-prestopi-k-mercedesu\/\"><img loading=\"lazy\" decoding=\"async\" width=\"1000\" height=\"667\" src=\"https:\/\/portalf1.si\/wp-content\/uploads\/2026\/02\/max-verstappen-red-bull-racing-2.webp\" class=\"attachment-full size-full not-transparent\" alt=\"\" style=\"--dominant-color: #7c767a;width:100%;height:100%;object-fit: cover;aspect-ratio: 1;\" srcset=\"https:\/\/portalf1.si\/wp-content\/uploads\/2026\/02\/max-verstappen-red-bull-racing-2.webp 1000w, https:\/\/portalf1.si\/wp-content\/uploads\/2026\/02\/max-verstappen-red-bull-racing-2-300x200.webp 300w, https:\/\/portalf1.si\/wp-content\/uploads\/2026\/02\/max-verstappen-red-bull-racing-2-768x512.webp 768w, https:\/\/portalf1.si\/wp-content\/uploads\/2026\/02\/max-verstappen-red-bull-racing-2-18x12.webp 18w\" sizes=\"auto, (max-width: 1000px) 100vw, 1000px\" data-has-transparency=\"false\" data-dominant-color=\"7c767a\" \/><\/a><\/div>\n\n\n\n<div class=\"wp-block-column is-vertically-aligned-center is-layout-flow wp-block-column-is-layout-flow\" style=\"flex-basis:75%\"><h2 style=\"margin-bottom:var(--wp--preset--spacing--30);\" class=\"ct-dynamic-data wp-elements-02674fe09297fac449a634342842ad06 has-medium-font-size\"><a href=\"https:\/\/portalf1.si\/index.php\/2026\/04\/16\/verstappen-pozvan-naj-izkoristi-popolno-priloznost-in-prestopi-k-mercedesu\/\">Verstappen pozvan, naj izkoristi &#8220;popolno prilo\u017enost&#8221; in prestopi k Mercedesu<\/a><\/h2>\n\n<div class=\"ct-dynamic-data wp-elements-01bd6ab16c00aa6ee9fdf1a0f4eba7f7\"><a href=\"https:\/\/portalf1.si\/index.php\/2026\/04\/16\/verstappen-pozvan-naj-izkoristi-popolno-priloznost-in-prestopi-k-mercedesu\/\">16 aprila, 2026<\/a><\/div>\n\n<div class=\"ct-dynamic-data wp-elements-8aaedc5e82ad30c1a7ac9ccdd0e93689\"><p>Nekdanji dirka\u010d Formule 1 Juan Pablo Montoya je izjavil, da ima Max Verstappen zdaj &#8220;popolno prilo\u017enost&#8221; za prestop k Mercedesu,\u2026<\/p>\n<\/div><\/div>\n<\/div>\n\n<\/article><article class=\"wp-block-post is-layout-flow post-12505 post type-post status-publish format-standard has-post-thumbnail hentry category-ferrari category-formula-1 category-novice tag-f1 tag-f1-2026 tag-f1-slovenija tag-ferrari tag-formula-1 tag-formula-1-2026 tag-formula-1-slovenija\">\n\n<div class=\"wp-block-columns is-layout-flex wp-container-core-columns-is-layout-28f84493 wp-block-columns-is-layout-flex\">\n<div class=\"wp-block-column is-layout-flow wp-block-column-is-layout-flow\" style=\"flex-basis:25%\"><a class=\"ct-dynamic-media wp-elements-d281221a6c098a814e13582bfca57b5c\" aria-label=\"Ferrari bo s pomo\u010djo znanja iz Formule E na novo izumil pogonsko enoto in napadal Mercedes\" href=\"https:\/\/portalf1.si\/index.php\/2026\/04\/15\/ferrari-bo-s-pomocjo-znanja-iz-formule-e-na-novo-izumil-pogonsko-enoto-in-napadal-mercedes\/\"><img loading=\"lazy\" decoding=\"async\" width=\"1000\" height=\"667\" src=\"https:\/\/portalf1.si\/wp-content\/uploads\/2026\/04\/ferrari-sf-25-dettaglio-tecnic.webp\" class=\"attachment-full size-full not-transparent\" alt=\"\" style=\"--dominant-color: #673c4f;width:100%;height:100%;object-fit: cover;aspect-ratio: 1;\" srcset=\"https:\/\/portalf1.si\/wp-content\/uploads\/2026\/04\/ferrari-sf-25-dettaglio-tecnic.webp 1000w, https:\/\/portalf1.si\/wp-content\/uploads\/2026\/04\/ferrari-sf-25-dettaglio-tecnic-300x200.webp 300w, https:\/\/portalf1.si\/wp-content\/uploads\/2026\/04\/ferrari-sf-25-dettaglio-tecnic-768x512.webp 768w, https:\/\/portalf1.si\/wp-content\/uploads\/2026\/04\/ferrari-sf-25-dettaglio-tecnic-18x12.webp 18w\" sizes=\"auto, (max-width: 1000px) 100vw, 1000px\" data-has-transparency=\"false\" data-dominant-color=\"673c4f\" \/><\/a><\/div>\n\n\n\n<div class=\"wp-block-column is-vertically-aligned-center is-layout-flow wp-block-column-is-layout-flow\" style=\"flex-basis:75%\"><h2 style=\"margin-bottom:var(--wp--preset--spacing--30);\" class=\"ct-dynamic-data wp-elements-02674fe09297fac449a634342842ad06 has-medium-font-size\"><a href=\"https:\/\/portalf1.si\/index.php\/2026\/04\/15\/ferrari-bo-s-pomocjo-znanja-iz-formule-e-na-novo-izumil-pogonsko-enoto-in-napadal-mercedes\/\">Ferrari bo s pomo\u010djo znanja iz Formule E na novo izumil pogonsko enoto in napadal Mercedes<\/a><\/h2>\n\n<div class=\"ct-dynamic-data wp-elements-01bd6ab16c00aa6ee9fdf1a0f4eba7f7\"><a href=\"https:\/\/portalf1.si\/index.php\/2026\/04\/15\/ferrari-bo-s-pomocjo-znanja-iz-formule-e-na-novo-izumil-pogonsko-enoto-in-napadal-mercedes\/\">15 aprila, 2026<\/a><\/div>\n\n<div class=\"ct-dynamic-data wp-elements-8aaedc5e82ad30c1a7ac9ccdd0e93689\"><p>Ferrari izvaja pomembno preobrazbo v filozofiji pogonskih enot Formule 1, pri \u010demer \u010drpa navdih iz modela, ki ga je uspe\u0161no\u2026<\/p>\n<\/div><\/div>\n<\/div>\n\n<\/article><article class=\"wp-block-post is-layout-flow post-12501 post type-post status-publish format-standard has-post-thumbnail hentry category-fia category-formula-1 category-novice tag-f1 tag-f1-2026 tag-f1-slovenija tag-fia tag-formula-1 tag-formula-1-2026 tag-formula-1-slovenija\">\n\n<div class=\"wp-block-columns is-layout-flex wp-container-core-columns-is-layout-28f84493 wp-block-columns-is-layout-flex\">\n<div class=\"wp-block-column is-layout-flow wp-block-column-is-layout-flow\" style=\"flex-basis:25%\"><a class=\"ct-dynamic-media wp-elements-d281221a6c098a814e13582bfca57b5c\" aria-label=\"Formula 1 si \u017eeli vrniti pravo dirkanje brez var\u010devanja z energijo\" href=\"https:\/\/portalf1.si\/index.php\/2026\/04\/15\/formula-1-si-zeli-vrniti-pravo-dirkanje-brez-varcevanja-z-energijo\/\"><img loading=\"lazy\" decoding=\"async\" width=\"1200\" height=\"800\" src=\"https:\/\/portalf1.si\/wp-content\/uploads\/2026\/03\/XPB_1402138_HiRes-1.webp\" class=\"attachment-full size-full not-transparent\" alt=\"\" style=\"--dominant-color: #7e6d5a;width:100%;height:100%;object-fit: cover;aspect-ratio: 1;\" srcset=\"https:\/\/portalf1.si\/wp-content\/uploads\/2026\/03\/XPB_1402138_HiRes-1.webp 1200w, https:\/\/portalf1.si\/wp-content\/uploads\/2026\/03\/XPB_1402138_HiRes-1-300x200.webp 300w, https:\/\/portalf1.si\/wp-content\/uploads\/2026\/03\/XPB_1402138_HiRes-1-1024x683.webp 1024w, https:\/\/portalf1.si\/wp-content\/uploads\/2026\/03\/XPB_1402138_HiRes-1-768x512.webp 768w, https:\/\/portalf1.si\/wp-content\/uploads\/2026\/03\/XPB_1402138_HiRes-1-18x12.webp 18w\" sizes=\"auto, (max-width: 1200px) 100vw, 1200px\" data-has-transparency=\"false\" data-dominant-color=\"7e6d5a\" \/><\/a><\/div>\n\n\n\n<div class=\"wp-block-column is-vertically-aligned-center is-layout-flow wp-block-column-is-layout-flow\" style=\"flex-basis:75%\"><h2 style=\"margin-bottom:var(--wp--preset--spacing--30);\" class=\"ct-dynamic-data wp-elements-02674fe09297fac449a634342842ad06 has-medium-font-size\"><a href=\"https:\/\/portalf1.si\/index.php\/2026\/04\/15\/formula-1-si-zeli-vrniti-pravo-dirkanje-brez-varcevanja-z-energijo\/\">Formula 1 si \u017eeli vrniti pravo dirkanje brez var\u010devanja z energijo<\/a><\/h2>\n\n<div class=\"ct-dynamic-data wp-elements-01bd6ab16c00aa6ee9fdf1a0f4eba7f7\"><a href=\"https:\/\/portalf1.si\/index.php\/2026\/04\/15\/formula-1-si-zeli-vrniti-pravo-dirkanje-brez-varcevanja-z-energijo\/\">15 aprila, 2026<\/a><\/div>\n\n<div class=\"ct-dynamic-data wp-elements-8aaedc5e82ad30c1a7ac9ccdd0e93689\"><p>Znotraj Formule 1 se krepi vse mo\u010dnej\u0161e prepri\u010danje, da se morajo kvalifikacije vrniti k svojemu bistvu. Torej \u010distemu izzivu, ki\u2026<\/p>\n<\/div><\/div>\n<\/div>\n\n<\/article><article class=\"wp-block-post is-layout-flow post-12494 post type-post status-publish format-standard has-post-thumbnail hentry category-formula-1 category-lewis-hamilton category-mercedes category-nico-rosberg category-novice category-toto-wolff tag-f1 tag-f1-2026 tag-f1-slovenija tag-formula-1 tag-formula-1-2026 tag-formula-1-slovenija tag-lewis-hamilton tag-mercedes tag-nico-rosberg tag-toto-wolff\">\n\n<div class=\"wp-block-columns is-layout-flex wp-container-core-columns-is-layout-28f84493 wp-block-columns-is-layout-flex\">\n<div class=\"wp-block-column is-layout-flow wp-block-column-is-layout-flow\" style=\"flex-basis:25%\"><a class=\"ct-dynamic-media wp-elements-d281221a6c098a814e13582bfca57b5c\" aria-label=\"Wolff razkriva, kako je leta 2016 odpustil Hamiltona in Rosberga\" href=\"https:\/\/portalf1.si\/index.php\/2026\/04\/14\/wolff-razkriva-kako-je-leta-2016-odpustil-hamiltona-in-rosberga\/\"><img loading=\"lazy\" decoding=\"async\" width=\"2048\" height=\"1152\" src=\"https:\/\/portalf1.si\/wp-content\/uploads\/2026\/04\/89700145_rexfeatures_5684257g.webp\" class=\"attachment-full size-full not-transparent\" alt=\"\" style=\"--dominant-color: #8d9195;width:100%;height:100%;object-fit: cover;aspect-ratio: 1;\" srcset=\"https:\/\/portalf1.si\/wp-content\/uploads\/2026\/04\/89700145_rexfeatures_5684257g.webp 2048w, https:\/\/portalf1.si\/wp-content\/uploads\/2026\/04\/89700145_rexfeatures_5684257g-300x169.webp 300w, https:\/\/portalf1.si\/wp-content\/uploads\/2026\/04\/89700145_rexfeatures_5684257g-1024x576.webp 1024w, https:\/\/portalf1.si\/wp-content\/uploads\/2026\/04\/89700145_rexfeatures_5684257g-768x432.webp 768w, https:\/\/portalf1.si\/wp-content\/uploads\/2026\/04\/89700145_rexfeatures_5684257g-1536x864.webp 1536w, https:\/\/portalf1.si\/wp-content\/uploads\/2026\/04\/89700145_rexfeatures_5684257g-18x10.webp 18w\" sizes=\"auto, (max-width: 2048px) 100vw, 2048px\" data-has-transparency=\"false\" data-dominant-color=\"8d9195\" \/><\/a><\/div>\n\n\n\n<div class=\"wp-block-column is-vertically-aligned-center is-layout-flow wp-block-column-is-layout-flow\" style=\"flex-basis:75%\"><h2 style=\"margin-bottom:var(--wp--preset--spacing--30);\" class=\"ct-dynamic-data wp-elements-02674fe09297fac449a634342842ad06 has-medium-font-size\"><a href=\"https:\/\/portalf1.si\/index.php\/2026\/04\/14\/wolff-razkriva-kako-je-leta-2016-odpustil-hamiltona-in-rosberga\/\">Wolff razkriva, kako je leta 2016 odpustil Hamiltona in Rosberga<\/a><\/h2>\n\n<div class=\"ct-dynamic-data wp-elements-01bd6ab16c00aa6ee9fdf1a0f4eba7f7\"><a href=\"https:\/\/portalf1.si\/index.php\/2026\/04\/14\/wolff-razkriva-kako-je-leta-2016-odpustil-hamiltona-in-rosberga\/\">14 aprila, 2026<\/a><\/div>\n\n<div class=\"ct-dynamic-data wp-elements-8aaedc5e82ad30c1a7ac9ccdd0e93689\"><p>Toto Wolff se je spomnil trenutka, ko je &#8220;odpustil&#8221; Lewisa Hamiltona in Nica Rosberga po njunem zloglasnem tr\u010denju na za\u010detku\u2026<\/p>\n<\/div><\/div>\n<\/div>\n\n<\/article><article class=\"wp-block-post is-layout-flow post-12491 post type-post status-publish format-standard has-post-thumbnail hentry category-formula-1 category-gtwc category-max-verstappen category-novice tag-f1 tag-f1-2026 tag-f1-slovenija tag-formula-1 tag-formula-1-2026 tag-formula-1-slovenija tag-gtwc tag-max-verstappen\">\n\n<div class=\"wp-block-columns is-layout-flex wp-container-core-columns-is-layout-28f84493 wp-block-columns-is-layout-flex\">\n<div class=\"wp-block-column is-layout-flow wp-block-column-is-layout-flow\" style=\"flex-basis:25%\"><a class=\"ct-dynamic-media wp-elements-d281221a6c098a814e13582bfca57b5c\" aria-label=\"Verstappnov dirka\u010d s spektakularnim manevrom \u0161okiral vse navzo\u010de\" href=\"https:\/\/portalf1.si\/index.php\/2026\/04\/14\/verstappnov-dirkac-s-spektakularnim-manevrom-sokiral-vse-navzoce\/\"><img loading=\"lazy\" decoding=\"async\" width=\"1079\" height=\"720\" src=\"https:\/\/portalf1.si\/wp-content\/uploads\/2026\/03\/max-verstappen-gelijk-f1-is-kapot.webp\" class=\"attachment-full size-full not-transparent\" alt=\"\" style=\"--dominant-color: #81797c;width:100%;height:100%;object-fit: cover;aspect-ratio: 1;\" srcset=\"https:\/\/portalf1.si\/wp-content\/uploads\/2026\/03\/max-verstappen-gelijk-f1-is-kapot.webp 1079w, https:\/\/portalf1.si\/wp-content\/uploads\/2026\/03\/max-verstappen-gelijk-f1-is-kapot-300x200.webp 300w, https:\/\/portalf1.si\/wp-content\/uploads\/2026\/03\/max-verstappen-gelijk-f1-is-kapot-1024x683.webp 1024w, https:\/\/portalf1.si\/wp-content\/uploads\/2026\/03\/max-verstappen-gelijk-f1-is-kapot-768x512.webp 768w, https:\/\/portalf1.si\/wp-content\/uploads\/2026\/03\/max-verstappen-gelijk-f1-is-kapot-18x12.webp 18w\" sizes=\"auto, (max-width: 1079px) 100vw, 1079px\" data-has-transparency=\"false\" data-dominant-color=\"81797c\" \/><\/a><\/div>\n\n\n\n<div class=\"wp-block-column is-vertically-aligned-center is-layout-flow wp-block-column-is-layout-flow\" style=\"flex-basis:75%\"><h2 style=\"margin-bottom:var(--wp--preset--spacing--30);\" class=\"ct-dynamic-data wp-elements-02674fe09297fac449a634342842ad06 has-medium-font-size\"><a href=\"https:\/\/portalf1.si\/index.php\/2026\/04\/14\/verstappnov-dirkac-s-spektakularnim-manevrom-sokiral-vse-navzoce\/\">Verstappnov dirka\u010d s spektakularnim manevrom \u0161okiral vse navzo\u010de<\/a><\/h2>\n\n<div class=\"ct-dynamic-data wp-elements-01bd6ab16c00aa6ee9fdf1a0f4eba7f7\"><a href=\"https:\/\/portalf1.si\/index.php\/2026\/04\/14\/verstappnov-dirkac-s-spektakularnim-manevrom-sokiral-vse-navzoce\/\">14 aprila, 2026<\/a><\/div>\n\n<div class=\"ct-dynamic-data wp-elements-8aaedc5e82ad30c1a7ac9ccdd0e93689\"><p>Jules Gounon, eden od dirka\u010dev v postavi Verstappen.com Racing, ekipe dirka\u010da Formule 1 Maxa Verstappna, je na uvodni dirki sezone\u2026<\/p>\n<\/div><\/div>\n<\/div>\n\n<\/article><article class=\"wp-block-post is-layout-flow post-12489 post type-post status-publish format-standard has-post-thumbnail hentry category-fia category-formula-1 category-mercedes category-novice category-red-bull tag-f1 tag-f1-2026 tag-f1-slovenija tag-fia tag-formula-1 tag-formula-1-2026 tag-formula-1-slovenija tag-mercedes tag-red-bull\">\n\n<div class=\"wp-block-columns is-layout-flex wp-container-core-columns-is-layout-28f84493 wp-block-columns-is-layout-flex\">\n<div class=\"wp-block-column is-layout-flow wp-block-column-is-layout-flow\" style=\"flex-basis:25%\"><a class=\"ct-dynamic-media wp-elements-d281221a6c098a814e13582bfca57b5c\" aria-label=\"FIA odkrila in prepovedala trik, ki sta ga v kvalifikacijah uporabljala Mercedes in Red Bull\" href=\"https:\/\/portalf1.si\/index.php\/2026\/04\/14\/fia-odkrila-in-prepovedala-trik-ki-sta-ga-v-kvalifikacijah-uporabljala-mercedes-in-red-bull\/\"><img loading=\"lazy\" decoding=\"async\" width=\"1920\" height=\"1080\" src=\"https:\/\/portalf1.si\/wp-content\/uploads\/2026\/03\/george-russell-f1-japan-fp1_f.webp\" class=\"attachment-full size-full not-transparent\" alt=\"\" style=\"--dominant-color: #32353a;width:100%;height:100%;object-fit: cover;aspect-ratio: 1;\" srcset=\"https:\/\/portalf1.si\/wp-content\/uploads\/2026\/03\/george-russell-f1-japan-fp1_f.webp 1920w, https:\/\/portalf1.si\/wp-content\/uploads\/2026\/03\/george-russell-f1-japan-fp1_f-300x169.webp 300w, https:\/\/portalf1.si\/wp-content\/uploads\/2026\/03\/george-russell-f1-japan-fp1_f-1024x576.webp 1024w, https:\/\/portalf1.si\/wp-content\/uploads\/2026\/03\/george-russell-f1-japan-fp1_f-768x432.webp 768w, https:\/\/portalf1.si\/wp-content\/uploads\/2026\/03\/george-russell-f1-japan-fp1_f-1536x864.webp 1536w, https:\/\/portalf1.si\/wp-content\/uploads\/2026\/03\/george-russell-f1-japan-fp1_f-18x10.webp 18w\" sizes=\"auto, (max-width: 1920px) 100vw, 1920px\" data-has-transparency=\"false\" data-dominant-color=\"32353a\" \/><\/a><\/div>\n\n\n\n<div class=\"wp-block-column is-vertically-aligned-center is-layout-flow wp-block-column-is-layout-flow\" style=\"flex-basis:75%\"><h2 style=\"margin-bottom:var(--wp--preset--spacing--30);\" class=\"ct-dynamic-data wp-elements-02674fe09297fac449a634342842ad06 has-medium-font-size\"><a href=\"https:\/\/portalf1.si\/index.php\/2026\/04\/14\/fia-odkrila-in-prepovedala-trik-ki-sta-ga-v-kvalifikacijah-uporabljala-mercedes-in-red-bull\/\">FIA odkrila in prepovedala trik, ki sta ga v kvalifikacijah uporabljala Mercedes in Red Bull<\/a><\/h2>\n\n<div class=\"ct-dynamic-data wp-elements-01bd6ab16c00aa6ee9fdf1a0f4eba7f7\"><a href=\"https:\/\/portalf1.si\/index.php\/2026\/04\/14\/fia-odkrila-in-prepovedala-trik-ki-sta-ga-v-kvalifikacijah-uporabljala-mercedes-in-red-bull\/\">14 aprila, 2026<\/a><\/div>\n\n<div class=\"ct-dynamic-data wp-elements-8aaedc5e82ad30c1a7ac9ccdd0e93689\"><p>FIA je odpravila vrzel v pravilih, ki je omogo\u010dala prednost v kvalifikacijah Formule 1. Zdi se, da gre predvsem za\u2026<\/p>\n<\/div><\/div>\n<\/div>\n\n<\/article><article class=\"wp-block-post is-layout-flow post-12485 post type-post status-publish format-standard has-post-thumbnail hentry category-formula-1 category-michael-schumacher category-novice category-zanimivosti tag-f1 tag-f1-2026 tag-f1-slovenija tag-formula-1 tag-formula-1-2026 tag-formula-1-slovenija tag-michael-schumacher\">\n\n<div class=\"wp-block-columns is-layout-flex wp-container-core-columns-is-layout-28f84493 wp-block-columns-is-layout-flex\">\n<div class=\"wp-block-column is-layout-flow wp-block-column-is-layout-flow\" style=\"flex-basis:25%\"><a class=\"ct-dynamic-media wp-elements-d281221a6c098a814e13582bfca57b5c\" aria-label=\"Nov film o Schumacherju spro\u017eil me\u0161ane ob\u010dutke med navija\u010di\" href=\"https:\/\/portalf1.si\/index.php\/2026\/04\/14\/nov-film-o-schumacherju-sprozil-mesane-obcutke-med-navijaci\/\"><img loading=\"lazy\" decoding=\"async\" width=\"1080\" height=\"720\" src=\"https:\/\/portalf1.si\/wp-content\/uploads\/2025\/10\/michael-schumacher-64e32e8c9ad19jpg-6855406fa64cf.webp\" class=\"attachment-full size-full not-transparent\" alt=\"\" style=\"--dominant-color: #5a4555;width:100%;height:100%;object-fit: cover;aspect-ratio: 1;\" srcset=\"https:\/\/portalf1.si\/wp-content\/uploads\/2025\/10\/michael-schumacher-64e32e8c9ad19jpg-6855406fa64cf.webp 1080w, https:\/\/portalf1.si\/wp-content\/uploads\/2025\/10\/michael-schumacher-64e32e8c9ad19jpg-6855406fa64cf-300x200.webp 300w, https:\/\/portalf1.si\/wp-content\/uploads\/2025\/10\/michael-schumacher-64e32e8c9ad19jpg-6855406fa64cf-1024x683.webp 1024w, https:\/\/portalf1.si\/wp-content\/uploads\/2025\/10\/michael-schumacher-64e32e8c9ad19jpg-6855406fa64cf-768x512.webp 768w\" sizes=\"auto, (max-width: 1080px) 100vw, 1080px\" data-has-transparency=\"false\" data-dominant-color=\"5a4555\" \/><\/a><\/div>\n\n\n\n<div class=\"wp-block-column is-vertically-aligned-center is-layout-flow wp-block-column-is-layout-flow\" style=\"flex-basis:75%\"><h2 style=\"margin-bottom:var(--wp--preset--spacing--30);\" class=\"ct-dynamic-data wp-elements-02674fe09297fac449a634342842ad06 has-medium-font-size\"><a href=\"https:\/\/portalf1.si\/index.php\/2026\/04\/14\/nov-film-o-schumacherju-sprozil-mesane-obcutke-med-navijaci\/\">Nov film o Schumacherju spro\u017eil me\u0161ane ob\u010dutke med navija\u010di<\/a><\/h2>\n\n<div class=\"ct-dynamic-data wp-elements-01bd6ab16c00aa6ee9fdf1a0f4eba7f7\"><a href=\"https:\/\/portalf1.si\/index.php\/2026\/04\/14\/nov-film-o-schumacherju-sprozil-mesane-obcutke-med-navijaci\/\">14 aprila, 2026<\/a><\/div>\n\n<div class=\"ct-dynamic-data wp-elements-8aaedc5e82ad30c1a7ac9ccdd0e93689\"><p>Na YouTubu je bil objavljen napovednik za novi film o legendarnem Michaelu Schumacherju, ki je med navija\u010di Formule 1 spro\u017eil\u2026<\/p>\n<\/div><\/div>\n<\/div>\n\n<\/article><article class=\"wp-block-post is-layout-flow post-12481 post type-post status-publish format-standard has-post-thumbnail hentry category-fia category-formula-1 category-max-verstappen category-novice category-red-bull tag-f1 tag-f1-2026 tag-f1-slovenija tag-fia tag-formula-1 tag-formula-1-2026 tag-formula-1-slovenija tag-max-verstappen tag-red-bull\">\n\n<div class=\"wp-block-columns is-layout-flex wp-container-core-columns-is-layout-28f84493 wp-block-columns-is-layout-flex\">\n<div class=\"wp-block-column is-layout-flow wp-block-column-is-layout-flow\" style=\"flex-basis:25%\"><a class=\"ct-dynamic-media wp-elements-d281221a6c098a814e13582bfca57b5c\" aria-label=\"FIA in Formula 1 v pogovorih glede Verstappnovega obna\u0161anja do britanskih novinarjev\" href=\"https:\/\/portalf1.si\/index.php\/2026\/04\/14\/fia-in-formula-1-v-pogovorih-glede-verstappnovega-obnasanja-do-britanskih-novinarjev\/\"><img loading=\"lazy\" decoding=\"async\" width=\"1200\" height=\"800\" src=\"https:\/\/portalf1.si\/wp-content\/uploads\/2026\/03\/max-verstappen-chine-conf.webp\" class=\"attachment-full size-full not-transparent\" alt=\"\" style=\"--dominant-color: #333238;width:100%;height:100%;object-fit: cover;aspect-ratio: 1;\" srcset=\"https:\/\/portalf1.si\/wp-content\/uploads\/2026\/03\/max-verstappen-chine-conf.webp 1200w, https:\/\/portalf1.si\/wp-content\/uploads\/2026\/03\/max-verstappen-chine-conf-300x200.webp 300w, https:\/\/portalf1.si\/wp-content\/uploads\/2026\/03\/max-verstappen-chine-conf-1024x683.webp 1024w, https:\/\/portalf1.si\/wp-content\/uploads\/2026\/03\/max-verstappen-chine-conf-768x512.webp 768w, https:\/\/portalf1.si\/wp-content\/uploads\/2026\/03\/max-verstappen-chine-conf-18x12.webp 18w\" sizes=\"auto, (max-width: 1200px) 100vw, 1200px\" data-has-transparency=\"false\" data-dominant-color=\"333238\" \/><\/a><\/div>\n\n\n\n<div class=\"wp-block-column is-vertically-aligned-center is-layout-flow wp-block-column-is-layout-flow\" style=\"flex-basis:75%\"><h2 style=\"margin-bottom:var(--wp--preset--spacing--30);\" class=\"ct-dynamic-data wp-elements-02674fe09297fac449a634342842ad06 has-medium-font-size\"><a href=\"https:\/\/portalf1.si\/index.php\/2026\/04\/14\/fia-in-formula-1-v-pogovorih-glede-verstappnovega-obnasanja-do-britanskih-novinarjev\/\">FIA in Formula 1 v pogovorih glede Verstappnovega obna\u0161anja do britanskih novinarjev<\/a><\/h2>\n\n<div class=\"ct-dynamic-data wp-elements-01bd6ab16c00aa6ee9fdf1a0f4eba7f7\"><a href=\"https:\/\/portalf1.si\/index.php\/2026\/04\/14\/fia-in-formula-1-v-pogovorih-glede-verstappnovega-obnasanja-do-britanskih-novinarjev\/\">14 aprila, 2026<\/a><\/div>\n\n<div class=\"ct-dynamic-data wp-elements-8aaedc5e82ad30c1a7ac9ccdd0e93689\"><p>FIA naj bi mo\u0161tvu Red Bull Racing sporo\u010dila, da novinarji Formule 1 nikakor niso zadovoljni z na\u010dinom, kako je bil\u2026<\/p>\n<\/div><\/div>\n<\/div>\n\n<\/article><article class=\"wp-block-post is-layout-flow post-12476 post type-post status-publish format-standard has-post-thumbnail hentry category-ferrari category-formula-1 category-mercedes category-novice tag-f1 tag-f1-2026 tag-f1-slovenija tag-ferrari tag-formula-1 tag-formula-1-2026 tag-formula-1-slovenija tag-mercedes\">\n\n<div class=\"wp-block-columns is-layout-flex wp-container-core-columns-is-layout-28f84493 wp-block-columns-is-layout-flex\">\n<div class=\"wp-block-column is-layout-flow wp-block-column-is-layout-flow\" style=\"flex-basis:25%\"><a class=\"ct-dynamic-media wp-elements-d281221a6c098a814e13582bfca57b5c\" aria-label=\"Zakaj Mercedesova prednost pred Ferrarijem ni tako velika, kot se zdi na prvi pogled\" href=\"https:\/\/portalf1.si\/index.php\/2026\/04\/13\/zakaj-mercedesova-prednost-pred-ferrarijem-ni-tako-velika-kot-se-zdi-na-prvi-pogled\/\"><img loading=\"lazy\" decoding=\"async\" width=\"679\" height=\"355\" src=\"https:\/\/portalf1.si\/wp-content\/uploads\/2026\/03\/russell-ham-china.webp\" class=\"attachment-full size-full not-transparent\" alt=\"\" style=\"--dominant-color: #5e5144;width:100%;height:100%;object-fit: cover;aspect-ratio: 1;\" srcset=\"https:\/\/portalf1.si\/wp-content\/uploads\/2026\/03\/russell-ham-china.webp 679w, https:\/\/portalf1.si\/wp-content\/uploads\/2026\/03\/russell-ham-china-300x157.webp 300w, https:\/\/portalf1.si\/wp-content\/uploads\/2026\/03\/russell-ham-china-18x9.webp 18w\" sizes=\"auto, (max-width: 679px) 100vw, 679px\" data-has-transparency=\"false\" data-dominant-color=\"5e5144\" \/><\/a><\/div>\n\n\n\n<div class=\"wp-block-column is-vertically-aligned-center is-layout-flow wp-block-column-is-layout-flow\" style=\"flex-basis:75%\"><h2 style=\"margin-bottom:var(--wp--preset--spacing--30);\" class=\"ct-dynamic-data wp-elements-02674fe09297fac449a634342842ad06 has-medium-font-size\"><a href=\"https:\/\/portalf1.si\/index.php\/2026\/04\/13\/zakaj-mercedesova-prednost-pred-ferrarijem-ni-tako-velika-kot-se-zdi-na-prvi-pogled\/\">Zakaj Mercedesova prednost pred Ferrarijem ni tako velika, kot se zdi na prvi pogled<\/a><\/h2>\n\n<div class=\"ct-dynamic-data wp-elements-01bd6ab16c00aa6ee9fdf1a0f4eba7f7\"><a href=\"https:\/\/portalf1.si\/index.php\/2026\/04\/13\/zakaj-mercedesova-prednost-pred-ferrarijem-ni-tako-velika-kot-se-zdi-na-prvi-pogled\/\">13 aprila, 2026<\/a><\/div>\n\n<div class=\"ct-dynamic-data wp-elements-8aaedc5e82ad30c1a7ac9ccdd0e93689\"><p>Jock Clear, nekdanji \u010dlan tako Mercedesa kot Ferrarija, je izpostavil klju\u010dne razloge, zakaj nem\u0161ki F1 proizvajalec nima tako dominantne prednosti\u2026<\/p>\n<\/div><\/div>\n<\/div>\n\n<\/article><article class=\"wp-block-post is-layout-flow post-12471 post type-post status-publish format-standard has-post-thumbnail hentry category-formula-1 category-max-verstappen category-mclaren category-novice category-red-bull tag-f1 tag-f1-2026 tag-f1-slovenija tag-formula-1 tag-formula-1-2026 tag-formula-1-slovenija tag-max-verstappen tag-mclaren tag-red-bull\">\n\n<div class=\"wp-block-columns is-layout-flex wp-container-core-columns-is-layout-28f84493 wp-block-columns-is-layout-flex\">\n<div class=\"wp-block-column is-layout-flow wp-block-column-is-layout-flow\" style=\"flex-basis:25%\"><a class=\"ct-dynamic-media wp-elements-d281221a6c098a814e13582bfca57b5c\" aria-label=\"Drzna napoved: Verstappen bo naslednje leto zapustil Formulo 1 ali pa prestopil v McLarnu\" href=\"https:\/\/portalf1.si\/index.php\/2026\/04\/13\/drzna-napoved-verstappen-bo-naslednje-leto-zapustil-formulo-1-ali-pa-prestopil-v-mclarnu\/\"><img loading=\"lazy\" decoding=\"async\" width=\"1200\" height=\"800\" src=\"https:\/\/portalf1.si\/wp-content\/uploads\/2026\/02\/8c8bb018699fb836ae2df9412884a9fda51c767f.webp\" class=\"attachment-full size-full not-transparent\" alt=\"\" style=\"--dominant-color: #25295f;width:100%;height:100%;object-fit: cover;aspect-ratio: 1;\" srcset=\"https:\/\/portalf1.si\/wp-content\/uploads\/2026\/02\/8c8bb018699fb836ae2df9412884a9fda51c767f.webp 1200w, https:\/\/portalf1.si\/wp-content\/uploads\/2026\/02\/8c8bb018699fb836ae2df9412884a9fda51c767f-300x200.webp 300w, https:\/\/portalf1.si\/wp-content\/uploads\/2026\/02\/8c8bb018699fb836ae2df9412884a9fda51c767f-1024x683.webp 1024w, https:\/\/portalf1.si\/wp-content\/uploads\/2026\/02\/8c8bb018699fb836ae2df9412884a9fda51c767f-768x512.webp 768w, https:\/\/portalf1.si\/wp-content\/uploads\/2026\/02\/8c8bb018699fb836ae2df9412884a9fda51c767f-18x12.webp 18w\" sizes=\"auto, (max-width: 1200px) 100vw, 1200px\" data-has-transparency=\"false\" data-dominant-color=\"25295f\" \/><\/a><\/div>\n\n\n\n<div class=\"wp-block-column is-vertically-aligned-center is-layout-flow wp-block-column-is-layout-flow\" style=\"flex-basis:75%\"><h2 style=\"margin-bottom:var(--wp--preset--spacing--30);\" class=\"ct-dynamic-data wp-elements-02674fe09297fac449a634342842ad06 has-medium-font-size\"><a href=\"https:\/\/portalf1.si\/index.php\/2026\/04\/13\/drzna-napoved-verstappen-bo-naslednje-leto-zapustil-formulo-1-ali-pa-prestopil-v-mclarnu\/\">Drzna napoved: Verstappen bo naslednje leto zapustil Formulo 1 ali pa prestopil v McLarnu<\/a><\/h2>\n\n<div class=\"ct-dynamic-data wp-elements-01bd6ab16c00aa6ee9fdf1a0f4eba7f7\"><a href=\"https:\/\/portalf1.si\/index.php\/2026\/04\/13\/drzna-napoved-verstappen-bo-naslednje-leto-zapustil-formulo-1-ali-pa-prestopil-v-mclarnu\/\">13 aprila, 2026<\/a><\/div>\n\n<div class=\"ct-dynamic-data wp-elements-8aaedc5e82ad30c1a7ac9ccdd0e93689\"><p>Nekdanji dirka\u010d Formule 1 Ralf Schumacher po napovedi odhoda dirka\u0161kega in\u017eenirja Gianpiera Lambiaseja vidi mo\u017enost, da si bo Max Verstappen\u2026<\/p>\n<\/div><\/div>\n<\/div>\n\n<\/article><article class=\"wp-block-post is-layout-flow post-12469 post type-post status-publish format-standard has-post-thumbnail hentry category-charles-leclerc category-ferrari category-formula-1 category-novice category-red-bull tag-charles-leclerc tag-f1 tag-f1-2026 tag-f1-slovenija tag-ferrari tag-formula-1 tag-formula-1-2026 tag-formula-1-slovenija tag-red-bull\">\n\n<div class=\"wp-block-columns is-layout-flex wp-container-core-columns-is-layout-28f84493 wp-block-columns-is-layout-flex\">\n<div class=\"wp-block-column is-layout-flow wp-block-column-is-layout-flow\" style=\"flex-basis:25%\"><a class=\"ct-dynamic-media wp-elements-d281221a6c098a814e13582bfca57b5c\" aria-label=\"Nekdanji F1 dirka\u010d Leclercu odsvetuje prestop v Red Bull kot zamenjava za Verstappna\" href=\"https:\/\/portalf1.si\/index.php\/2026\/04\/13\/nekdanji-f1-dirkac-leclercu-odsvetuje-prestop-v-red-bull-kot-zamenjava-za-verstappna\/\"><img loading=\"lazy\" decoding=\"async\" width=\"1600\" height=\"900\" src=\"https:\/\/portalf1.si\/wp-content\/uploads\/2026\/03\/xpb_1403788_hires.webp\" class=\"attachment-full size-full not-transparent\" alt=\"\" style=\"--dominant-color: #974c51;width:100%;height:100%;object-fit: cover;aspect-ratio: 1;\" srcset=\"https:\/\/portalf1.si\/wp-content\/uploads\/2026\/03\/xpb_1403788_hires.webp 1600w, https:\/\/portalf1.si\/wp-content\/uploads\/2026\/03\/xpb_1403788_hires-300x169.webp 300w, https:\/\/portalf1.si\/wp-content\/uploads\/2026\/03\/xpb_1403788_hires-1024x576.webp 1024w, https:\/\/portalf1.si\/wp-content\/uploads\/2026\/03\/xpb_1403788_hires-768x432.webp 768w, https:\/\/portalf1.si\/wp-content\/uploads\/2026\/03\/xpb_1403788_hires-1536x864.webp 1536w, https:\/\/portalf1.si\/wp-content\/uploads\/2026\/03\/xpb_1403788_hires-18x10.webp 18w\" sizes=\"auto, (max-width: 1600px) 100vw, 1600px\" data-has-transparency=\"false\" data-dominant-color=\"974c51\" \/><\/a><\/div>\n\n\n\n<div class=\"wp-block-column is-vertically-aligned-center is-layout-flow wp-block-column-is-layout-flow\" style=\"flex-basis:75%\"><h2 style=\"margin-bottom:var(--wp--preset--spacing--30);\" class=\"ct-dynamic-data wp-elements-02674fe09297fac449a634342842ad06 has-medium-font-size\"><a href=\"https:\/\/portalf1.si\/index.php\/2026\/04\/13\/nekdanji-f1-dirkac-leclercu-odsvetuje-prestop-v-red-bull-kot-zamenjava-za-verstappna\/\">Nekdanji F1 dirka\u010d Leclercu odsvetuje prestop v Red Bull kot zamenjava za Verstappna<\/a><\/h2>\n\n<div class=\"ct-dynamic-data wp-elements-01bd6ab16c00aa6ee9fdf1a0f4eba7f7\"><a href=\"https:\/\/portalf1.si\/index.php\/2026\/04\/13\/nekdanji-f1-dirkac-leclercu-odsvetuje-prestop-v-red-bull-kot-zamenjava-za-verstappna\/\">13 aprila, 2026<\/a><\/div>\n\n<div class=\"ct-dynamic-data wp-elements-8aaedc5e82ad30c1a7ac9ccdd0e93689\"><p>Nekdanji dirka\u010d Formule 1 Ralf Schumacher verjame, da selitev k Red Bullu kot zamenjava za Maxa Verstappna ne bi bila\u2026<\/p>\n<\/div><\/div>\n<\/div>\n\n<\/article><article class=\"wp-block-post is-layout-flow post-12466 post type-post status-publish format-standard has-post-thumbnail hentry category-formula-1 category-gtwc category-lance-stroll category-novice tag-f1 tag-f1-2026 tag-f1-slovenija tag-formula-1 tag-formula-1-2026 tag-formula-1-slovenija tag-gtwc tag-lance-stroll\">\n\n<div class=\"wp-block-columns is-layout-flex wp-container-core-columns-is-layout-28f84493 wp-block-columns-is-layout-flex\">\n<div class=\"wp-block-column is-layout-flow wp-block-column-is-layout-flow\" style=\"flex-basis:25%\"><a class=\"ct-dynamic-media wp-elements-d281221a6c098a814e13582bfca57b5c\" aria-label=\"Stroll na svoji prvi dirki serije GTWC za zmagovalcem v istem dirkalniku zaostal za neverjetnih 12 krogov\" href=\"https:\/\/portalf1.si\/index.php\/2026\/04\/13\/stroll-na-svoji-prvi-dirki-serije-gtwc-za-zmagovalcem-v-istem-dirkalniku-zaostal-za-neverjetnih-12-krogov\/\"><img loading=\"lazy\" decoding=\"async\" width=\"1200\" height=\"800\" src=\"https:\/\/portalf1.si\/wp-content\/uploads\/2026\/04\/lance-stroll-aston-martin-raci-1.webp\" class=\"attachment-full size-full not-transparent\" alt=\"\" style=\"--dominant-color: #617f90;width:100%;height:100%;object-fit: cover;aspect-ratio: 1;\" srcset=\"https:\/\/portalf1.si\/wp-content\/uploads\/2026\/04\/lance-stroll-aston-martin-raci-1.webp 1200w, https:\/\/portalf1.si\/wp-content\/uploads\/2026\/04\/lance-stroll-aston-martin-raci-1-300x200.webp 300w, https:\/\/portalf1.si\/wp-content\/uploads\/2026\/04\/lance-stroll-aston-martin-raci-1-1024x683.webp 1024w, https:\/\/portalf1.si\/wp-content\/uploads\/2026\/04\/lance-stroll-aston-martin-raci-1-768x512.webp 768w, https:\/\/portalf1.si\/wp-content\/uploads\/2026\/04\/lance-stroll-aston-martin-raci-1-18x12.webp 18w\" sizes=\"auto, (max-width: 1200px) 100vw, 1200px\" data-has-transparency=\"false\" data-dominant-color=\"617f90\" \/><\/a><\/div>\n\n\n\n<div class=\"wp-block-column is-vertically-aligned-center is-layout-flow wp-block-column-is-layout-flow\" style=\"flex-basis:75%\"><h2 style=\"margin-bottom:var(--wp--preset--spacing--30);\" class=\"ct-dynamic-data wp-elements-02674fe09297fac449a634342842ad06 has-medium-font-size\"><a href=\"https:\/\/portalf1.si\/index.php\/2026\/04\/13\/stroll-na-svoji-prvi-dirki-serije-gtwc-za-zmagovalcem-v-istem-dirkalniku-zaostal-za-neverjetnih-12-krogov\/\">Stroll na svoji prvi dirki serije GTWC za zmagovalcem v istem dirkalniku zaostal za neverjetnih 12 krogov<\/a><\/h2>\n\n<div class=\"ct-dynamic-data wp-elements-01bd6ab16c00aa6ee9fdf1a0f4eba7f7\"><a href=\"https:\/\/portalf1.si\/index.php\/2026\/04\/13\/stroll-na-svoji-prvi-dirki-serije-gtwc-za-zmagovalcem-v-istem-dirkalniku-zaostal-za-neverjetnih-12-krogov\/\">13 aprila, 2026<\/a><\/div>\n\n<div class=\"ct-dynamic-data wp-elements-8aaedc5e82ad30c1a7ac9ccdd0e93689\"><p>Prvi nastop dirka\u010da Formule 1 Lancea Strolla v seriji GTWC na dirkali\u0161\u010du Paul Ricard za volanom dirkalnika Aston Martin Vantage\u2026<\/p>\n<\/div><\/div>\n<\/div>\n\n<\/article><article class=\"wp-block-post is-layout-flow post-12456 post type-post status-publish format-standard has-post-thumbnail hentry category-ferrari category-formula-1 category-michael-schumacher category-novice tag-f1 tag-f1-2026 tag-f1-slovenija tag-ferrari tag-formula-1 tag-formula-1-2026 tag-formula-1-slovenija tag-michael-schumacher\">\n\n<div class=\"wp-block-columns is-layout-flex wp-container-core-columns-is-layout-28f84493 wp-block-columns-is-layout-flex\">\n<div class=\"wp-block-column is-layout-flow wp-block-column-is-layout-flow\" style=\"flex-basis:25%\"><a class=\"ct-dynamic-media wp-elements-d281221a6c098a814e13582bfca57b5c\" aria-label=\"Nenavadno razkritje! \u010ce Schumacher leta 2000 ne bi osvojil naslova, bi Ferrari razpadel\" href=\"https:\/\/portalf1.si\/index.php\/2026\/04\/13\/nenavadno-razkritje-ce-schumacher-leta-2000-ne-bi-osvojil-naslova-bi-ferrari-razpadel\/\"><img loading=\"lazy\" decoding=\"async\" width=\"1200\" height=\"801\" src=\"https:\/\/portalf1.si\/wp-content\/uploads\/2025\/05\/michael-schumacher-1st-positio.webp\" class=\"attachment-full size-full not-transparent\" alt=\"\" style=\"--dominant-color: #5c4246;width:100%;height:100%;object-fit: cover;aspect-ratio: 1;\" srcset=\"https:\/\/portalf1.si\/wp-content\/uploads\/2025\/05\/michael-schumacher-1st-positio.webp 1200w, https:\/\/portalf1.si\/wp-content\/uploads\/2025\/05\/michael-schumacher-1st-positio-300x200.webp 300w, https:\/\/portalf1.si\/wp-content\/uploads\/2025\/05\/michael-schumacher-1st-positio-1024x684.webp 1024w, https:\/\/portalf1.si\/wp-content\/uploads\/2025\/05\/michael-schumacher-1st-positio-768x513.webp 768w\" sizes=\"auto, (max-width: 1200px) 100vw, 1200px\" data-has-transparency=\"false\" data-dominant-color=\"5c4246\" \/><\/a><\/div>\n\n\n\n<div class=\"wp-block-column is-vertically-aligned-center is-layout-flow wp-block-column-is-layout-flow\" style=\"flex-basis:75%\"><h2 style=\"margin-bottom:var(--wp--preset--spacing--30);\" class=\"ct-dynamic-data wp-elements-02674fe09297fac449a634342842ad06 has-medium-font-size\"><a href=\"https:\/\/portalf1.si\/index.php\/2026\/04\/13\/nenavadno-razkritje-ce-schumacher-leta-2000-ne-bi-osvojil-naslova-bi-ferrari-razpadel\/\">Nenavadno razkritje! \u010ce Schumacher leta 2000 ne bi osvojil naslova, bi Ferrari razpadel<\/a><\/h2>\n\n<div class=\"ct-dynamic-data wp-elements-01bd6ab16c00aa6ee9fdf1a0f4eba7f7\"><a href=\"https:\/\/portalf1.si\/index.php\/2026\/04\/13\/nenavadno-razkritje-ce-schumacher-leta-2000-ne-bi-osvojil-naslova-bi-ferrari-razpadel\/\">13 aprila, 2026<\/a><\/div>\n\n<div class=\"ct-dynamic-data wp-elements-8aaedc5e82ad30c1a7ac9ccdd0e93689\"><p>Ob za\u010detku sezone Formule 1 leta 2000 je Ferrari \u0161e vedno lovil dolgo pri\u010dakovani naslov prvaka med dirka\u010di, potem ko\u2026<\/p>\n<\/div><\/div>\n<\/div>\n\n<\/article><article class=\"wp-block-post is-layout-flow post-12458 post type-post status-publish format-standard has-post-thumbnail hentry category-fernando-alonso category-formula-1 category-novice category-zanimivosti tag-f1 tag-f1-2026 tag-f1-slovenija tag-fernando-alonso tag-formula-1 tag-formula-1-2026 tag-formula-1-slovenija\">\n\n<div class=\"wp-block-columns is-layout-flex wp-container-core-columns-is-layout-28f84493 wp-block-columns-is-layout-flex\">\n<div class=\"wp-block-column is-layout-flow wp-block-column-is-layout-flow\" style=\"flex-basis:25%\"><a class=\"ct-dynamic-media wp-elements-d281221a6c098a814e13582bfca57b5c\" aria-label=\"Neverjetna zgodba: Kako je Alonso skoraj postal voznik &#8220;papamobila&#8221;\" href=\"https:\/\/portalf1.si\/index.php\/2026\/04\/13\/neverjetna-zgodba-kako-je-alonso-skoraj-postal-voznik-papamobila\/\"><img loading=\"lazy\" decoding=\"async\" width=\"2500\" height=\"1563\" src=\"https:\/\/portalf1.si\/wp-content\/uploads\/2026\/04\/Benedikt-XVI.-v-papamobile-2.webp\" class=\"attachment-full size-full not-transparent\" alt=\"\" style=\"--dominant-color: #656b6a;width:100%;height:100%;object-fit: cover;aspect-ratio: 1;\" srcset=\"https:\/\/portalf1.si\/wp-content\/uploads\/2026\/04\/Benedikt-XVI.-v-papamobile-2.webp 2500w, https:\/\/portalf1.si\/wp-content\/uploads\/2026\/04\/Benedikt-XVI.-v-papamobile-2-300x188.webp 300w, https:\/\/portalf1.si\/wp-content\/uploads\/2026\/04\/Benedikt-XVI.-v-papamobile-2-1024x640.webp 1024w, https:\/\/portalf1.si\/wp-content\/uploads\/2026\/04\/Benedikt-XVI.-v-papamobile-2-768x480.webp 768w, https:\/\/portalf1.si\/wp-content\/uploads\/2026\/04\/Benedikt-XVI.-v-papamobile-2-1536x960.webp 1536w, https:\/\/portalf1.si\/wp-content\/uploads\/2026\/04\/Benedikt-XVI.-v-papamobile-2-2048x1280.webp 2048w, https:\/\/portalf1.si\/wp-content\/uploads\/2026\/04\/Benedikt-XVI.-v-papamobile-2-18x12.webp 18w\" sizes=\"auto, (max-width: 2500px) 100vw, 2500px\" data-has-transparency=\"false\" data-dominant-color=\"656b6a\" \/><\/a><\/div>\n\n\n\n<div class=\"wp-block-column is-vertically-aligned-center is-layout-flow wp-block-column-is-layout-flow\" style=\"flex-basis:75%\"><h2 style=\"margin-bottom:var(--wp--preset--spacing--30);\" class=\"ct-dynamic-data wp-elements-02674fe09297fac449a634342842ad06 has-medium-font-size\"><a href=\"https:\/\/portalf1.si\/index.php\/2026\/04\/13\/neverjetna-zgodba-kako-je-alonso-skoraj-postal-voznik-papamobila\/\">Neverjetna zgodba: Kako je Alonso skoraj postal voznik &#8220;papamobila&#8221;<\/a><\/h2>\n\n<div class=\"ct-dynamic-data wp-elements-01bd6ab16c00aa6ee9fdf1a0f4eba7f7\"><a href=\"https:\/\/portalf1.si\/index.php\/2026\/04\/13\/neverjetna-zgodba-kako-je-alonso-skoraj-postal-voznik-papamobila\/\">13 aprila, 2026<\/a><\/div>\n\n<div class=\"ct-dynamic-data wp-elements-8aaedc5e82ad30c1a7ac9ccdd0e93689\"><p>\u010ceprav se sli\u0161i neverjetno, je bil dirka\u010d Formule 1 Fernando Alonso leta 2011 dejansko blizu vo\u017enji &#8220;papamobila&#8221;, trdi trenutni koordinator\u2026<\/p>\n<\/div><\/div>\n<\/div>\n\n<\/article><article class=\"wp-block-post is-layout-flow post-12454 post type-post status-publish format-standard has-post-thumbnail hentry category-adrian-newey category-ferrari category-formula-1 category-novice tag-adrian-newey tag-f1 tag-f1-2026 tag-f1-slovenija tag-ferrari tag-formula-1 tag-formula-1-2026 tag-formula-1-slovenija\">\n\n<div class=\"wp-block-columns is-layout-flex wp-container-core-columns-is-layout-28f84493 wp-block-columns-is-layout-flex\">\n<div class=\"wp-block-column is-layout-flow wp-block-column-is-layout-flow\" style=\"flex-basis:25%\"><a class=\"ct-dynamic-media wp-elements-d281221a6c098a814e13582bfca57b5c\" aria-label=\"Razkrito! Zakaj Ferrari v svoje vrste nikoli ni uspel pripeljati Neweyja\" href=\"https:\/\/portalf1.si\/index.php\/2026\/04\/12\/razkrito-zakaj-ferrari-v-svoje-vrste-nikoli-ni-uspel-pripeljati-neweyja\/\"><img loading=\"lazy\" decoding=\"async\" width=\"1092\" height=\"683\" src=\"https:\/\/portalf1.si\/wp-content\/uploads\/2026\/03\/Newey-Qatar.webp\" class=\"attachment-full size-full not-transparent\" alt=\"\" style=\"--dominant-color: #4c5653;width:100%;height:100%;object-fit: cover;aspect-ratio: 1;\" srcset=\"https:\/\/portalf1.si\/wp-content\/uploads\/2026\/03\/Newey-Qatar.webp 1092w, https:\/\/portalf1.si\/wp-content\/uploads\/2026\/03\/Newey-Qatar-300x188.webp 300w, https:\/\/portalf1.si\/wp-content\/uploads\/2026\/03\/Newey-Qatar-1024x640.webp 1024w, https:\/\/portalf1.si\/wp-content\/uploads\/2026\/03\/Newey-Qatar-768x480.webp 768w, https:\/\/portalf1.si\/wp-content\/uploads\/2026\/03\/Newey-Qatar-18x12.webp 18w\" sizes=\"auto, (max-width: 1092px) 100vw, 1092px\" data-has-transparency=\"false\" data-dominant-color=\"4c5653\" \/><\/a><\/div>\n\n\n\n<div class=\"wp-block-column is-vertically-aligned-center is-layout-flow wp-block-column-is-layout-flow\" style=\"flex-basis:75%\"><h2 style=\"margin-bottom:var(--wp--preset--spacing--30);\" class=\"ct-dynamic-data wp-elements-02674fe09297fac449a634342842ad06 has-medium-font-size\"><a href=\"https:\/\/portalf1.si\/index.php\/2026\/04\/12\/razkrito-zakaj-ferrari-v-svoje-vrste-nikoli-ni-uspel-pripeljati-neweyja\/\">Razkrito! Zakaj Ferrari v svoje vrste nikoli ni uspel pripeljati Neweyja<\/a><\/h2>\n\n<div class=\"ct-dynamic-data wp-elements-01bd6ab16c00aa6ee9fdf1a0f4eba7f7\"><a href=\"https:\/\/portalf1.si\/index.php\/2026\/04\/12\/razkrito-zakaj-ferrari-v-svoje-vrste-nikoli-ni-uspel-pripeljati-neweyja\/\">12 aprila, 2026<\/a><\/div>\n\n<div class=\"ct-dynamic-data wp-elements-8aaedc5e82ad30c1a7ac9ccdd0e93689\"><p>Kljub te\u017ekemu za\u010detku pri Aston Martinu Adrian Newey ostaja ena izmed resni\u010dnih legend v paddocku Formule 1. Britanski na\u010drtovalec je\u2026<\/p>\n<\/div><\/div>\n<\/div>\n\n<\/article><article class=\"wp-block-post is-layout-flow post-12449 post type-post status-publish format-standard has-post-thumbnail hentry category-formula-1 category-novice tag-f1 tag-f1-2026 tag-f1-slovenija tag-formula-1 tag-formula-1-2026 tag-formula-1-slovenija\">\n\n<div class=\"wp-block-columns is-layout-flex wp-container-core-columns-is-layout-28f84493 wp-block-columns-is-layout-flex\">\n<div class=\"wp-block-column is-layout-flow wp-block-column-is-layout-flow\" style=\"flex-basis:25%\"><a class=\"ct-dynamic-media wp-elements-d281221a6c098a814e13582bfca57b5c\" aria-label=\"Dirka\u010di bodo dobili prilo\u017enost, da svetujejo pri spremembah pravil v Formuli 1\" href=\"https:\/\/portalf1.si\/index.php\/2026\/04\/11\/dirkaci-bodo-dobili-priloznost-da-svetujejo-pri-spremembah-pravil-v-formuli-1\/\"><img loading=\"lazy\" decoding=\"async\" width=\"1320\" height=\"742\" src=\"https:\/\/portalf1.si\/wp-content\/uploads\/2026\/03\/japanese-gp-fp1-results-1320x742-1.webp\" class=\"attachment-full size-full not-transparent\" alt=\"\" style=\"--dominant-color: #5e6466;width:100%;height:100%;object-fit: cover;aspect-ratio: 1;\" srcset=\"https:\/\/portalf1.si\/wp-content\/uploads\/2026\/03\/japanese-gp-fp1-results-1320x742-1.webp 1320w, https:\/\/portalf1.si\/wp-content\/uploads\/2026\/03\/japanese-gp-fp1-results-1320x742-1-300x169.webp 300w, https:\/\/portalf1.si\/wp-content\/uploads\/2026\/03\/japanese-gp-fp1-results-1320x742-1-1024x576.webp 1024w, https:\/\/portalf1.si\/wp-content\/uploads\/2026\/03\/japanese-gp-fp1-results-1320x742-1-768x432.webp 768w, https:\/\/portalf1.si\/wp-content\/uploads\/2026\/03\/japanese-gp-fp1-results-1320x742-1-18x10.webp 18w\" sizes=\"auto, (max-width: 1320px) 100vw, 1320px\" data-has-transparency=\"false\" data-dominant-color=\"5e6466\" \/><\/a><\/div>\n\n\n\n<div class=\"wp-block-column is-vertically-aligned-center is-layout-flow wp-block-column-is-layout-flow\" style=\"flex-basis:75%\"><h2 style=\"margin-bottom:var(--wp--preset--spacing--30);\" class=\"ct-dynamic-data wp-elements-02674fe09297fac449a634342842ad06 has-medium-font-size\"><a href=\"https:\/\/portalf1.si\/index.php\/2026\/04\/11\/dirkaci-bodo-dobili-priloznost-da-svetujejo-pri-spremembah-pravil-v-formuli-1\/\">Dirka\u010di bodo dobili prilo\u017enost, da svetujejo pri spremembah pravil v Formuli 1<\/a><\/h2>\n\n<div class=\"ct-dynamic-data wp-elements-01bd6ab16c00aa6ee9fdf1a0f4eba7f7\"><a href=\"https:\/\/portalf1.si\/index.php\/2026\/04\/11\/dirkaci-bodo-dobili-priloznost-da-svetujejo-pri-spremembah-pravil-v-formuli-1\/\">11 aprila, 2026<\/a><\/div>\n\n<div class=\"ct-dynamic-data wp-elements-8aaedc5e82ad30c1a7ac9ccdd0e93689\"><p>FIA se namerava v kratkem posvetovati z dirka\u010di Formule 1 o morebitnih prilagoditvah tehni\u010dnega pravilnika. Ta sestanek naj bi se\u2026<\/p>\n<\/div><\/div>\n<\/div>\n\n<\/article><article class=\"wp-block-post is-layout-flow post-12447 post type-post status-publish format-standard has-post-thumbnail hentry category-ferrari category-formula-1 category-max-verstappen category-novice tag-f1 tag-f1-2026 tag-f1-slovenija tag-ferrari tag-formula-1 tag-formula-1-2026 tag-formula-1-slovenija tag-max-verstappen\">\n\n<div class=\"wp-block-columns is-layout-flex wp-container-core-columns-is-layout-28f84493 wp-block-columns-is-layout-flex\">\n<div class=\"wp-block-column is-layout-flow wp-block-column-is-layout-flow\" style=\"flex-basis:25%\"><a class=\"ct-dynamic-media wp-elements-d281221a6c098a814e13582bfca57b5c\" aria-label=\"Ferrari, Mercedes in McLaren budno spremljajo, kaj se dogaja z Verstappnom\" href=\"https:\/\/portalf1.si\/index.php\/2026\/04\/11\/ferrari-mercedes-in-mclaren-budno-spremljajo-kaj-se-dogaja-z-verstappnom\/\"><img loading=\"lazy\" decoding=\"async\" width=\"1079\" height=\"720\" src=\"https:\/\/portalf1.si\/wp-content\/uploads\/2026\/03\/max-verstappen-gelijk-f1-is-kapot.webp\" class=\"attachment-full size-full not-transparent\" alt=\"\" style=\"--dominant-color: #81797c;width:100%;height:100%;object-fit: cover;aspect-ratio: 1;\" srcset=\"https:\/\/portalf1.si\/wp-content\/uploads\/2026\/03\/max-verstappen-gelijk-f1-is-kapot.webp 1079w, https:\/\/portalf1.si\/wp-content\/uploads\/2026\/03\/max-verstappen-gelijk-f1-is-kapot-300x200.webp 300w, https:\/\/portalf1.si\/wp-content\/uploads\/2026\/03\/max-verstappen-gelijk-f1-is-kapot-1024x683.webp 1024w, https:\/\/portalf1.si\/wp-content\/uploads\/2026\/03\/max-verstappen-gelijk-f1-is-kapot-768x512.webp 768w, https:\/\/portalf1.si\/wp-content\/uploads\/2026\/03\/max-verstappen-gelijk-f1-is-kapot-18x12.webp 18w\" sizes=\"auto, (max-width: 1079px) 100vw, 1079px\" data-has-transparency=\"false\" data-dominant-color=\"81797c\" \/><\/a><\/div>\n\n\n\n<div class=\"wp-block-column is-vertically-aligned-center is-layout-flow wp-block-column-is-layout-flow\" style=\"flex-basis:75%\"><h2 style=\"margin-bottom:var(--wp--preset--spacing--30);\" class=\"ct-dynamic-data wp-elements-02674fe09297fac449a634342842ad06 has-medium-font-size\"><a href=\"https:\/\/portalf1.si\/index.php\/2026\/04\/11\/ferrari-mercedes-in-mclaren-budno-spremljajo-kaj-se-dogaja-z-verstappnom\/\">Ferrari, Mercedes in McLaren budno spremljajo, kaj se dogaja z Verstappnom<\/a><\/h2>\n\n<div class=\"ct-dynamic-data wp-elements-01bd6ab16c00aa6ee9fdf1a0f4eba7f7\"><a href=\"https:\/\/portalf1.si\/index.php\/2026\/04\/11\/ferrari-mercedes-in-mclaren-budno-spremljajo-kaj-se-dogaja-z-verstappnom\/\">11 aprila, 2026<\/a><\/div>\n\n<div class=\"ct-dynamic-data wp-elements-8aaedc5e82ad30c1a7ac9ccdd0e93689\"><p>Vse ve\u010dje nezadovoljstvo Maxa Verstappna z novimi pravili Formule 1 in trenutne te\u017eave Red Bulla so ponovno spro\u017eile ugibanja o\u2026<\/p>\n<\/div><\/div>\n<\/div>\n\n<\/article><article class=\"wp-block-post is-layout-flow post-12444 post type-post status-publish format-standard has-post-thumbnail hentry category-ferrari category-formula-1 category-novice tag-f1 tag-f1-2026 tag-f1-slovenija tag-ferrari tag-formula-1 tag-formula-1-2026 tag-formula-1-slovenija\">\n\n<div class=\"wp-block-columns is-layout-flex wp-container-core-columns-is-layout-28f84493 wp-block-columns-is-layout-flex\">\n<div class=\"wp-block-column is-layout-flow wp-block-column-is-layout-flow\" style=\"flex-basis:25%\"><a class=\"ct-dynamic-media wp-elements-d281221a6c098a814e13582bfca57b5c\" aria-label=\"Ferrari pred pomembno odlo\u010ditvijo: Posodobitev dirkalnika SF-26 za\u010dasno zaustavljena\" href=\"https:\/\/portalf1.si\/index.php\/2026\/04\/11\/ferrari-pred-pomembno-odlocitvijo-posodobitev-dirkalnika-sf-26-zacasno-zaustavljena\/\"><img loading=\"lazy\" decoding=\"async\" width=\"1000\" height=\"667\" src=\"https:\/\/portalf1.si\/wp-content\/uploads\/2026\/04\/ferrari-sf-25-dettaglio-tecnic.webp\" class=\"attachment-full size-full not-transparent\" alt=\"\" style=\"--dominant-color: #673c4f;width:100%;height:100%;object-fit: cover;aspect-ratio: 1;\" srcset=\"https:\/\/portalf1.si\/wp-content\/uploads\/2026\/04\/ferrari-sf-25-dettaglio-tecnic.webp 1000w, https:\/\/portalf1.si\/wp-content\/uploads\/2026\/04\/ferrari-sf-25-dettaglio-tecnic-300x200.webp 300w, https:\/\/portalf1.si\/wp-content\/uploads\/2026\/04\/ferrari-sf-25-dettaglio-tecnic-768x512.webp 768w, https:\/\/portalf1.si\/wp-content\/uploads\/2026\/04\/ferrari-sf-25-dettaglio-tecnic-18x12.webp 18w\" sizes=\"auto, (max-width: 1000px) 100vw, 1000px\" data-has-transparency=\"false\" data-dominant-color=\"673c4f\" \/><\/a><\/div>\n\n\n\n<div class=\"wp-block-column is-vertically-aligned-center is-layout-flow wp-block-column-is-layout-flow\" style=\"flex-basis:75%\"><h2 style=\"margin-bottom:var(--wp--preset--spacing--30);\" class=\"ct-dynamic-data wp-elements-02674fe09297fac449a634342842ad06 has-medium-font-size\"><a href=\"https:\/\/portalf1.si\/index.php\/2026\/04\/11\/ferrari-pred-pomembno-odlocitvijo-posodobitev-dirkalnika-sf-26-zacasno-zaustavljena\/\">Ferrari pred pomembno odlo\u010ditvijo: Posodobitev dirkalnika SF-26 za\u010dasno zaustavljena<\/a><\/h2>\n\n<div class=\"ct-dynamic-data wp-elements-01bd6ab16c00aa6ee9fdf1a0f4eba7f7\"><a href=\"https:\/\/portalf1.si\/index.php\/2026\/04\/11\/ferrari-pred-pomembno-odlocitvijo-posodobitev-dirkalnika-sf-26-zacasno-zaustavljena\/\">11 aprila, 2026<\/a><\/div>\n\n<div class=\"ct-dynamic-data wp-elements-8aaedc5e82ad30c1a7ac9ccdd0e93689\"><p>Ferrari naj bi ponovno preu\u010deval \u010dasovni okvir klju\u010dne tehni\u010dne in organizacijske posodobitve, ki je bila prvotno na\u010drtovana za dirka\u0161ki konec\u2026<\/p>\n<\/div><\/div>\n<\/div>\n\n<\/article><article class=\"wp-block-post is-layout-flow post-12441 post type-post status-publish format-standard has-post-thumbnail hentry category-formula-1 category-honda category-novice category-red-bull tag-f1 tag-f1-2026 tag-f1-slovenija tag-formula-1 tag-formula-1-2026 tag-formula-1-slovenija tag-honda tag-red-bull\">\n\n<div class=\"wp-block-columns is-layout-flex wp-container-core-columns-is-layout-28f84493 wp-block-columns-is-layout-flex\">\n<div class=\"wp-block-column is-layout-flow wp-block-column-is-layout-flow\" style=\"flex-basis:25%\"><a class=\"ct-dynamic-media wp-elements-d281221a6c098a814e13582bfca57b5c\" aria-label=\"Red Bull in Honda dosegla dogovor o dobavi starih motorjev\" href=\"https:\/\/portalf1.si\/index.php\/2026\/04\/11\/red-bull-in-honda-dosegla-dogovor-o-dobavi-starih-motorjev\/\"><img loading=\"lazy\" decoding=\"async\" width=\"1000\" height=\"667\" src=\"https:\/\/portalf1.si\/wp-content\/uploads\/2025\/07\/a-honda-logo-on-a-red-bull-eng.webp\" class=\"attachment-full size-full not-transparent\" alt=\"\" style=\"--dominant-color: #2f1a1b;width:100%;height:100%;object-fit: cover;aspect-ratio: 1;\" srcset=\"https:\/\/portalf1.si\/wp-content\/uploads\/2025\/07\/a-honda-logo-on-a-red-bull-eng.webp 1000w, https:\/\/portalf1.si\/wp-content\/uploads\/2025\/07\/a-honda-logo-on-a-red-bull-eng-300x200.webp 300w, https:\/\/portalf1.si\/wp-content\/uploads\/2025\/07\/a-honda-logo-on-a-red-bull-eng-768x512.webp 768w\" sizes=\"auto, (max-width: 1000px) 100vw, 1000px\" data-has-transparency=\"false\" data-dominant-color=\"2f1a1b\" \/><\/a><\/div>\n\n\n\n<div class=\"wp-block-column is-vertically-aligned-center is-layout-flow wp-block-column-is-layout-flow\" style=\"flex-basis:75%\"><h2 style=\"margin-bottom:var(--wp--preset--spacing--30);\" class=\"ct-dynamic-data wp-elements-02674fe09297fac449a634342842ad06 has-medium-font-size\"><a href=\"https:\/\/portalf1.si\/index.php\/2026\/04\/11\/red-bull-in-honda-dosegla-dogovor-o-dobavi-starih-motorjev\/\">Red Bull in Honda dosegla dogovor o dobavi starih motorjev<\/a><\/h2>\n\n<div class=\"ct-dynamic-data wp-elements-01bd6ab16c00aa6ee9fdf1a0f4eba7f7\"><a href=\"https:\/\/portalf1.si\/index.php\/2026\/04\/11\/red-bull-in-honda-dosegla-dogovor-o-dobavi-starih-motorjev\/\">11 aprila, 2026<\/a><\/div>\n\n<div class=\"ct-dynamic-data wp-elements-8aaedc5e82ad30c1a7ac9ccdd0e93689\"><p>Ekipi Red Bull Racing in Racing Bulls sta dosegli nov dogovor s proizvajalcem pogonskih enot Honda. To obema ekipama omogo\u010da\u2026<\/p>\n<\/div><\/div>\n<\/div>\n\n<\/article><article class=\"wp-block-post is-layout-flow post-12438 post type-post status-publish format-standard has-post-thumbnail hentry category-formula-1 category-jos-verstappen category-max-verstappen category-novice tag-f1 tag-f1-2026 tag-f1-slovenija tag-formula-1 tag-formula-1-2026 tag-formula-1-slovenija tag-gianpiero-lambiase tag-jos-verstappen tag-max-verstappen\">\n\n<div class=\"wp-block-columns is-layout-flex wp-container-core-columns-is-layout-28f84493 wp-block-columns-is-layout-flex\">\n<div class=\"wp-block-column is-layout-flow wp-block-column-is-layout-flow\" style=\"flex-basis:25%\"><a class=\"ct-dynamic-media wp-elements-d281221a6c098a814e13582bfca57b5c\" aria-label=\"Ekskluzivno! Jos Verstappen razkriva, kaj bo Max storil po odhodu Lambiaseja\" href=\"https:\/\/portalf1.si\/index.php\/2026\/04\/11\/ekskluzivno-jos-verstappen-razkriva-kaj-bo-max-storil-po-odhodu-lambiaseja\/\"><img loading=\"lazy\" decoding=\"async\" width=\"1024\" height=\"684\" src=\"https:\/\/portalf1.si\/wp-content\/uploads\/2025\/07\/jos-verstappen-su-abu-dhabi-2021-1024x684-1.webp\" class=\"attachment-full size-full not-transparent\" alt=\"\" style=\"--dominant-color: #665653;width:100%;height:100%;object-fit: cover;aspect-ratio: 1;\" srcset=\"https:\/\/portalf1.si\/wp-content\/uploads\/2025\/07\/jos-verstappen-su-abu-dhabi-2021-1024x684-1.webp 1024w, https:\/\/portalf1.si\/wp-content\/uploads\/2025\/07\/jos-verstappen-su-abu-dhabi-2021-1024x684-1-300x200.webp 300w, https:\/\/portalf1.si\/wp-content\/uploads\/2025\/07\/jos-verstappen-su-abu-dhabi-2021-1024x684-1-768x513.webp 768w\" sizes=\"auto, (max-width: 1024px) 100vw, 1024px\" data-has-transparency=\"false\" data-dominant-color=\"665653\" \/><\/a><\/div>\n\n\n\n<div class=\"wp-block-column is-vertically-aligned-center is-layout-flow wp-block-column-is-layout-flow\" style=\"flex-basis:75%\"><h2 style=\"margin-bottom:var(--wp--preset--spacing--30);\" class=\"ct-dynamic-data wp-elements-02674fe09297fac449a634342842ad06 has-medium-font-size\"><a href=\"https:\/\/portalf1.si\/index.php\/2026\/04\/11\/ekskluzivno-jos-verstappen-razkriva-kaj-bo-max-storil-po-odhodu-lambiaseja\/\">Ekskluzivno! Jos Verstappen razkriva, kaj bo Max storil po odhodu Lambiaseja<\/a><\/h2>\n\n<div class=\"ct-dynamic-data wp-elements-01bd6ab16c00aa6ee9fdf1a0f4eba7f7\"><a href=\"https:\/\/portalf1.si\/index.php\/2026\/04\/11\/ekskluzivno-jos-verstappen-razkriva-kaj-bo-max-storil-po-odhodu-lambiaseja\/\">11 aprila, 2026<\/a><\/div>\n\n<div class=\"ct-dynamic-data wp-elements-8aaedc5e82ad30c1a7ac9ccdd0e93689\"><p>Jos Verstappen, o\u010de Maxa Verstappna, se je prvi\u010d odzval po novici o Gianpieru Lambiaseju. Naslovil je tudi sinove besede iz\u2026<\/p>\n<\/div><\/div>\n<\/div>\n\n<\/article><article class=\"wp-block-post is-layout-flow post-12434 post type-post status-publish format-standard has-post-thumbnail hentry category-formula-1 category-novice tag-f1 tag-f1-2026 tag-f1-slovenija tag-formula-1 tag-formula-1-2026 tag-formula-1-slovenija\">\n\n<div class=\"wp-block-columns is-layout-flex wp-container-core-columns-is-layout-28f84493 wp-block-columns-is-layout-flex\">\n<div class=\"wp-block-column is-layout-flow wp-block-column-is-layout-flow\" style=\"flex-basis:25%\"><a class=\"ct-dynamic-media wp-elements-d281221a6c098a814e13582bfca57b5c\" aria-label=\"V Formulo 1 \u017eeli vstopiti \u0161e 12. ekipa\" href=\"https:\/\/portalf1.si\/index.php\/2026\/04\/11\/v-formulo-1-zeli-vstopiti-se-12-ekipa\/\"><img loading=\"lazy\" decoding=\"async\" width=\"1320\" height=\"742\" src=\"https:\/\/portalf1.si\/wp-content\/uploads\/2026\/03\/c.webp\" class=\"attachment-full size-full not-transparent\" alt=\"\" style=\"--dominant-color: #5a5c55;width:100%;height:100%;object-fit: cover;aspect-ratio: 1;\" srcset=\"https:\/\/portalf1.si\/wp-content\/uploads\/2026\/03\/c.webp 1320w, https:\/\/portalf1.si\/wp-content\/uploads\/2026\/03\/c-300x169.webp 300w, https:\/\/portalf1.si\/wp-content\/uploads\/2026\/03\/c-1024x576.webp 1024w, https:\/\/portalf1.si\/wp-content\/uploads\/2026\/03\/c-768x432.webp 768w, https:\/\/portalf1.si\/wp-content\/uploads\/2026\/03\/c-18x10.webp 18w\" sizes=\"auto, (max-width: 1320px) 100vw, 1320px\" data-has-transparency=\"false\" data-dominant-color=\"5a5c55\" \/><\/a><\/div>\n\n\n\n<div class=\"wp-block-column is-vertically-aligned-center is-layout-flow wp-block-column-is-layout-flow\" style=\"flex-basis:75%\"><h2 style=\"margin-bottom:var(--wp--preset--spacing--30);\" class=\"ct-dynamic-data wp-elements-02674fe09297fac449a634342842ad06 has-medium-font-size\"><a href=\"https:\/\/portalf1.si\/index.php\/2026\/04\/11\/v-formulo-1-zeli-vstopiti-se-12-ekipa\/\">V Formulo 1 \u017eeli vstopiti \u0161e 12. ekipa<\/a><\/h2>\n\n<div class=\"ct-dynamic-data wp-elements-01bd6ab16c00aa6ee9fdf1a0f4eba7f7\"><a href=\"https:\/\/portalf1.si\/index.php\/2026\/04\/11\/v-formulo-1-zeli-vstopiti-se-12-ekipa\/\">11 aprila, 2026<\/a><\/div>\n\n<div class=\"ct-dynamic-data wp-elements-8aaedc5e82ad30c1a7ac9ccdd0e93689\"><p>Nekdanji \u0161ef ekip Formule 1 Otmar Szafnauer, novi izvr\u0161ni direktor in poslovni partner nizozemske ekipe Van Amersfoort Racing (VAR), ter\u2026<\/p>\n<\/div><\/div>\n<\/div>\n\n<\/article><article class=\"wp-block-post is-layout-flow post-12430 post type-post status-publish format-standard has-post-thumbnail hentry category-christian-horner category-formula-1 category-novice category-red-bull tag-christian-horner tag-f1 tag-f1-2026 tag-f1-slovenija tag-formula-1 tag-formula-1-2026 tag-formula-1-slovenija tag-red-bull\">\n\n<div class=\"wp-block-columns is-layout-flex wp-container-core-columns-is-layout-28f84493 wp-block-columns-is-layout-flex\">\n<div class=\"wp-block-column is-layout-flow wp-block-column-is-layout-flow\" style=\"flex-basis:25%\"><a class=\"ct-dynamic-media wp-elements-d281221a6c098a814e13582bfca57b5c\" aria-label=\"Horner se po neslavni odstavitvi lahko vrne v Formulo 1\" href=\"https:\/\/portalf1.si\/index.php\/2026\/04\/11\/horner-se-po-neslavni-odstavitvi-lahko-vrne-v-formulo-1\/\"><img loading=\"lazy\" decoding=\"async\" width=\"1920\" height=\"1280\" src=\"https:\/\/portalf1.si\/wp-content\/uploads\/2025\/07\/AbuDhabiGP2019_SUN_RBR_AP-22BW8M4XH2111_hires_jpeg_24bit_rgb.webp\" class=\"attachment-full size-full not-transparent\" alt=\"\" style=\"--dominant-color: #8d7570;width:100%;height:100%;object-fit: cover;aspect-ratio: 1;\" srcset=\"https:\/\/portalf1.si\/wp-content\/uploads\/2025\/07\/AbuDhabiGP2019_SUN_RBR_AP-22BW8M4XH2111_hires_jpeg_24bit_rgb.webp 1920w, https:\/\/portalf1.si\/wp-content\/uploads\/2025\/07\/AbuDhabiGP2019_SUN_RBR_AP-22BW8M4XH2111_hires_jpeg_24bit_rgb-300x200.webp 300w, https:\/\/portalf1.si\/wp-content\/uploads\/2025\/07\/AbuDhabiGP2019_SUN_RBR_AP-22BW8M4XH2111_hires_jpeg_24bit_rgb-1024x683.webp 1024w, https:\/\/portalf1.si\/wp-content\/uploads\/2025\/07\/AbuDhabiGP2019_SUN_RBR_AP-22BW8M4XH2111_hires_jpeg_24bit_rgb-768x512.webp 768w, https:\/\/portalf1.si\/wp-content\/uploads\/2025\/07\/AbuDhabiGP2019_SUN_RBR_AP-22BW8M4XH2111_hires_jpeg_24bit_rgb-1536x1024.webp 1536w\" sizes=\"auto, (max-width: 1920px) 100vw, 1920px\" data-has-transparency=\"false\" data-dominant-color=\"8d7570\" \/><\/a><\/div>\n\n\n\n<div class=\"wp-block-column is-vertically-aligned-center is-layout-flow wp-block-column-is-layout-flow\" style=\"flex-basis:75%\"><h2 style=\"margin-bottom:var(--wp--preset--spacing--30);\" class=\"ct-dynamic-data wp-elements-02674fe09297fac449a634342842ad06 has-medium-font-size\"><a href=\"https:\/\/portalf1.si\/index.php\/2026\/04\/11\/horner-se-po-neslavni-odstavitvi-lahko-vrne-v-formulo-1\/\">Horner se po neslavni odstavitvi lahko vrne v Formulo 1<\/a><\/h2>\n\n<div class=\"ct-dynamic-data wp-elements-01bd6ab16c00aa6ee9fdf1a0f4eba7f7\"><a href=\"https:\/\/portalf1.si\/index.php\/2026\/04\/11\/horner-se-po-neslavni-odstavitvi-lahko-vrne-v-formulo-1\/\">11 aprila, 2026<\/a><\/div>\n\n<div class=\"ct-dynamic-data wp-elements-8aaedc5e82ad30c1a7ac9ccdd0e93689\"><p>Christian Horner je dokon\u010dno in v celoti prost vseh obveznosti do ekipe Red Bull Racing. Nekdanji vodja ekipe je po\u2026<\/p>\n<\/div><\/div>\n<\/div>\n\n<\/article><article class=\"wp-block-post is-layout-flow post-12421 post type-post status-publish format-standard has-post-thumbnail hentry category-ferrari category-formula-1 category-novice tag-f1 tag-f1-2026 tag-f1-slovenija tag-ferrari tag-formula-1 tag-formula-1-2026 tag-formula-1-slovenija\">\n\n<div class=\"wp-block-columns is-layout-flex wp-container-core-columns-is-layout-28f84493 wp-block-columns-is-layout-flex\">\n<div class=\"wp-block-column is-layout-flow wp-block-column-is-layout-flow\" style=\"flex-basis:25%\"><a class=\"ct-dynamic-media wp-elements-d281221a6c098a814e13582bfca57b5c\" aria-label=\"Kdaj bo Ferrari predstavil nov motor in kaj od njega pri\u010dakovati\" href=\"https:\/\/portalf1.si\/index.php\/2026\/04\/10\/kdaj-bo-ferrari-predstavil-nov-motor-in-kaj-od-njega-pricakovati\/\"><img loading=\"lazy\" decoding=\"async\" width=\"1000\" height=\"667\" src=\"https:\/\/portalf1.si\/wp-content\/uploads\/2026\/04\/formula-1-hungarian-gp-2020-fe-2.webp\" class=\"attachment-full size-full not-transparent\" alt=\"\" style=\"--dominant-color: #863d38;width:100%;height:100%;object-fit: cover;aspect-ratio: 1;\" srcset=\"https:\/\/portalf1.si\/wp-content\/uploads\/2026\/04\/formula-1-hungarian-gp-2020-fe-2.webp 1000w, https:\/\/portalf1.si\/wp-content\/uploads\/2026\/04\/formula-1-hungarian-gp-2020-fe-2-300x200.webp 300w, https:\/\/portalf1.si\/wp-content\/uploads\/2026\/04\/formula-1-hungarian-gp-2020-fe-2-768x512.webp 768w, https:\/\/portalf1.si\/wp-content\/uploads\/2026\/04\/formula-1-hungarian-gp-2020-fe-2-18x12.webp 18w\" sizes=\"auto, (max-width: 1000px) 100vw, 1000px\" data-has-transparency=\"false\" data-dominant-color=\"863d38\" \/><\/a><\/div>\n\n\n\n<div class=\"wp-block-column is-vertically-aligned-center is-layout-flow wp-block-column-is-layout-flow\" style=\"flex-basis:75%\"><h2 style=\"margin-bottom:var(--wp--preset--spacing--30);\" class=\"ct-dynamic-data wp-elements-02674fe09297fac449a634342842ad06 has-medium-font-size\"><a href=\"https:\/\/portalf1.si\/index.php\/2026\/04\/10\/kdaj-bo-ferrari-predstavil-nov-motor-in-kaj-od-njega-pricakovati\/\">Kdaj bo Ferrari predstavil nov motor in kaj od njega pri\u010dakovati<\/a><\/h2>\n\n<div class=\"ct-dynamic-data wp-elements-01bd6ab16c00aa6ee9fdf1a0f4eba7f7\"><a href=\"https:\/\/portalf1.si\/index.php\/2026\/04\/10\/kdaj-bo-ferrari-predstavil-nov-motor-in-kaj-od-njega-pricakovati\/\">10 aprila, 2026<\/a><\/div>\n\n<div class=\"ct-dynamic-data wp-elements-8aaedc5e82ad30c1a7ac9ccdd0e93689\"><p>Ferrari je dosegel klju\u010dni parameter za uporabo sistema ADUO v Formuli 1, razkrit pa je bil tudi \u010dasovni okvir za\u2026<\/p>\n<\/div><\/div>\n<\/div>\n\n<\/article><article class=\"wp-block-post is-layout-flow post-12413 post type-post status-publish format-standard has-post-thumbnail hentry category-formula-1 category-gianpiero-lambiase category-mclaren category-novice category-red-bull tag-f1 tag-f1-2026 tag-f1-slovenija tag-formula-1 tag-formula-1-2026 tag-formula-1-slovenija tag-gianpiero-lambiase tag-mclaren tag-red-bull\">\n\n<div class=\"wp-block-columns is-layout-flex wp-container-core-columns-is-layout-28f84493 wp-block-columns-is-layout-flex\">\n<div class=\"wp-block-column is-layout-flow wp-block-column-is-layout-flow\" style=\"flex-basis:25%\"><a class=\"ct-dynamic-media wp-elements-d281221a6c098a814e13582bfca57b5c\" aria-label=\"Kak\u0161no funkcijo bo Lambiase prevzel pri McLarnu?\" href=\"https:\/\/portalf1.si\/index.php\/2026\/04\/10\/kaksno-funkcijo-bo-lambiase-prevzel-pri-mclarnu\/\"><img loading=\"lazy\" decoding=\"async\" width=\"1320\" height=\"742\" src=\"https:\/\/portalf1.si\/wp-content\/uploads\/2026\/04\/red-bull-gianpiero-lambiase-2026-japanese-grand-prix-1320x742-1.webp\" class=\"attachment-full size-full not-transparent\" alt=\"\" style=\"--dominant-color: #55514e;width:100%;height:100%;object-fit: cover;aspect-ratio: 1;\" srcset=\"https:\/\/portalf1.si\/wp-content\/uploads\/2026\/04\/red-bull-gianpiero-lambiase-2026-japanese-grand-prix-1320x742-1.webp 1320w, https:\/\/portalf1.si\/wp-content\/uploads\/2026\/04\/red-bull-gianpiero-lambiase-2026-japanese-grand-prix-1320x742-1-300x169.webp 300w, https:\/\/portalf1.si\/wp-content\/uploads\/2026\/04\/red-bull-gianpiero-lambiase-2026-japanese-grand-prix-1320x742-1-1024x576.webp 1024w, https:\/\/portalf1.si\/wp-content\/uploads\/2026\/04\/red-bull-gianpiero-lambiase-2026-japanese-grand-prix-1320x742-1-768x432.webp 768w, https:\/\/portalf1.si\/wp-content\/uploads\/2026\/04\/red-bull-gianpiero-lambiase-2026-japanese-grand-prix-1320x742-1-18x10.webp 18w\" sizes=\"auto, (max-width: 1320px) 100vw, 1320px\" data-has-transparency=\"false\" data-dominant-color=\"55514e\" \/><\/a><\/div>\n\n\n\n<div class=\"wp-block-column is-vertically-aligned-center is-layout-flow wp-block-column-is-layout-flow\" style=\"flex-basis:75%\"><h2 style=\"margin-bottom:var(--wp--preset--spacing--30);\" class=\"ct-dynamic-data wp-elements-02674fe09297fac449a634342842ad06 has-medium-font-size\"><a href=\"https:\/\/portalf1.si\/index.php\/2026\/04\/10\/kaksno-funkcijo-bo-lambiase-prevzel-pri-mclarnu\/\">Kak\u0161no funkcijo bo Lambiase prevzel pri McLarnu?<\/a><\/h2>\n\n<div class=\"ct-dynamic-data wp-elements-01bd6ab16c00aa6ee9fdf1a0f4eba7f7\"><a href=\"https:\/\/portalf1.si\/index.php\/2026\/04\/10\/kaksno-funkcijo-bo-lambiase-prevzel-pri-mclarnu\/\">10 aprila, 2026<\/a><\/div>\n\n<div class=\"ct-dynamic-data wp-elements-8aaedc5e82ad30c1a7ac9ccdd0e93689\"><p>Gianpiero Lambiase se bo leta 2028 preselil k McLarnu, kjer naj bi prevzel vi\u0161jo vodstveno funkcijo, vendar pa ekipa Formule\u2026<\/p>\n<\/div><\/div>\n<\/div>\n\n<\/article><article class=\"wp-block-post is-layout-flow post-12410 post type-post status-publish format-standard has-post-thumbnail hentry category-andrea-stella category-ferrari category-formula-1 category-frederic-vasseur category-mclaren category-novice tag-andrea-stella tag-f1 tag-f1-2026 tag-f1-slovenija tag-ferrari tag-formula-1 tag-formula-1-2026 tag-formula-1-slovenija tag-frederic-vasseur tag-mclaren\">\n\n<div class=\"wp-block-columns is-layout-flex wp-container-core-columns-is-layout-28f84493 wp-block-columns-is-layout-flex\">\n<div class=\"wp-block-column is-layout-flow wp-block-column-is-layout-flow\" style=\"flex-basis:25%\"><a class=\"ct-dynamic-media wp-elements-d281221a6c098a814e13582bfca57b5c\" aria-label=\"Stella v Ferrari namesto Vasseurja: Gre dejansko za smiselno potezo?\" href=\"https:\/\/portalf1.si\/index.php\/2026\/04\/09\/stella-v-ferrari-namesto-vasseurja-gre-dejansko-za-smiselno-potezo\/\"><img loading=\"lazy\" decoding=\"async\" width=\"1600\" height=\"900\" src=\"https:\/\/portalf1.si\/wp-content\/uploads\/2026\/04\/andrea-stella-planetf1.webp\" class=\"attachment-full size-full not-transparent\" alt=\"\" style=\"--dominant-color: #8c6d5e;width:100%;height:100%;object-fit: cover;aspect-ratio: 1;\" srcset=\"https:\/\/portalf1.si\/wp-content\/uploads\/2026\/04\/andrea-stella-planetf1.webp 1600w, https:\/\/portalf1.si\/wp-content\/uploads\/2026\/04\/andrea-stella-planetf1-300x169.webp 300w, https:\/\/portalf1.si\/wp-content\/uploads\/2026\/04\/andrea-stella-planetf1-1024x576.webp 1024w, https:\/\/portalf1.si\/wp-content\/uploads\/2026\/04\/andrea-stella-planetf1-768x432.webp 768w, https:\/\/portalf1.si\/wp-content\/uploads\/2026\/04\/andrea-stella-planetf1-1536x864.webp 1536w, https:\/\/portalf1.si\/wp-content\/uploads\/2026\/04\/andrea-stella-planetf1-18x10.webp 18w\" sizes=\"auto, (max-width: 1600px) 100vw, 1600px\" data-has-transparency=\"false\" data-dominant-color=\"8c6d5e\" \/><\/a><\/div>\n\n\n\n<div class=\"wp-block-column is-vertically-aligned-center is-layout-flow wp-block-column-is-layout-flow\" style=\"flex-basis:75%\"><h2 style=\"margin-bottom:var(--wp--preset--spacing--30);\" class=\"ct-dynamic-data wp-elements-02674fe09297fac449a634342842ad06 has-medium-font-size\"><a href=\"https:\/\/portalf1.si\/index.php\/2026\/04\/09\/stella-v-ferrari-namesto-vasseurja-gre-dejansko-za-smiselno-potezo\/\">Stella v Ferrari namesto Vasseurja: Gre dejansko za smiselno potezo?<\/a><\/h2>\n\n<div class=\"ct-dynamic-data wp-elements-01bd6ab16c00aa6ee9fdf1a0f4eba7f7\"><a href=\"https:\/\/portalf1.si\/index.php\/2026\/04\/09\/stella-v-ferrari-namesto-vasseurja-gre-dejansko-za-smiselno-potezo\/\">9 aprila, 2026<\/a><\/div>\n\n<div class=\"ct-dynamic-data wp-elements-8aaedc5e82ad30c1a7ac9ccdd0e93689\"><p>Andrea Stella se omenja kot morebitni naslednik Frederica Vasseurja na mestu vodje F1 ekipe Ferrari od leta 2028 naprej. Toda\u2026<\/p>\n<\/div><\/div>\n<\/div>\n\n<\/article><article class=\"wp-block-post is-layout-flow post-12407 post type-post status-publish format-standard has-post-thumbnail hentry category-formula-1 category-gianpiero-lambiase category-max-verstappen category-novice category-red-bull tag-f1 tag-f1-2026 tag-f1-slovenija tag-formula-1 tag-formula-1-2026 tag-formula-1-slovenija tag-gianpiero-lambiase tag-max-verstappen tag-red-bull\">\n\n<div class=\"wp-block-columns is-layout-flex wp-container-core-columns-is-layout-28f84493 wp-block-columns-is-layout-flex\">\n<div class=\"wp-block-column is-layout-flow wp-block-column-is-layout-flow\" style=\"flex-basis:25%\"><a class=\"ct-dynamic-media wp-elements-d281221a6c098a814e13582bfca57b5c\" aria-label=\"Konec Verstappnove kariere? \u010ce odneha Lambiase, odneham tudi jaz\" href=\"https:\/\/portalf1.si\/index.php\/2026\/04\/09\/konec-verstappnove-kariere-ce-odneha-lambiase-odneham-tudi-jaz\/\"><img loading=\"lazy\" decoding=\"async\" width=\"1079\" height=\"720\" src=\"https:\/\/portalf1.si\/wp-content\/uploads\/2026\/04\/20251122-0490-6935bab762b96.webp\" class=\"attachment-full size-full not-transparent\" alt=\"\" style=\"--dominant-color: #545052;width:100%;height:100%;object-fit: cover;aspect-ratio: 1;\" srcset=\"https:\/\/portalf1.si\/wp-content\/uploads\/2026\/04\/20251122-0490-6935bab762b96.webp 1079w, https:\/\/portalf1.si\/wp-content\/uploads\/2026\/04\/20251122-0490-6935bab762b96-300x200.webp 300w, https:\/\/portalf1.si\/wp-content\/uploads\/2026\/04\/20251122-0490-6935bab762b96-1024x683.webp 1024w, https:\/\/portalf1.si\/wp-content\/uploads\/2026\/04\/20251122-0490-6935bab762b96-768x512.webp 768w, https:\/\/portalf1.si\/wp-content\/uploads\/2026\/04\/20251122-0490-6935bab762b96-18x12.webp 18w\" sizes=\"auto, (max-width: 1079px) 100vw, 1079px\" data-has-transparency=\"false\" data-dominant-color=\"545052\" \/><\/a><\/div>\n\n\n\n<div class=\"wp-block-column is-vertically-aligned-center is-layout-flow wp-block-column-is-layout-flow\" style=\"flex-basis:75%\"><h2 style=\"margin-bottom:var(--wp--preset--spacing--30);\" class=\"ct-dynamic-data wp-elements-02674fe09297fac449a634342842ad06 has-medium-font-size\"><a href=\"https:\/\/portalf1.si\/index.php\/2026\/04\/09\/konec-verstappnove-kariere-ce-odneha-lambiase-odneham-tudi-jaz\/\">Konec Verstappnove kariere? \u010ce odneha Lambiase, odneham tudi jaz<\/a><\/h2>\n\n<div class=\"ct-dynamic-data wp-elements-01bd6ab16c00aa6ee9fdf1a0f4eba7f7\"><a href=\"https:\/\/portalf1.si\/index.php\/2026\/04\/09\/konec-verstappnove-kariere-ce-odneha-lambiase-odneham-tudi-jaz\/\">9 aprila, 2026<\/a><\/div>\n\n<div class=\"ct-dynamic-data wp-elements-8aaedc5e82ad30c1a7ac9ccdd0e93689\"><p>\u0160tirikratni svetovni prvak Formule 1 Max Verstappen je \u017ee pred \u010dasom jasno izrazil svoje stali\u0161\u010de glede prihodnosti v primeru, da\u2026<\/p>\n<\/div><\/div>\n<\/div>\n\n<\/article><article class=\"wp-block-post is-layout-flow post-12391 post type-post status-publish format-standard has-post-thumbnail hentry category-formula-1 category-max-verstappen category-novice category-red-bull tag-f1 tag-f1-2026 tag-f1-slovenija tag-formula-1 tag-formula-1-2026 tag-formula-1-slovenija tag-max-verstappen tag-red-bull\">\n\n<div class=\"wp-block-columns is-layout-flex wp-container-core-columns-is-layout-28f84493 wp-block-columns-is-layout-flex\">\n<div class=\"wp-block-column is-layout-flow wp-block-column-is-layout-flow\" style=\"flex-basis:25%\"><a class=\"ct-dynamic-media wp-elements-d281221a6c098a814e13582bfca57b5c\" aria-label=\"V Red Bullu vlada nemir, odziv ekipe pa je &#8230; prakti\u010dno nezaznaven\" href=\"https:\/\/portalf1.si\/index.php\/2026\/04\/09\/v-red-bullu-vlada-nemir-odziv-ekipe-pa-je-prakticno-nezaznaven\/\"><img loading=\"lazy\" decoding=\"async\" width=\"1000\" height=\"666\" src=\"https:\/\/portalf1.si\/wp-content\/uploads\/2026\/03\/max-verstappen-red-bull-racing-5.webp\" class=\"attachment-full size-full not-transparent\" alt=\"\" style=\"--dominant-color: #473844;width:100%;height:100%;object-fit: cover;aspect-ratio: 1;\" srcset=\"https:\/\/portalf1.si\/wp-content\/uploads\/2026\/03\/max-verstappen-red-bull-racing-5.webp 1000w, https:\/\/portalf1.si\/wp-content\/uploads\/2026\/03\/max-verstappen-red-bull-racing-5-300x200.webp 300w, https:\/\/portalf1.si\/wp-content\/uploads\/2026\/03\/max-verstappen-red-bull-racing-5-768x511.webp 768w, https:\/\/portalf1.si\/wp-content\/uploads\/2026\/03\/max-verstappen-red-bull-racing-5-18x12.webp 18w\" sizes=\"auto, (max-width: 1000px) 100vw, 1000px\" data-has-transparency=\"false\" data-dominant-color=\"473844\" \/><\/a><\/div>\n\n\n\n<div class=\"wp-block-column is-vertically-aligned-center is-layout-flow wp-block-column-is-layout-flow\" style=\"flex-basis:75%\"><h2 style=\"margin-bottom:var(--wp--preset--spacing--30);\" class=\"ct-dynamic-data wp-elements-02674fe09297fac449a634342842ad06 has-medium-font-size\"><a href=\"https:\/\/portalf1.si\/index.php\/2026\/04\/09\/v-red-bullu-vlada-nemir-odziv-ekipe-pa-je-prakticno-nezaznaven\/\">V Red Bullu vlada nemir, odziv ekipe pa je &#8230; prakti\u010dno nezaznaven<\/a><\/h2>\n\n<div class=\"ct-dynamic-data wp-elements-01bd6ab16c00aa6ee9fdf1a0f4eba7f7\"><a href=\"https:\/\/portalf1.si\/index.php\/2026\/04\/09\/v-red-bullu-vlada-nemir-odziv-ekipe-pa-je-prakticno-nezaznaven\/\">9 aprila, 2026<\/a><\/div>\n\n<div class=\"ct-dynamic-data wp-elements-8aaedc5e82ad30c1a7ac9ccdd0e93689\"><p>Zaradi notranjih nesoglasij in slabih rezultatov so za Red Bull Racing nastopili te\u017eki \u010dasi. In kako se ekipa odziva? Odgovor\u2026<\/p>\n<\/div><\/div>\n<\/div>\n\n<\/article><article class=\"wp-block-post is-layout-flow post-12398 post type-post status-publish format-standard has-post-thumbnail hentry category-formula-1 category-gianpiero-lambiase category-max-verstappen category-mercedes category-novice category-red-bull tag-f1 tag-f1-2026 tag-f1-slovenija tag-formula-1 tag-formula-1-2026 tag-formula-1-slovenija tag-gianpiero-lambiase tag-max-verstappen tag-mclaren tag-red-bull\">\n\n<div class=\"wp-block-columns is-layout-flex wp-container-core-columns-is-layout-28f84493 wp-block-columns-is-layout-flex\">\n<div class=\"wp-block-column is-layout-flow wp-block-column-is-layout-flow\" style=\"flex-basis:25%\"><a class=\"ct-dynamic-media wp-elements-d281221a6c098a814e13582bfca57b5c\" aria-label=\"\u0160ok! Lambiase zapu\u0161\u010da Red Bull in prevzema vodenje ekipe McLaren\" href=\"https:\/\/portalf1.si\/index.php\/2026\/04\/09\/sok-lambiase-zapusca-red-bull-in-prevzema-vodenje-ekipe-mclaren\/\"><img loading=\"lazy\" decoding=\"async\" width=\"1000\" height=\"668\" src=\"https:\/\/portalf1.si\/wp-content\/uploads\/2025\/12\/gianpiero-lambiase-red-bull-ra-2.webp\" class=\"attachment-full size-full not-transparent\" alt=\"\" style=\"--dominant-color: #777382;width:100%;height:100%;object-fit: cover;aspect-ratio: 1;\" srcset=\"https:\/\/portalf1.si\/wp-content\/uploads\/2025\/12\/gianpiero-lambiase-red-bull-ra-2.webp 1000w, https:\/\/portalf1.si\/wp-content\/uploads\/2025\/12\/gianpiero-lambiase-red-bull-ra-2-300x200.webp 300w, https:\/\/portalf1.si\/wp-content\/uploads\/2025\/12\/gianpiero-lambiase-red-bull-ra-2-768x513.webp 768w, https:\/\/portalf1.si\/wp-content\/uploads\/2025\/12\/gianpiero-lambiase-red-bull-ra-2-18x12.webp 18w\" sizes=\"auto, (max-width: 1000px) 100vw, 1000px\" data-has-transparency=\"false\" data-dominant-color=\"777382\" \/><\/a><\/div>\n\n\n\n<div class=\"wp-block-column is-vertically-aligned-center is-layout-flow wp-block-column-is-layout-flow\" style=\"flex-basis:75%\"><h2 style=\"margin-bottom:var(--wp--preset--spacing--30);\" class=\"ct-dynamic-data wp-elements-02674fe09297fac449a634342842ad06 has-medium-font-size\"><a href=\"https:\/\/portalf1.si\/index.php\/2026\/04\/09\/sok-lambiase-zapusca-red-bull-in-prevzema-vodenje-ekipe-mclaren\/\">\u0160ok! Lambiase zapu\u0161\u010da Red Bull in prevzema vodenje ekipe McLaren<\/a><\/h2>\n\n<div class=\"ct-dynamic-data wp-elements-01bd6ab16c00aa6ee9fdf1a0f4eba7f7\"><a href=\"https:\/\/portalf1.si\/index.php\/2026\/04\/09\/sok-lambiase-zapusca-red-bull-in-prevzema-vodenje-ekipe-mclaren\/\">9 aprila, 2026<\/a><\/div>\n\n<div class=\"ct-dynamic-data wp-elements-8aaedc5e82ad30c1a7ac9ccdd0e93689\"><p>Tisto, kar je \u017ee nekaj \u010dasa viselo v zraku, se je sedaj tudi uradno zgodilo. Gianpiero Lambiase zapu\u0161\u010da Red Bull\u2026<\/p>\n<\/div><\/div>\n<\/div>\n\n<\/article><article class=\"wp-block-post is-layout-flow post-12389 post type-post status-publish format-standard has-post-thumbnail hentry category-fia category-formula-1 category-novice tag-f1 tag-f1-2026 tag-f1-slovenija tag-fia tag-formula-1 tag-formula-1-2026 tag-formula-1-slovenija\">\n\n<div class=\"wp-block-columns is-layout-flex wp-container-core-columns-is-layout-28f84493 wp-block-columns-is-layout-flex\">\n<div class=\"wp-block-column is-layout-flow wp-block-column-is-layout-flow\" style=\"flex-basis:25%\"><a class=\"ct-dynamic-media wp-elements-d281221a6c098a814e13582bfca57b5c\" aria-label=\"Konec upov? Vodstvo Formule 1 ne \u017eeli usli\u0161ati stali\u0161\u010d dirka\u010dev in navija\u010dev\" href=\"https:\/\/portalf1.si\/index.php\/2026\/04\/08\/konec-upov-vodstvo-formule-1-ne-zeli-uslisati-stalisc-dirkacev-in-navijacev\/\"><img loading=\"lazy\" decoding=\"async\" width=\"1200\" height=\"800\" src=\"https:\/\/portalf1.si\/wp-content\/uploads\/2026\/03\/HC5E918bYAAA7ts.webp\" class=\"attachment-full size-full not-transparent\" alt=\"\" style=\"--dominant-color: #464747;width:100%;height:100%;object-fit: cover;aspect-ratio: 1;\" srcset=\"https:\/\/portalf1.si\/wp-content\/uploads\/2026\/03\/HC5E918bYAAA7ts.webp 1200w, https:\/\/portalf1.si\/wp-content\/uploads\/2026\/03\/HC5E918bYAAA7ts-300x200.webp 300w, https:\/\/portalf1.si\/wp-content\/uploads\/2026\/03\/HC5E918bYAAA7ts-1024x683.webp 1024w, https:\/\/portalf1.si\/wp-content\/uploads\/2026\/03\/HC5E918bYAAA7ts-768x512.webp 768w, https:\/\/portalf1.si\/wp-content\/uploads\/2026\/03\/HC5E918bYAAA7ts-18x12.webp 18w\" sizes=\"auto, (max-width: 1200px) 100vw, 1200px\" data-has-transparency=\"false\" data-dominant-color=\"464747\" \/><\/a><\/div>\n\n\n\n<div class=\"wp-block-column is-vertically-aligned-center is-layout-flow wp-block-column-is-layout-flow\" style=\"flex-basis:75%\"><h2 style=\"margin-bottom:var(--wp--preset--spacing--30);\" class=\"ct-dynamic-data wp-elements-02674fe09297fac449a634342842ad06 has-medium-font-size\"><a href=\"https:\/\/portalf1.si\/index.php\/2026\/04\/08\/konec-upov-vodstvo-formule-1-ne-zeli-uslisati-stalisc-dirkacev-in-navijacev\/\">Konec upov? Vodstvo Formule 1 ne \u017eeli usli\u0161ati stali\u0161\u010d dirka\u010dev in navija\u010dev<\/a><\/h2>\n\n<div class=\"ct-dynamic-data wp-elements-01bd6ab16c00aa6ee9fdf1a0f4eba7f7\"><a href=\"https:\/\/portalf1.si\/index.php\/2026\/04\/08\/konec-upov-vodstvo-formule-1-ne-zeli-uslisati-stalisc-dirkacev-in-navijacev\/\">8 aprila, 2026<\/a><\/div>\n\n<div class=\"ct-dynamic-data wp-elements-8aaedc5e82ad30c1a7ac9ccdd0e93689\"><p>V vodstvu Formule 1 so zadovoljni s trenutnim produktom. Kot navajajo uradni viri, je vodstvo Formule 1 trenutno zadovoljno z\u2026<\/p>\n<\/div><\/div>\n<\/div>\n\n<\/article><\/div><\/div>\n\n\n\n<p><\/p>\n","protected":false},"excerpt":{"rendered":"","protected":false},"author":1,"featured_media":0,"parent":0,"menu_order":0,"comment_status":"closed","ping_status":"closed","template":"","meta":{"footnotes":""},"class_list":["post-3865","page","type-page","status-publish","hentry"],"blocksy_meta":[],"yoast_head":"<!-- This site is optimized with the Yoast SEO plugin v27.4 - https:\/\/yoast.com\/product\/yoast-seo-wordpress\/ -->\n<title>NOVICE - Portal F1<\/title>\n<meta name=\"description\" content=\"Portal F1 je spletna platforma, ki vam prina\u0161a najnovej\u0161e novice, strokovne \u010dlanke, analize in kolumne iz sveta Formule 1. F1. Formula 1.\" \/>\n<meta name=\"robots\" content=\"index, follow, max-snippet:-1, max-image-preview:large, max-video-preview:-1\" \/>\n<link rel=\"canonical\" href=\"https:\/\/portalf1.si\/index.php\/novice\/\" \/>\n<meta property=\"og:locale\" content=\"sl_SI\" \/>\n<meta property=\"og:type\" content=\"article\" \/>\n<meta property=\"og:title\" content=\"NOVICE - Portal F1\" \/>\n<meta property=\"og:description\" content=\"Portal F1 je spletna platforma, ki vam prina\u0161a najnovej\u0161e novice, strokovne \u010dlanke, analize in kolumne iz sveta Formule 1. F1. Formula 1.\" \/>\n<meta property=\"og:url\" content=\"https:\/\/portalf1.si\/index.php\/novice\/\" \/>\n<meta property=\"og:site_name\" content=\"Portal F1\" \/>\n<meta property=\"article:publisher\" content=\"https:\/\/www.facebook.com\/portalf1.si\/?locale=sl_SI\" \/>\n<meta property=\"article:modified_time\" content=\"2025-02-23T19:48:33+00:00\" \/>\n<meta name=\"twitter:card\" content=\"summary_large_image\" \/>\n<script type=\"application\/ld+json\" class=\"yoast-schema-graph\">{\"@context\":\"https:\\\/\\\/schema.org\",\"@graph\":[{\"@type\":\"WebPage\",\"@id\":\"https:\\\/\\\/portalf1.si\\\/index.php\\\/novice\\\/\",\"url\":\"https:\\\/\\\/portalf1.si\\\/index.php\\\/novice\\\/\",\"name\":\"NOVICE - Portal F1\",\"isPartOf\":{\"@id\":\"https:\\\/\\\/portalf1.si\\\/#website\"},\"datePublished\":\"2025-02-23T13:13:35+00:00\",\"dateModified\":\"2025-02-23T19:48:33+00:00\",\"description\":\"Portal F1 je spletna platforma, ki vam prina\u0161a najnovej\u0161e novice, strokovne \u010dlanke, analize in kolumne iz sveta Formule 1. F1. Formula 1.\",\"breadcrumb\":{\"@id\":\"https:\\\/\\\/portalf1.si\\\/index.php\\\/novice\\\/#breadcrumb\"},\"inLanguage\":\"sl-SI\",\"potentialAction\":[{\"@type\":\"ReadAction\",\"target\":[\"https:\\\/\\\/portalf1.si\\\/index.php\\\/novice\\\/\"]}]},{\"@type\":\"BreadcrumbList\",\"@id\":\"https:\\\/\\\/portalf1.si\\\/index.php\\\/novice\\\/#breadcrumb\",\"itemListElement\":[{\"@type\":\"ListItem\",\"position\":1,\"name\":\"Home\",\"item\":\"https:\\\/\\\/portalf1.si\\\/\"},{\"@type\":\"ListItem\",\"position\":2,\"name\":\"NOVICE\"}]},{\"@type\":\"WebSite\",\"@id\":\"https:\\\/\\\/portalf1.si\\\/#website\",\"url\":\"https:\\\/\\\/portalf1.si\\\/\",\"name\":\"Portal F1\",\"description\":\"Vstopite v svet hitrosti in adrenalina\",\"publisher\":{\"@id\":\"https:\\\/\\\/portalf1.si\\\/#organization\"},\"potentialAction\":[{\"@type\":\"SearchAction\",\"target\":{\"@type\":\"EntryPoint\",\"urlTemplate\":\"https:\\\/\\\/portalf1.si\\\/?s={search_term_string}\"},\"query-input\":{\"@type\":\"PropertyValueSpecification\",\"valueRequired\":true,\"valueName\":\"search_term_string\"}}],\"inLanguage\":\"sl-SI\"},{\"@type\":\"Organization\",\"@id\":\"https:\\\/\\\/portalf1.si\\\/#organization\",\"name\":\"Portal F1\",\"url\":\"https:\\\/\\\/portalf1.si\\\/\",\"logo\":{\"@type\":\"ImageObject\",\"inLanguage\":\"sl-SI\",\"@id\":\"https:\\\/\\\/portalf1.si\\\/#\\\/schema\\\/logo\\\/image\\\/\",\"url\":\"https:\\\/\\\/portalf1.si\\\/wp-content\\\/uploads\\\/2025\\\/02\\\/cropped-HiPaint_1738532868530.png\",\"contentUrl\":\"https:\\\/\\\/portalf1.si\\\/wp-content\\\/uploads\\\/2025\\\/02\\\/cropped-HiPaint_1738532868530.png\",\"width\":512,\"height\":512,\"caption\":\"Portal F1\"},\"image\":{\"@id\":\"https:\\\/\\\/portalf1.si\\\/#\\\/schema\\\/logo\\\/image\\\/\"},\"sameAs\":[\"https:\\\/\\\/www.facebook.com\\\/portalf1.si\\\/?locale=sl_SI\"]}]}<\/script>\n<!-- \/ Yoast SEO plugin. -->","yoast_head_json":{"title":"NOVICE - Portal F1","description":"Portal F1 je spletna platforma, ki vam prina\u0161a najnovej\u0161e novice, strokovne \u010dlanke, analize in kolumne iz sveta Formule 1. F1. Formula 1.","robots":{"index":"index","follow":"follow","max-snippet":"max-snippet:-1","max-image-preview":"max-image-preview:large","max-video-preview":"max-video-preview:-1"},"canonical":"https:\/\/portalf1.si\/index.php\/novice\/","og_locale":"sl_SI","og_type":"article","og_title":"NOVICE - Portal F1","og_description":"Portal F1 je spletna platforma, ki vam prina\u0161a najnovej\u0161e novice, strokovne \u010dlanke, analize in kolumne iz sveta Formule 1. F1. Formula 1.","og_url":"https:\/\/portalf1.si\/index.php\/novice\/","og_site_name":"Portal F1","article_publisher":"https:\/\/www.facebook.com\/portalf1.si\/?locale=sl_SI","article_modified_time":"2025-02-23T19:48:33+00:00","twitter_card":"summary_large_image","schema":{"@context":"https:\/\/schema.org","@graph":[{"@type":"WebPage","@id":"https:\/\/portalf1.si\/index.php\/novice\/","url":"https:\/\/portalf1.si\/index.php\/novice\/","name":"NOVICE - Portal F1","isPartOf":{"@id":"https:\/\/portalf1.si\/#website"},"datePublished":"2025-02-23T13:13:35+00:00","dateModified":"2025-02-23T19:48:33+00:00","description":"Portal F1 je spletna platforma, ki vam prina\u0161a najnovej\u0161e novice, strokovne \u010dlanke, analize in kolumne iz sveta Formule 1. F1. Formula 1.","breadcrumb":{"@id":"https:\/\/portalf1.si\/index.php\/novice\/#breadcrumb"},"inLanguage":"sl-SI","potentialAction":[{"@type":"ReadAction","target":["https:\/\/portalf1.si\/index.php\/novice\/"]}]},{"@type":"BreadcrumbList","@id":"https:\/\/portalf1.si\/index.php\/novice\/#breadcrumb","itemListElement":[{"@type":"ListItem","position":1,"name":"Home","item":"https:\/\/portalf1.si\/"},{"@type":"ListItem","position":2,"name":"NOVICE"}]},{"@type":"WebSite","@id":"https:\/\/portalf1.si\/#website","url":"https:\/\/portalf1.si\/","name":"Portal F1","description":"Vstopite v svet hitrosti in adrenalina","publisher":{"@id":"https:\/\/portalf1.si\/#organization"},"potentialAction":[{"@type":"SearchAction","target":{"@type":"EntryPoint","urlTemplate":"https:\/\/portalf1.si\/?s={search_term_string}"},"query-input":{"@type":"PropertyValueSpecification","valueRequired":true,"valueName":"search_term_string"}}],"inLanguage":"sl-SI"},{"@type":"Organization","@id":"https:\/\/portalf1.si\/#organization","name":"Portal F1","url":"https:\/\/portalf1.si\/","logo":{"@type":"ImageObject","inLanguage":"sl-SI","@id":"https:\/\/portalf1.si\/#\/schema\/logo\/image\/","url":"https:\/\/portalf1.si\/wp-content\/uploads\/2025\/02\/cropped-HiPaint_1738532868530.png","contentUrl":"https:\/\/portalf1.si\/wp-content\/uploads\/2025\/02\/cropped-HiPaint_1738532868530.png","width":512,"height":512,"caption":"Portal F1"},"image":{"@id":"https:\/\/portalf1.si\/#\/schema\/logo\/image\/"},"sameAs":["https:\/\/www.facebook.com\/portalf1.si\/?locale=sl_SI"]}]}},"_links":{"self":[{"href":"https:\/\/portalf1.si\/index.php\/wp-json\/wp\/v2\/pages\/3865","targetHints":{"allow":["GET"]}}],"collection":[{"href":"https:\/\/portalf1.si\/index.php\/wp-json\/wp\/v2\/pages"}],"about":[{"href":"https:\/\/portalf1.si\/index.php\/wp-json\/wp\/v2\/types\/page"}],"author":[{"embeddable":true,"href":"https:\/\/portalf1.si\/index.php\/wp-json\/wp\/v2\/users\/1"}],"replies":[{"embeddable":true,"href":"https:\/\/portalf1.si\/index.php\/wp-json\/wp\/v2\/comments?post=3865"}],"version-history":[{"count":4,"href":"https:\/\/portalf1.si\/index.php\/wp-json\/wp\/v2\/pages\/3865\/revisions"}],"predecessor-version":[{"id":3875,"href":"https:\/\/portalf1.si\/index.php\/wp-json\/wp\/v2\/pages\/3865\/revisions\/3875"}],"wp:attachment":[{"href":"https:\/\/portalf1.si\/index.php\/wp-json\/wp\/v2\/media?parent=3865"}],"curies":[{"name":"wp","href":"https:\/\/api.w.org\/{rel}","templated":true}]}}